{"id":112,"date":"2012-09-24T11:37:53","date_gmt":"2012-09-24T09:37:53","guid":{"rendered":"https:\/\/www.parthages.be\/wordpress\/produit\/comprendre-et-accompagner-la-personne-autiste\/"},"modified":"2022-06-03T09:33:59","modified_gmt":"2022-06-03T07:33:59","slug":"comprendre-et-accompagner-la-personne-autiste","status":"publish","type":"product","link":"https:\/\/www.parthages.be\/eboutique\/produit\/comprendre-et-accompagner-la-personne-autiste\/","title":{"rendered":"Comprendre et accompagner la personne autiste"},"content":{"rendered":"<p>\u00c9ducatrice et psychologue, l\u2019auteur est elle-m\u00eame autiste. C\u2019est pourquoi ce livre est tout \u00e0 fait exceptionnel. Il apporte \u00e0 la fois une contribution de grande valeur \u00e0 la compr\u00e9hension des d\u00e9sordres du spectre autistique et offre des cl\u00e9s pour une intervention efficace aupr\u00e8s des personnes autistes et Asperger. Il consacre une large part \u00e0 la r\u00e9flexion sur les relations entre probl\u00e8mes comportementaux et anxi\u00e9t\u00e9, ainsi qu\u2019aux id\u00e9es et recommandations de bon sens propos\u00e9es pour g\u00e9rer les probl\u00e8mes. \u00ab Wendy s\u2019y entend \u00e0 merveille pour b\u00e2tir des ponts entre le monde conventionnel et celui de la personne avec autisme, et nombreux seront ceux qui, des deux c\u00f4t\u00e9s, seront aid\u00e9s par son livre. \u00bb Professeur Margot Prior<\/p>\n<ul>\n<li>Concepts cl\u00e9s et revue des diff\u00e9rents aspects de l\u2019autisme<\/li>\n<li>Probl\u00e8mes li\u00e9s au stress, \u00e0 l\u2019anxi\u00e9t\u00e9, aux comportements obsessionnels<\/li>\n<li>Probl\u00e8mes affectant la compr\u00e9hension et la communication sociale ou les relations au sein de la famille<\/li>\n<li>Strat\u00e9gies pour une communication plus adapt\u00e9e et pour g\u00e9rer les comportements difficiles<\/li>\n<li>Crit\u00e8res d\u2019\u00e9valuation de l\u2019autisme<\/li>\n<\/ul>\n<p>(Pr\u00e9sentation de l\u2019\u00e9diteur)<\/p>\n<p>LAWSON W.<\/p>\n<p>Dunod<\/p>\n<p>2015-304p.<\/p>\n<p>470gr<\/p>\n<p>ISBN\u00a0: 978-2-10-072162-7<\/p>\n<p>Cote doc: 1-70-LAW-C<\/p>\n<span class=\"et_bloom_bottom_trigger\"><\/span>","protected":false},"excerpt":{"rendered":"<p>\u00c9ducatrice et psychologue, l\u2019auteur est elle-m\u00eame autiste. C\u2019est pourquoi ce livre est tout \u00e0 fait exceptionnel. Il apporte \u00e0 la fois une contribution de grande valeur \u00e0 la compr\u00e9hension des d\u00e9sordres du spectre autistique et offre des cl\u00e9s pour une intervention efficace aupr\u00e8s des personnes autistes et Asperger<\/p>\n","protected":false},"featured_media":2667,"comment_status":"open","ping_status":"closed","template":"","meta":{"_et_pb_use_builder":"","_et_pb_old_content":"","_et_gb_content_width":"","spay_email":""},"class_list":["post-112","product","type-product","status-publish","has-post-thumbnail","hentry","product_cat-livres","product_tag-accompagnement","product_tag-anxiete","product_tag-autisme","product_tag-communication","product_tag-personne-handicapee","product_tag-relation-familiale","product_tag-strategie","product_tag-syndrome-dasperger","product_tag-temoignage"],"jetpack_sharing_enabled":true,"jetpack_likes_enabled":true,"_links":{"self":[{"href":"https:\/\/www.parthages.be\/eboutique\/wp-json\/wp\/v2\/product\/112","targetHints":{"allow":["GET"]}}],"collection":[{"href":"https:\/\/www.parthages.be\/eboutique\/wp-json\/wp\/v2\/product"}],"about":[{"href":"https:\/\/www.parthages.be\/eboutique\/wp-json\/wp\/v2\/types\/product"}],"replies":[{"embeddable":true,"href":"https:\/\/www.parthages.be\/eboutique\/wp-json\/wp\/v2\/comments?post=112"}],"wp:featuredmedia":[{"embeddable":true,"href":"https:\/\/www.parthages.be\/eboutique\/wp-json\/wp\/v2\/media\/2667"}],"wp:attachment":[{"href":"https:\/\/www.parthages.be\/eboutique\/wp-json\/wp\/v2\/media?parent=112"}],"curies":[{"name":"wp","href":"https:\/\/api.w.org\/{rel}","templated":true}]}}