{"id":1153,"date":"2021-03-24T09:29:21","date_gmt":"2021-03-24T08:29:21","guid":{"rendered":"https:\/\/www.parthages.be\/eboutique\/?post_type=product&#038;p=1153"},"modified":"2022-03-23T17:22:01","modified_gmt":"2022-03-23T16:22:01","slug":"laccueil-des-enfants-handicapes-roles-et-competences-des-collectivites","status":"publish","type":"product","link":"https:\/\/www.parthages.be\/eboutique\/produit\/laccueil-des-enfants-handicapes-roles-et-competences-des-collectivites\/","title":{"rendered":"L\u2019accueil des enfants handicap\u00e9s. R\u00f4les et comp\u00e9tences des collectivit\u00e9s"},"content":{"rendered":"<p>Ce livre propose un tour d&rsquo;horizon du r\u00f4le et des responsabilit\u00e9s des collectivit\u00e9s dans l&rsquo;accueil des enfants en situation de handicap. Le sujet, tr\u00e8s transversal, recouvre \u00e0 la fois les obligations l\u00e9gales et les politiques beaucoup plus ambitieuses qu&rsquo;il faut diffuser.<\/p>\n<p>L&rsquo;accueil des enfants en situation de handicap n\u00e9cessite un travail de tous les services d&rsquo;une collectivit\u00e9 locale, qui doit organiser coordination et mutualisation des \u00e9nergies, des budgets et des exp\u00e9riences. L&rsquo;objectif est donc d&rsquo;expliquer le parcours des personnes handicap\u00e9es, de la petite enfance \u00e0 l&rsquo;\u00e2ge adulte, et de d\u00e9tailler les diff\u00e9rents modes d&rsquo;accompagnement dans les diff\u00e9rentes structures d&rsquo;une ville, la probl\u00e9matique principale \u00e9tant d&rsquo;\u00e9viter les ruptures dans ce parcours. Apr\u00e8s une pr\u00e9sentation de la diversit\u00e9 des handicaps, sont d\u00e9velopp\u00e9es les missions des organismes comp\u00e9tents en mati\u00e8re de handicap. De bonnes pratiques y sont d\u00e9taill\u00e9es, qui montrent tout ce qui est possible, souhaitable et porteur. Cet ouvrage regroupe ainsi en un seul lieu toutes les informations r\u00e9pondant aux besoins des techniciens, \u00e9lus et associations voulant traiter \u00e0 sa juste hauteur la question du handicap sur un territoire. (Pr\u00e9sentation de l&rsquo;\u00e9diteur)<\/p>\n<p>FERRAILLE J-F.<\/p>\n<p>Territorial \u00e9ditions<\/p>\n<p>2019-182P.-60\u20ac<\/p>\n<p>420GR<\/p>\n<p>ISBN\u00a0: 978-2-8186-1500-3<\/p>\n<p>COTE DOC\u00a0: 4-30-FER-A<\/p>\n<span class=\"et_bloom_bottom_trigger\"><\/span>","protected":false},"excerpt":{"rendered":"<p>Un tour d&rsquo;horizon du r\u00f4le et des responsabilit\u00e9s des collectivit\u00e9s dans l&rsquo;accueil des enfants en situation de handicap.<\/p>\n","protected":false},"featured_media":1154,"comment_status":"open","ping_status":"closed","template":"","meta":{"_et_pb_use_builder":"","_et_pb_old_content":"","_et_gb_content_width":"","spay_email":""},"class_list":["post-1153","product","type-product","status-publish","has-post-thumbnail","hentry","product_cat-livres","product_tag-acceuil-de-lenfant","product_tag-accompagnement","product_tag-culture","product_tag-depistage-precoce","product_tag-enfant","product_tag-inclusion","product_tag-integration","product_tag-personne-handicapee","product_tag-sport-adapte"],"jetpack_sharing_enabled":true,"jetpack_likes_enabled":true,"_links":{"self":[{"href":"https:\/\/www.parthages.be\/eboutique\/wp-json\/wp\/v2\/product\/1153","targetHints":{"allow":["GET"]}}],"collection":[{"href":"https:\/\/www.parthages.be\/eboutique\/wp-json\/wp\/v2\/product"}],"about":[{"href":"https:\/\/www.parthages.be\/eboutique\/wp-json\/wp\/v2\/types\/product"}],"replies":[{"embeddable":true,"href":"https:\/\/www.parthages.be\/eboutique\/wp-json\/wp\/v2\/comments?post=1153"}],"wp:featuredmedia":[{"embeddable":true,"href":"https:\/\/www.parthages.be\/eboutique\/wp-json\/wp\/v2\/media\/1154"}],"wp:attachment":[{"href":"https:\/\/www.parthages.be\/eboutique\/wp-json\/wp\/v2\/media?parent=1153"}],"curies":[{"name":"wp","href":"https:\/\/api.w.org\/{rel}","templated":true}]}}