{"id":1164,"date":"2021-06-09T19:43:12","date_gmt":"2021-06-09T17:43:12","guid":{"rendered":"https:\/\/www.parthages.be\/eboutique\/?post_type=product&#038;p=1164"},"modified":"2024-09-24T12:43:29","modified_gmt":"2024-09-24T10:43:29","slug":"snoezelen-un-monde-de-sens-2","status":"publish","type":"product","link":"https:\/\/www.parthages.be\/eboutique\/produit\/snoezelen-un-monde-de-sens-2\/","title":{"rendered":"Snoezelen \u00ab un monde de sens \u00bb"},"content":{"rendered":"<p><strong>2\u00e8me \u00e9dition augment\u00e9e<\/strong><\/p>\n<p>Philosophie, d\u00e9marche, concept&#8230; L&rsquo;approche Snoezelen a vu le jour aux Pays-Bas dans les ann\u00e9es 1970 aupr\u00e8s des personnes handicap\u00e9es. Elle s&rsquo;est d\u00e9velopp\u00e9e en France dans les \u00e9tablissements accueillant des publics fragilis\u00e9s : Handicap, autisme, psychiatrie, personnes \u00e2g\u00e9es. Elle s&rsquo;ouvre \u00e9galement vers la petite enfance et se d\u00e9veloppe dans le cadre hospitalier ainsi que dans les accompagnements itin\u00e9rants ou \u00e0 domicile.<\/p>\n<h3>Une approche non m\u00e9dicamenteuse<\/h3>\n<p>Cette approche constitue une m\u00e9diation int\u00e9ressante pour les professionnels souhaitant d\u00e9velopper un accompagnement bas\u00e9 sur les approches non m\u00e9dicamenteuses. Snoezelen favorise des exp\u00e9riences sensorielles dans un cadre relationnel s\u00e9curisant, apportant d\u00e9tente et bien-\u00eatre. Cet outil permet une relation humanisante, centr\u00e9e sur la notion de \u00ab prendre soin \u00bb, et int\u00e9resse donc particuli\u00e8rement les professionnels des secteurs m\u00e9dico-social et sanitaire.<\/p>\n<h3>Un ouvrage revu et enrichi<\/h3>\n<p>Ce nouvel ouvrage, revu et augment\u00e9, approfondit les aspects th\u00e9oriques, cliniques et pratiques du Snoezelen. Vous y trouverez \u00e9galement des principes d&rsquo;am\u00e9nagement d&rsquo;une salle multi-sensorielle et une description des mat\u00e9riels utilis\u00e9s. Illustr\u00e9 par de nombreuses photos en couleur, ce livre vous fera voyager au c\u0153ur d&rsquo;espaces am\u00e9nag\u00e9s.<\/p>\n<p>Les auteurs, intervenants et formateurs dans le secteur m\u00e9dico-social, proposent des \u00e9l\u00e9ments th\u00e9oriques, des supports pratiques, des outils d&rsquo;\u00e9valuation et des exemples de projets. Des t\u00e9moignages de professionnels issus d&rsquo;univers vari\u00e9s (enfants, adultes polyhandicap\u00e9s, personnes \u00e2g\u00e9es, soins palliatifs, etc.) enrichissent \u00e9galement l&rsquo;ouvrage.<\/p>\n<p><em>Pr\u00e9sentation de l&rsquo;\u00e9diteur<\/em><\/p>\n<hr \/>\n<ul>\n<li><strong>Auteurs :<\/strong> QUENTIN O., GODDERIDGE B., d\u2019ARFEUILLE P.<\/li>\n<li><strong>\u00c9diteur :<\/strong> P\u00e9trarque, 2023<\/li>\n<li><strong>ISBN :<\/strong> 978-291173068-9<\/li>\n<li><strong>Cote documentaire :<\/strong> 10-20-QUE S\/2<\/li>\n<li><strong>Poids :<\/strong> 320 g<\/li>\n<li><strong>Pages :<\/strong> 210 pages<\/li>\n<\/ul>\n<span class=\"et_bloom_bottom_trigger\"><\/span>","protected":false},"excerpt":{"rendered":"<p><strong>2\u00e8me \u00e9dition augment\u00e9e. <\/strong>Philosophie, d\u00e9marche, concept&#8230; L&rsquo;approche Snoezelen a vu le jour aux Pays-Bas dans les ann\u00e9es 1970 aupr\u00e8s des personnes handicap\u00e9es.<\/p>\n","protected":false},"featured_media":1165,"comment_status":"open","ping_status":"closed","template":"","meta":{"_et_pb_use_builder":"","_et_pb_old_content":"","_et_gb_content_width":"","spay_email":""},"class_list":["post-1164","product","type-product","status-publish","has-post-thumbnail","hentry","product_cat-livres","product_tag-adulte","product_tag-alzheimer","product_tag-approche-sensorielle","product_tag-autisme","product_tag-enfant","product_tag-evaluation","product_tag-outil","product_tag-outil-devaluation","product_tag-personne-handicapee","product_tag-philosophie","product_tag-polyhandicap","product_tag-relation-soi-gnant-soigne","product_tag-snoezelen","product_tag-stimulant","product_tag-stimulation-sensorielle","product_tag-temoignage","product_tag-trouble-du-developpement"],"jetpack_sharing_enabled":true,"jetpack_likes_enabled":true,"_links":{"self":[{"href":"https:\/\/www.parthages.be\/eboutique\/wp-json\/wp\/v2\/product\/1164","targetHints":{"allow":["GET"]}}],"collection":[{"href":"https:\/\/www.parthages.be\/eboutique\/wp-json\/wp\/v2\/product"}],"about":[{"href":"https:\/\/www.parthages.be\/eboutique\/wp-json\/wp\/v2\/types\/product"}],"replies":[{"embeddable":true,"href":"https:\/\/www.parthages.be\/eboutique\/wp-json\/wp\/v2\/comments?post=1164"}],"wp:featuredmedia":[{"embeddable":true,"href":"https:\/\/www.parthages.be\/eboutique\/wp-json\/wp\/v2\/media\/1165"}],"wp:attachment":[{"href":"https:\/\/www.parthages.be\/eboutique\/wp-json\/wp\/v2\/media?parent=1164"}],"curies":[{"name":"wp","href":"https:\/\/api.w.org\/{rel}","templated":true}]}}