{"id":1217,"date":"2021-06-24T07:29:10","date_gmt":"2021-06-24T05:29:10","guid":{"rendered":"https:\/\/www.parthages.be\/eboutique\/?post_type=product&#038;p=1217"},"modified":"2022-03-23T17:27:21","modified_gmt":"2022-03-23T16:27:21","slug":"lecole-de-demain-2","status":"publish","type":"product","link":"https:\/\/www.parthages.be\/eboutique\/produit\/lecole-de-demain-2\/","title":{"rendered":"L\u2019\u00e9cole de demain"},"content":{"rendered":"<p>Comment accueillir dans une classe \u00ab\u00a0ordinaire\u00a0\u00bbun enfant porteur de handicap\u00a0? Quelles solutions concr\u00e8tes adopter\u00a0? Comment appr\u00e9hender les diff\u00e9rentes formes de handicap dans une pratique p\u00e9dagogique quotidienne\u00a0? Ce guide, qui s\u2019adresse tant aux parents qu\u2019aux professeurs des \u00e9coles r\u00e9pond \u00e0 ces questions l\u00e9gitimes et propose des pistes d\u00e9j\u00e0 \u00e9prouv\u00e9s sur le terrain. Il est un outil p\u00e9dagogique indispensable pour tous les enseignants primaires qui souhaitent pr\u00e9parer activement l\u2019\u00e9cole de demain (Pr\u00e9sentation de l&rsquo;\u00e9diteur)<\/p>\n<p>VABRUGGHE A.<\/p>\n<p>Rue des \u00e9coles<\/p>\n<p>2020-49p-9.90\u20ac<\/p>\n<p>172gr<\/p>\n<p>ISBN\u00a0: 9782820810489<\/p>\n<p>Cote doc\u00a0: 10-10-VAN-E<\/p>\n<span class=\"et_bloom_bottom_trigger\"><\/span>","protected":false},"excerpt":{"rendered":"<p>Comment accueillir dans une classe \u00ab\u00a0ordinaire\u00a0\u00bbun enfant porteur de handicap\u00a0? Quelles solutions concr\u00e8tes adopter\u00a0? Comment appr\u00e9hender les diff\u00e9rentes formes de handicap dans une pratique p\u00e9dagogique quotidienne\u00a0? Ce guide, qui s\u2019adresse tant aux parents qu\u2019aux professeurs des \u00e9coles r\u00e9pond \u00e0 ces questions l\u00e9gitimes et propose des pistes d\u00e9j\u00e0 \u00e9prouv\u00e9s sur le terrain. Il est un outil [&hellip;]<\/p>\n","protected":false},"featured_media":1157,"comment_status":"open","ping_status":"closed","template":"","meta":{"_et_pb_use_builder":"","_et_pb_old_content":"","_et_gb_content_width":"","spay_email":""},"class_list":["post-1217","product","type-product","status-publish","has-post-thumbnail","hentry","product_cat-livres","product_tag-education","product_tag-enant-handicape","product_tag-inclusion","product_tag-outil-pedagogique","product_tag-prise-en-charge"],"jetpack_sharing_enabled":true,"jetpack_likes_enabled":true,"_links":{"self":[{"href":"https:\/\/www.parthages.be\/eboutique\/wp-json\/wp\/v2\/product\/1217","targetHints":{"allow":["GET"]}}],"collection":[{"href":"https:\/\/www.parthages.be\/eboutique\/wp-json\/wp\/v2\/product"}],"about":[{"href":"https:\/\/www.parthages.be\/eboutique\/wp-json\/wp\/v2\/types\/product"}],"replies":[{"embeddable":true,"href":"https:\/\/www.parthages.be\/eboutique\/wp-json\/wp\/v2\/comments?post=1217"}],"wp:featuredmedia":[{"embeddable":true,"href":"https:\/\/www.parthages.be\/eboutique\/wp-json\/wp\/v2\/media\/1157"}],"wp:attachment":[{"href":"https:\/\/www.parthages.be\/eboutique\/wp-json\/wp\/v2\/media?parent=1217"}],"curies":[{"name":"wp","href":"https:\/\/api.w.org\/{rel}","templated":true}]}}