{"id":1218,"date":"2021-06-24T07:31:51","date_gmt":"2021-06-24T05:31:51","guid":{"rendered":"https:\/\/www.parthages.be\/eboutique\/?post_type=product&#038;p=1218"},"modified":"2021-06-24T07:31:52","modified_gmt":"2021-06-24T05:31:52","slug":"les-pratiques-de-laccompagnement-pour-personnes-handicapees-en-question","status":"publish","type":"product","link":"https:\/\/www.parthages.be\/eboutique\/produit\/les-pratiques-de-laccompagnement-pour-personnes-handicapees-en-question\/","title":{"rendered":"Les pratiques de l&rsquo;accompagnement pour  personnes handicap\u00e9es en question"},"content":{"rendered":"<p><strong>Les pratiques de l&rsquo;accompagnement pour\u00a0 personnes handicap\u00e9es en question : vers un nouveau mod\u00e8le d&rsquo;action publique? Etude des pratiques d&rsquo;accompagnement des personnes handicap\u00e9es en r\u00e9gion wallonne<\/strong><\/p>\n<p><strong>\u00a0<\/strong>Malgr\u00e9 une philosophie commune, la pratique d\u2019accompagnement\u00a0 est encore en\u00a0 construction. De nouvelles tendances \u00e9mergent. Un mouvement de formalisation se fait jour dans certains services. Leurs praticiens cherchent de nouveaux rep\u00e8res et de nouvelles r\u00e9ponses face \u00e0 une \u00e9volution de la probl\u00e9matique du handicap. Les profils changent, les demandes \u00e9voluent, les situations se complexifient. Ces changements au niveau de la population handicap\u00e9e vont entra\u00eener des \u00e9volutions dans la pratique d&rsquo;accompagnement.\u00a0 \u00a0(Pr\u00e9sentation de l&rsquo;\u00e9diteur)<\/p>\n<p>VRANCKEN D.- BARTHOLOME C.- RENOUPREZ C.<\/p>\n<p>Universit\u00e9 de Li\u00e8ge<\/p>\n<p>2001-102p<\/p>\n<p>Cote doc\u00a0:\u00a010-10-VRA-P<\/p>\n<p>Uniquement \u00e0 la location<\/p>\n<span class=\"et_bloom_bottom_trigger\"><\/span>","protected":false},"excerpt":{"rendered":"<p>Les pratiques de l&rsquo;accompagnement pour\u00a0 personnes handicap\u00e9es en question : vers un nouveau mod\u00e8le d&rsquo;action publique? Etude des pratiques d&rsquo;accompagnement des personnes handicap\u00e9es en r\u00e9gion wallonne \u00a0Malgr\u00e9 une philosophie commune, la pratique d\u2019accompagnement\u00a0 est encore en\u00a0 construction. De nouvelles tendances \u00e9mergent. Un mouvement de formalisation se fait jour dans certains services. Leurs praticiens cherchent de [&hellip;]<\/p>\n","protected":false},"featured_media":0,"comment_status":"open","ping_status":"closed","template":"","meta":{"_et_pb_use_builder":"","_et_pb_old_content":"","_et_gb_content_width":"","spay_email":""},"class_list":["post-1218","product","type-product","status-publish","hentry","product_cat-livres","product_tag-belgique","product_tag-methodologie","product_tag-personne-handicapee","product_tag-politique-sociale","product_tag-pratique","product_tag-re-cherche","product_tag-service-daccompagnement"],"jetpack_sharing_enabled":true,"jetpack_likes_enabled":true,"_links":{"self":[{"href":"https:\/\/www.parthages.be\/eboutique\/wp-json\/wp\/v2\/product\/1218","targetHints":{"allow":["GET"]}}],"collection":[{"href":"https:\/\/www.parthages.be\/eboutique\/wp-json\/wp\/v2\/product"}],"about":[{"href":"https:\/\/www.parthages.be\/eboutique\/wp-json\/wp\/v2\/types\/product"}],"replies":[{"embeddable":true,"href":"https:\/\/www.parthages.be\/eboutique\/wp-json\/wp\/v2\/comments?post=1218"}],"wp:attachment":[{"href":"https:\/\/www.parthages.be\/eboutique\/wp-json\/wp\/v2\/media?parent=1218"}],"curies":[{"name":"wp","href":"https:\/\/api.w.org\/{rel}","templated":true}]}}