{"id":1242,"date":"2021-06-24T07:56:12","date_gmt":"2021-06-24T05:56:12","guid":{"rendered":"https:\/\/www.parthages.be\/eboutique\/?post_type=product&#038;p=1242"},"modified":"2021-06-24T07:56:13","modified_gmt":"2021-06-24T05:56:13","slug":"guide-dimplantation-du-plan-de-service-individualise-g-i-p-s-i","status":"publish","type":"product","link":"https:\/\/www.parthages.be\/eboutique\/produit\/guide-dimplantation-du-plan-de-service-individualise-g-i-p-s-i\/","title":{"rendered":"Guide d&rsquo;implantation du plan de service individualis\u00e9 (G.I.P.S.I.)"},"content":{"rendered":"<p>Extrait de l&rsquo;introduction du document : \u00ab\u00a0&#8230;certains services peuvent \u00eatre distribu\u00e9s selon un Plan. C&rsquo;est dire que nous mettons \u00e0 profit notre connaissance du d\u00e9veloppement psychog\u00e9n\u00e9tique et que nous entendons adopter une d\u00e9marche r\u00e9solument dynamique et prospective. Cela signifie aussi que nous constituons un document de r\u00e9f\u00e9rence \u00e0 partir duquel nous pourrons mesurer tant les progr\u00e8s du sujet que les efforts que les efforts que nous aurons d\u00e9ploy\u00e9s. Ce plan vise les services, c&rsquo;est-\u00e0-dire qu&rsquo;il s&rsquo;imposera ses propres limites et \u00e9vitera tout caract\u00e8re totalitaire. Il ne pr\u00e9tendra pas r\u00e9gler la vie de la personne handicap\u00e9e&#8230;C&rsquo;est \u00e9galement affirmer que le plan devra faire choix d&rsquo;objectifs pertinents \u00e0 la condition du sujet. Enfin notre approche est individualis\u00e9e, respectant en cela le rythme et les difficult\u00e9s propres du sujet.\u00a0\u00bb (Pr\u00e9sentation de l&rsquo;\u00e9diteur)<\/p>\n<p>MICHEL T.- MC DONOUGH C.- PORTELANCE J.-P.- RODRIGUEZ J.<\/p>\n<p>Centre d&rsquo;accueil Jean-Olivier Ch\u00e9nier<\/p>\n<p>1985-459p<\/p>\n<p><strong><em>Dossier<\/em><\/strong><\/p>\n<p>Uniquement \u00e0 la location<br \/>\nCote doc\u00a010-10-MIC-G<\/p>\n<span class=\"et_bloom_bottom_trigger\"><\/span>","protected":false},"excerpt":{"rendered":"<p>Extrait de l&rsquo;introduction du document : \u00ab\u00a0&#8230;certains services peuvent \u00eatre distribu\u00e9s selon un Plan. C&rsquo;est dire que nous mettons \u00e0 profit notre connaissance du d\u00e9veloppement psychog\u00e9n\u00e9tique et que nous entendons adopter une d\u00e9marche r\u00e9solument dynamique et prospective. Cela signifie aussi que nous constituons un document de r\u00e9f\u00e9rence \u00e0 partir duquel nous pourrons mesurer tant les [&hellip;]<\/p>\n","protected":false},"featured_media":0,"comment_status":"open","ping_status":"closed","template":"","meta":{"_et_pb_use_builder":"","_et_pb_old_content":"","_et_gb_content_width":"","spay_email":""},"class_list":["post-1242","product","type-product","status-publish","hentry","product_cat-livres","product_tag-accompagnement","product_tag-besoin","product_tag-developpement","product_tag-evaluation","product_tag-intervenant","product_tag-methodologie","product_tag-personne-handicapee"],"jetpack_sharing_enabled":true,"jetpack_likes_enabled":true,"_links":{"self":[{"href":"https:\/\/www.parthages.be\/eboutique\/wp-json\/wp\/v2\/product\/1242","targetHints":{"allow":["GET"]}}],"collection":[{"href":"https:\/\/www.parthages.be\/eboutique\/wp-json\/wp\/v2\/product"}],"about":[{"href":"https:\/\/www.parthages.be\/eboutique\/wp-json\/wp\/v2\/types\/product"}],"replies":[{"embeddable":true,"href":"https:\/\/www.parthages.be\/eboutique\/wp-json\/wp\/v2\/comments?post=1242"}],"wp:attachment":[{"href":"https:\/\/www.parthages.be\/eboutique\/wp-json\/wp\/v2\/media?parent=1242"}],"curies":[{"name":"wp","href":"https:\/\/api.w.org\/{rel}","templated":true}]}}