{"id":1252,"date":"2021-06-24T08:08:52","date_gmt":"2021-06-24T06:08:52","guid":{"rendered":"https:\/\/www.parthages.be\/eboutique\/?post_type=product&#038;p=1252"},"modified":"2021-06-24T08:08:53","modified_gmt":"2021-06-24T06:08:53","slug":"pratique-de-lintervention-individualisee","status":"publish","type":"product","link":"https:\/\/www.parthages.be\/eboutique\/produit\/pratique-de-lintervention-individualisee\/","title":{"rendered":"Pratique de l&rsquo;intervention individualis\u00e9e"},"content":{"rendered":"<p>Chaque personne est un \u00eatre unique qui doit faire l&rsquo;objet d&rsquo;une approche individualis\u00e9e. Beau principe..dont l&rsquo;application se heurte \u00e0 des difficult\u00e9s nombreuses, dues en partie, \u00e0 une formation insuffisante des \u00e9quipes \u00e9ducatives. Pratique de l&rsquo;intervention individualis\u00e9e voudrait combler cette lacune. L&rsquo;ouvrage aborde en d\u00e9tail la m\u00e9thodologie de l&rsquo;individualisation: comment mettre au point, appliquer et \u00e9valuer un Programme Educatif Individualis\u00e9, dans un souci de d\u00e9veloppement optimal de la personne. Cet ouvrage est un outil de formation destin\u00e9 aux intervenants soucieux de mettre en place une p\u00e9dagogie de la r\u00e9ussite, centr\u00e9e sur les besoins sp\u00e9cifiques des personnes en situation de handicap ou d&rsquo;inadaptation.\u00a0\u00a0 (Pr\u00e9sentation de l&rsquo;\u00e9diteur)<\/p>\n<p>MONTREUIL N.- MAGEROTTE G.<\/p>\n<p>Editions De Boeck Universit\u00e9<\/p>\n<p>1999-237p-41\u20ac<\/p>\n<p>382gr<\/p>\n<p>ISBN\u00a0: 2-8041-1799-5<\/p>\n<p>Cote doc\u00a0: 10-10-MON-P<\/p>\n<span class=\"et_bloom_bottom_trigger\"><\/span>","protected":false},"excerpt":{"rendered":"<p>Chaque personne est un \u00eatre unique qui doit faire l&rsquo;objet d&rsquo;une approche individualis\u00e9e. Beau principe..dont l&rsquo;application se heurte \u00e0 des difficult\u00e9s nombreuses, dues en partie, \u00e0 une formation insuffisante des \u00e9quipes \u00e9ducatives. Pratique de l&rsquo;intervention individualis\u00e9e voudrait combler cette lacune. L&rsquo;ouvrage aborde en d\u00e9tail la m\u00e9thodologie de l&rsquo;individualisation: comment mettre au point, appliquer et \u00e9valuer [&hellip;]<\/p>\n","protected":false},"featured_media":1253,"comment_status":"open","ping_status":"closed","template":"","meta":{"_et_pb_use_builder":"","_et_pb_old_content":"","_et_gb_content_width":"","spay_email":""},"class_list":["post-1252","product","type-product","status-publish","has-post-thumbnail","hentry","product_cat-livres","product_tag-apprentissage","product_tag-deficience-intellectuelle","product_tag-equipe-de-travail","product_tag-exclusion","product_tag-experience","product_tag-formation","product_tag-methodologie","product_tag-outil-pedagogique","product_tag-pedagogie-differenciee","product_tag-personne-handicapee","product_tag-plan-dinterventions-individualisees","product_tag-pratique-dintervention","product_tag-psychologie","product_tag-valorisation","product_tag-valorisation-des-roles-sociaux"],"jetpack_sharing_enabled":true,"jetpack_likes_enabled":true,"_links":{"self":[{"href":"https:\/\/www.parthages.be\/eboutique\/wp-json\/wp\/v2\/product\/1252","targetHints":{"allow":["GET"]}}],"collection":[{"href":"https:\/\/www.parthages.be\/eboutique\/wp-json\/wp\/v2\/product"}],"about":[{"href":"https:\/\/www.parthages.be\/eboutique\/wp-json\/wp\/v2\/types\/product"}],"replies":[{"embeddable":true,"href":"https:\/\/www.parthages.be\/eboutique\/wp-json\/wp\/v2\/comments?post=1252"}],"wp:featuredmedia":[{"embeddable":true,"href":"https:\/\/www.parthages.be\/eboutique\/wp-json\/wp\/v2\/media\/1253"}],"wp:attachment":[{"href":"https:\/\/www.parthages.be\/eboutique\/wp-json\/wp\/v2\/media?parent=1252"}],"curies":[{"name":"wp","href":"https:\/\/api.w.org\/{rel}","templated":true}]}}