{"id":1310,"date":"2021-06-30T08:37:00","date_gmt":"2021-06-30T06:37:00","guid":{"rendered":"https:\/\/www.parthages.be\/eboutique\/?post_type=product&#038;p=1310"},"modified":"2021-06-30T08:37:01","modified_gmt":"2021-06-30T06:37:01","slug":"professionnels-aupres-des-personnes-handicapees","status":"publish","type":"product","link":"https:\/\/www.parthages.be\/eboutique\/produit\/professionnels-aupres-des-personnes-handicapees\/","title":{"rendered":"Professionnels aupr\u00e8s des personnes handicap\u00e9es"},"content":{"rendered":"<p>En d\u00e9pit de la diversit\u00e9 de leurs savoirs et de leurs pratiques, au-del\u00e0 des n\u00e9cessaires sp\u00e9cialisations professionnelles qui en r\u00e9sultent, m\u00e9decins, psychanalystes, psychologues, orthophonistes, \u00e9ducateurs, r\u00e9\u00e9ducateurs et autres intervenants aupr\u00e8s des personnes handicap\u00e9es se trouvent r\u00e9unis par la vuln\u00e9rabilit\u00e9 des enfants, des adolescents, des adultes et de leurs proches qu\u2019ils accompagnent ; par un m\u00eame r\u00f4le de secours, une m\u00eame exigence de comp\u00e9tence et de qualit\u00e9 de pr\u00e9sence.<\/p>\n<p>Confront\u00e9s \u00e0 ce qui repr\u00e9sente souvent une acm\u00e9 de la souffrance absurde, les professionnels ne peuvent rester sur le bord : ils sont toujours sur la br\u00e8che, au c\u0153ur du combat \u00e9ternel que se livrent sens et non sens, puissances de vie et forces de mort. De sorte qu\u2019ils n\u2019ont jamais fini d\u2019entendre, de comprendre, et d\u2019esp\u00e9rer r\u00e9parer le d\u00e9sarroi de leurs semblables.<\/p>\n<p>Or, la plupart du temps, on ne les rencontre que dans le cadre institutionnel et dans la perspective de demandes pr\u00e9cises de diagnostic, de soin, de programmes \u00e9ducatifs ou r\u00e9\u00e9ducatifs ; dans des lieux et des moments o\u00f9 l\u2019habit et le r\u00f4le professionnels font \u00e9cran \u00e0 la connaissance interpersonnelle. Aussi Charles Gardou les a-t-il invit\u00e9s, dans cet ouvrage, \u00e0 s\u2019exprimer moins en tant que sp\u00e9cialistes et membres d\u2019une institution que comme personnes.<\/p>\n<p>Comment parviennent-ils \u00e0 affronter l\u2019\u00e9preuve fondamentale de l\u2019autre : celle d\u2019un enfant \u00e0 l\u2019aube de la vie, l\u2019angoisse de ses parents, la d\u00e9tresse de sa fratrie ? Comment g\u00e8rent-ils la g\u00eane et la p\u00e9nibilit\u00e9 inh\u00e9rentes \u00e0 la rencontre quotidienne de personnes \u00e9loign\u00e9es des normes habituelles ? Leur savoir professionnel ne contribue-t-il pas \u00e0 les \u00e9loigner du sujet handicap\u00e9 et de son entourage ? Ne tendent-ils pas \u00e0 survaloriser les objectifs techniques au d\u00e9triment d\u2019une approche globale de la personne? Comment peuvent-ils continuer \u00e0 soigner, \u00e9duquer, r\u00e9\u00e9duquer, quand bien m\u00eame ils ont le sentiment d\u2019\u00eatre inop\u00e9rants ? Autant de questions auxquelles ont accept\u00e9 de r\u00e9pondre ceux qui exercent ces m\u00e9tiers impossibles de r\u00e9parateurs et d\u2019accompagnateurs d\u2019homme, quotidiennement appel\u00e9s \u00e0 concilier obligation de science et devoir d\u2019humanit\u00e9. (Pr\u00e9sentation de l&rsquo;\u00e9diteur)<\/p>\n<p>GARDOU C.<\/p>\n<p>Editions Er\u00e8s<\/p>\n<p>2010-199p-23\u20ac<\/p>\n<p>345gr<\/p>\n<p>ISBN\u00a0: 978-2-7492-1169-5<\/p>\n<p>Cote doc\u00a0: 10-10-GAR-P<\/p>\n<span class=\"et_bloom_bottom_trigger\"><\/span>","protected":false},"excerpt":{"rendered":"<p>En d\u00e9pit de la diversit\u00e9 de leurs savoirs et de leurs pratiques, au-del\u00e0 des n\u00e9cessaires sp\u00e9cialisations professionnelles qui en r\u00e9sultent, m\u00e9decins, psychanalystes, psychologues, orthophonistes, \u00e9ducateurs, r\u00e9\u00e9ducateurs et autres intervenants aupr\u00e8s des personnes handicap\u00e9es se trouvent r\u00e9unis par la vuln\u00e9rabilit\u00e9 des enfants, des adolescents, des adultes et de leurs proches qu\u2019ils accompagnent ; par un m\u00eame r\u00f4le de secours, une m\u00eame exigence de comp\u00e9tence et de qualit\u00e9 de pr\u00e9sence.<\/p>\n","protected":false},"featured_media":1311,"comment_status":"open","ping_status":"closed","template":"","meta":{"_et_pb_use_builder":"","_et_pb_old_content":"","_et_gb_content_width":"","spay_email":""},"class_list":["post-1310","product","type-product","status-publish","has-post-thumbnail","hentry","product_cat-livres","product_tag-communication","product_tag-formation-du-personnel","product_tag-humanisme","product_tag-intervenant","product_tag-personne-handicapee","product_tag-relation-soignant-soigne","product_tag-structure","product_tag-vecu"],"jetpack_sharing_enabled":true,"jetpack_likes_enabled":true,"_links":{"self":[{"href":"https:\/\/www.parthages.be\/eboutique\/wp-json\/wp\/v2\/product\/1310","targetHints":{"allow":["GET"]}}],"collection":[{"href":"https:\/\/www.parthages.be\/eboutique\/wp-json\/wp\/v2\/product"}],"about":[{"href":"https:\/\/www.parthages.be\/eboutique\/wp-json\/wp\/v2\/types\/product"}],"replies":[{"embeddable":true,"href":"https:\/\/www.parthages.be\/eboutique\/wp-json\/wp\/v2\/comments?post=1310"}],"wp:featuredmedia":[{"embeddable":true,"href":"https:\/\/www.parthages.be\/eboutique\/wp-json\/wp\/v2\/media\/1311"}],"wp:attachment":[{"href":"https:\/\/www.parthages.be\/eboutique\/wp-json\/wp\/v2\/media?parent=1310"}],"curies":[{"name":"wp","href":"https:\/\/api.w.org\/{rel}","templated":true}]}}