{"id":1323,"date":"2021-06-30T08:47:55","date_gmt":"2021-06-30T06:47:55","guid":{"rendered":"https:\/\/www.parthages.be\/eboutique\/?post_type=product&#038;p=1323"},"modified":"2021-06-30T08:47:56","modified_gmt":"2021-06-30T06:47:56","slug":"quatre-saisons-dun-educateur-specialise","status":"publish","type":"product","link":"https:\/\/www.parthages.be\/eboutique\/produit\/quatre-saisons-dun-educateur-specialise\/","title":{"rendered":"Quatre saisons d\u2019un \u00e9ducateur sp\u00e9cialis\u00e9"},"content":{"rendered":"<p>\u201cDepuis plus de trente ans, j\u2019apprends mon m\u00e9tier d\u2019\u00e9ducateur sp\u00e9cialis\u00e9, au fil des jours. Vingt ans apr\u00e8s mon premier t\u00e9moignage, dix ans apr\u00e8s le deuxi\u00e8me, j\u2019ai voulu encore prendre le temps de le regarder, ce beau m\u00e9tier et l\u2019\u00e9crire. J\u2019ai essay\u00e9 de retirer de ma trente et uni\u00e8me ann\u00e9e un curieux m\u00e9lange d\u2019anecdotes, de r\u00e9flexions, d\u2019ambiances qui me sont apparues indispensables \u00e0 sa compr\u00e9hension et \u00e0 sa reconnaissance d\u00e9finitive.<\/p>\n<p>J\u2019esp\u00e8re avoir d\u00e9frich\u00e9 quelques parcelles d\u2019un vaste terrain de vie, j\u2019esp\u00e8re surtout que ce r\u00e9cit d\u00e9passera une vision \u00e9gocentrique pour aboutir au partage d\u2019une r\u00e9alit\u00e9 commune \u00e0 tous ceux et celles qui osent \u00e9duquer en professionnels. Vous verrez : j\u2019ai gliss\u00e9 quelques d\u00e9cigrammes de cette po\u00e9sie int\u00e9rieure qui font que nous sommes des cr\u00e9ateurs de r\u00eaves, des veilleurs de destins inachev\u00e9s.\u00a0\u00bb (Pr\u00e9sentation de l&rsquo;\u00e9diteur)<\/p>\n<p>DELHASSE G.<\/p>\n<p>Couleur livres<\/p>\n<p>2012-112p-12\u20ac<\/p>\n<p>145gr<\/p>\n<p>ISBN\u00a0: 978-2-87003-604-4<\/p>\n<p>Cote doc\u00a0: 10-10-DEL-Q<\/p>\n<span class=\"et_bloom_bottom_trigger\"><\/span>","protected":false},"excerpt":{"rendered":"<p>Depuis plus de trente ans, j\u2019apprends mon m\u00e9tier d\u2019\u00e9ducateur sp\u00e9cialis\u00e9, au fil des jours. Vingt ans apr\u00e8s mon premier t\u00e9moignage, dix ans apr\u00e8s le deuxi\u00e8me, j\u2019ai voulu encore prendre le temps de le regarder, ce beau m\u00e9tier et l\u2019\u00e9crire.<\/p>\n","protected":false},"featured_media":1324,"comment_status":"open","ping_status":"closed","template":"","meta":{"_et_pb_use_builder":"","_et_pb_old_content":"","_et_gb_content_width":"","spay_email":""},"class_list":["post-1323","product","type-product","status-publish","has-post-thumbnail","hentry","product_cat-livres","product_tag-aide-a-la-jeunesse","product_tag-aide-sociale","product_tag-communication","product_tag-educateur","product_tag-evaluation","product_tag-outil","product_tag-pratique-dinterven-tion","product_tag-service-daccompagnement","product_tag-temoignage"],"jetpack_sharing_enabled":true,"jetpack_likes_enabled":true,"_links":{"self":[{"href":"https:\/\/www.parthages.be\/eboutique\/wp-json\/wp\/v2\/product\/1323","targetHints":{"allow":["GET"]}}],"collection":[{"href":"https:\/\/www.parthages.be\/eboutique\/wp-json\/wp\/v2\/product"}],"about":[{"href":"https:\/\/www.parthages.be\/eboutique\/wp-json\/wp\/v2\/types\/product"}],"replies":[{"embeddable":true,"href":"https:\/\/www.parthages.be\/eboutique\/wp-json\/wp\/v2\/comments?post=1323"}],"wp:featuredmedia":[{"embeddable":true,"href":"https:\/\/www.parthages.be\/eboutique\/wp-json\/wp\/v2\/media\/1324"}],"wp:attachment":[{"href":"https:\/\/www.parthages.be\/eboutique\/wp-json\/wp\/v2\/media?parent=1323"}],"curies":[{"name":"wp","href":"https:\/\/api.w.org\/{rel}","templated":true}]}}