{"id":134,"date":"2012-09-24T11:37:53","date_gmt":"2012-09-24T09:37:53","guid":{"rendered":"https:\/\/www.parthages.be\/wordpress\/produit\/l-autisme-de-l-enfant\/"},"modified":"2022-07-26T08:36:46","modified_gmt":"2022-07-26T06:36:46","slug":"l-autisme-de-l-enfant","status":"publish","type":"product","link":"https:\/\/www.parthages.be\/eboutique\/produit\/l-autisme-de-l-enfant\/","title":{"rendered":"L&rsquo;autisme de l&rsquo;enfant"},"content":{"rendered":"<p>V\u00e9ritable \u00ab manuel de bonnes pratiques \u00bb pour l\u2019intervention aupr\u00e8s des personnes atteintes d\u2019autisme, ce livre, comme l\u2019\u00e9crit Carmen Dionne dans la pr\u00e9face, \u00ab en t\u00e9moignant des approches reconnues et vari\u00e9es, apporte une contribution importante \u00e0 la r\u00e9flexion sur les pratiques actuelles certes mais sert \u00e9galement d\u2019assise \u00e0 celles \u00e0 d\u00e9velopper. Il s\u2019inscrit en outil de r\u00e9f\u00e9rence pour soutenir le dialogue entre praticiens, familles et chercheurs \u00bb.<\/p>\n<p>Ces derni\u00e8res ann\u00e9es, l\u2019intervention aupr\u00e8s des personnes pr\u00e9sentant un trouble envahissant du d\u00e9veloppement a suscit\u00e9 un int\u00e9r\u00eat croissant aussi bien de la part des chercheurs que des praticiens. Cet ouvrage se veut le t\u00e9moin et la synth\u00e8se de diff\u00e9rents mod\u00e8les, modes et programmes d\u2019intervention d\u00e9velopp\u00e9s pour offrir des soutiens appropri\u00e9s tant aux personnes avec autisme qu\u2019\u00e0 leur famille, et ce dans les diff\u00e9rents milieux de vie fr\u00e9quent\u00e9s. Il compl\u00e8te la d\u00e9marche par une perspective longitudinale originale, en pr\u00e9sentant, outre les processus d\u2019\u00e9valuation et d\u2019intervention, le suivi de ces m\u00e9thodes sur plusieurs ann\u00e9es.<\/p>\n<p>Parall\u00e8lement, l\u2019ouvrage met l\u2019accent sur l\u2019effort collectif qui doit se d\u00e9velopper dans le cadre de l\u2019intervention. C\u2019est pourquoi, il s\u2019adresse non seulement aux diff\u00e9rents sp\u00e9cialistes concern\u00e9s (psychologues, m\u00e9decins, \u00e9ducateurs, orthophonistes, psychomotriciens, enseignants et autres professionnels) mais aussi et surtout aux familles, et reconna\u00eet de ce fait leur incontournable apport au projet de vie de leur enfant.<\/p>\n<p>(Pr\u00e9sentation de l\u2019\u00e9diteur)<\/p>\n<p>ADRIEN J.L<\/p>\n<p>2011-347p. 565gr<\/p>\n<p>ISBN\u00a0: 978-2-8047-0076-8<\/p>\n<p>Cote doc: 1-70-ADR-A<\/p>\n<span class=\"et_bloom_bottom_trigger\"><\/span>","protected":false},"excerpt":{"rendered":"<p>V\u00e9ritable \u00ab manuel de bonnes pratiques \u00bb pour l\u2019intervention aupr\u00e8s des personnes atteintes d\u2019autisme, ce livre, comme l\u2019\u00e9crit Carmen Dionne dans la pr\u00e9face, \u00ab en t\u00e9moignant des approches reconnues et vari\u00e9es, apporte une contribution importante \u00e0 la r\u00e9flexion sur les pratiques actuelles certes mais sert \u00e9galement d\u2019assise \u00e0 celles \u00e0 d\u00e9velopper.<\/p>\n","protected":false},"featured_media":133,"comment_status":"open","ping_status":"closed","template":"","meta":{"_et_pb_use_builder":"","_et_pb_old_content":"","_et_gb_content_width":"","spay_email":""},"class_list":["post-134","product","type-product","status-publish","has-post-thumbnail","hentry","product_cat-livres","product_tag-autisme","product_tag-enfant","product_tag-evaluation","product_tag-intervention","product_tag-intervention-psycho-educative","product_tag-methodologie","product_tag-outil","product_tag-projet-de-vie","product_tag-relation-parent-intervenant","product_tag-suivi-du-patient"],"jetpack_sharing_enabled":true,"jetpack_likes_enabled":true,"_links":{"self":[{"href":"https:\/\/www.parthages.be\/eboutique\/wp-json\/wp\/v2\/product\/134","targetHints":{"allow":["GET"]}}],"collection":[{"href":"https:\/\/www.parthages.be\/eboutique\/wp-json\/wp\/v2\/product"}],"about":[{"href":"https:\/\/www.parthages.be\/eboutique\/wp-json\/wp\/v2\/types\/product"}],"replies":[{"embeddable":true,"href":"https:\/\/www.parthages.be\/eboutique\/wp-json\/wp\/v2\/comments?post=134"}],"wp:featuredmedia":[{"embeddable":true,"href":"https:\/\/www.parthages.be\/eboutique\/wp-json\/wp\/v2\/media\/133"}],"wp:attachment":[{"href":"https:\/\/www.parthages.be\/eboutique\/wp-json\/wp\/v2\/media?parent=134"}],"curies":[{"name":"wp","href":"https:\/\/api.w.org\/{rel}","templated":true}]}}