{"id":1434,"date":"2021-07-28T12:29:00","date_gmt":"2021-07-28T10:29:00","guid":{"rendered":"https:\/\/www.parthages.be\/eboutique\/?post_type=product&#038;p=1434"},"modified":"2021-07-28T12:29:01","modified_gmt":"2021-07-28T10:29:01","slug":"le-handicap-les-lieux-la-memoire-2","status":"publish","type":"product","link":"https:\/\/www.parthages.be\/eboutique\/produit\/le-handicap-les-lieux-la-memoire-2\/","title":{"rendered":"Le handicap les lieux la m\u00e9moire"},"content":{"rendered":"<p>Parler de la rel\u00e9gation des personnes vivant avec un trouble psychique ou une d\u00e9ficience, c&rsquo;est s&rsquo;attacher \u00e0 la m\u00e9moire des lieux: l&rsquo;asile, le ghetto, jusqu&rsquo;au camp d&rsquo;extermination du IIIe Reich. Explorer la m\u00e9moire de ces lieux, c&rsquo;est aussi tenter de la d\u00e9passer. C&rsquo;est observer comment les lieux de rel\u00e9gation sont renvers\u00e9s, pulv\u00e9ris\u00e9s par les combats qui sont men\u00e9s aujourd&rsquo;hui par les personnes en situation de handicap pour sortir du petit espace dans lequel elles sont encore tenues.<\/p>\n<p>Ce livre est une r\u00e9flexion sur l&rsquo;espace et la diversit\u00e9, sur le franchissement des fronti\u00e8res et sur la m\u00e9moire collective. Son approche, \u00e0 la fois historique et philosophique, est illustr\u00e9e par de nombreuses observations. (Pr\u00e9sentation de l\u2019\u00e9diteur)<\/p>\n<p>POIZAT D.<\/p>\n<p>Editions Er\u00e8s<\/p>\n<p>2011-224p-25.50\u20ac<\/p>\n<p>285gr<\/p>\n<p>ISBN\u00a0: 978-2-7492-1353-8<\/p>\n<p>Cote doc\u00a0: 9-20-POI-H<\/p>\n<span class=\"et_bloom_bottom_trigger\"><\/span>","protected":false},"excerpt":{"rendered":"<p>Parler de la rel\u00e9gation des personnes vivant avec un trouble psychique ou une d\u00e9ficience, c&rsquo;est s&rsquo;attacher \u00e0 la m\u00e9moire des lieux: l&rsquo;asile, le ghetto, jusqu&rsquo;au camp d&rsquo;extermination du IIIe Reich.<\/p>\n","protected":false},"featured_media":1435,"comment_status":"closed","ping_status":"closed","template":"","meta":{"_et_pb_use_builder":"","_et_pb_old_content":"","_et_gb_content_width":"","spay_email":""},"class_list":["post-1434","product","type-product","status-publish","has-post-thumbnail","hentry","product_cat-livres","product_tag-exclusion","product_tag-histoire","product_tag-memoire","product_tag-personne-handicapee","product_tag-philosophie","product_tag-regard"],"jetpack_sharing_enabled":true,"jetpack_likes_enabled":true,"_links":{"self":[{"href":"https:\/\/www.parthages.be\/eboutique\/wp-json\/wp\/v2\/product\/1434","targetHints":{"allow":["GET"]}}],"collection":[{"href":"https:\/\/www.parthages.be\/eboutique\/wp-json\/wp\/v2\/product"}],"about":[{"href":"https:\/\/www.parthages.be\/eboutique\/wp-json\/wp\/v2\/types\/product"}],"replies":[{"embeddable":true,"href":"https:\/\/www.parthages.be\/eboutique\/wp-json\/wp\/v2\/comments?post=1434"}],"wp:featuredmedia":[{"embeddable":true,"href":"https:\/\/www.parthages.be\/eboutique\/wp-json\/wp\/v2\/media\/1435"}],"wp:attachment":[{"href":"https:\/\/www.parthages.be\/eboutique\/wp-json\/wp\/v2\/media?parent=1434"}],"curies":[{"name":"wp","href":"https:\/\/api.w.org\/{rel}","templated":true}]}}