{"id":144,"date":"2012-09-24T11:37:53","date_gmt":"2012-09-24T09:37:53","guid":{"rendered":"https:\/\/www.parthages.be\/wordpress\/produit\/ethique-et-handicap\/"},"modified":"2021-09-06T16:50:58","modified_gmt":"2021-09-06T14:50:58","slug":"ethique-et-handicap","status":"publish","type":"product","link":"https:\/\/www.parthages.be\/eboutique\/produit\/ethique-et-handicap\/","title":{"rendered":"Ethique et Handicap"},"content":{"rendered":"<p>La question du handicap est l&rsquo;une des grandes interrogations pos\u00e9es \u00e0 notre soci\u00e9t\u00e9. Elle se traduit en terme de regard sur l&rsquo;autre, mais aussi en terme de responsabilit\u00e9 envers l&rsquo;autre. Le handicap ne laisse personne indiff\u00e9rent, car il est le rappel d&rsquo;une inqui\u00e9tante \u00e9tranget\u00e9 blottie en chacun d&rsquo;entre nous. Il nous interpelle quant \u00e0 notre nature d&rsquo;\u00eatres humains, souligne le lien social que nous acceptons d&rsquo;\u00e9tablir avec celui qui est diff\u00e9rent de nous (ou que nous pensons diff\u00e9rent). Sous les concepts couramment utilis\u00e9s de r\u00e9\u00e9ducation, de r\u00e9adaptation et m\u00eame d&rsquo;int\u00e9gration se dissimule bien souvent un imp\u00e9rialisme de la normalit\u00e9 qui laisse trop peu de place au droit \u00e0 la diff\u00e9rence, \u00e0 la reconnaissance de l&rsquo;autonomie des personnes concern\u00e9es. En associant r\u00e9flexion th\u00e9orique et exemples cliniques, ce livre montre comment l&rsquo;approche \u00e9thique peut permettre d&rsquo;appr\u00e9hender les choses diff\u00e9remment au plan collectif ou individuel et de restituer \u00e0 la personne en situation de handicap toute sa valeur d&rsquo;\u00eatre humain, quelles que soient ses capacit\u00e9s et ses diff\u00e9rences.<\/p>\n<p>Cet ouvrage, co-dirig\u00e9 par un philosophe, Pierre Ancet, et un juriste sp\u00e9cialis\u00e9 en \u00e9thique, No\u00ebl-Jean Mazen, est la somme d&rsquo;approches effectu\u00e9es par divers sp\u00e9cialistes (m\u00e9decins, infirmiers, juristes, philosophes et psychologues) qui ont accept\u00e9 de poser des regards crois\u00e9s sur cette probl\u00e9matique. La diversit\u00e9 de leurs approches est le reflet de leurs recherches ; elle donne \u00e0 l&rsquo;ouvrage toute sa richesse et permet des r\u00e9sonances sp\u00e9cifiques, particuli\u00e8rement en ce qui concerne l&rsquo;appr\u00e9hension du corps v\u00e9cu et les cons\u00e9quences de la situation de handicap sur la vie psychique. (Pr\u00e9sentation de l\u2019\u00e9diteur)<\/p>\n<p>ANCET P.- MAZEN N-J.<\/p>\n<p>Les Etudes Hospitali\u00e8res \u00e9ditions<\/p>\n<p>2011-338p.-35\u20ac<\/p>\n<p>460gr<\/p>\n<p>ISBN\u00a0:978-2-8474-245-8<\/p>\n<p>Cote doc\u00a0: 7-10-ANC-E<\/p>\n<span class=\"et_bloom_bottom_trigger\"><\/span>","protected":false},"excerpt":{"rendered":"<p>La question du handicap est l&rsquo;une des grandes interrogations pos\u00e9es \u00e0 notre soci\u00e9t\u00e9. Elle se traduit en terme de regard sur l&rsquo;autre, mais aussi en terme de responsabilit\u00e9 envers l&rsquo;autre. Le handicap ne laisse personne indiff\u00e9rent, car il est le rappel d&rsquo;une inqui\u00e9tante \u00e9tranget\u00e9 blottie en chacun d&rsquo;entre nous. Il nous interpelle quant \u00e0 notre [&hellip;]<\/p>\n","protected":false},"featured_media":1755,"comment_status":"open","ping_status":"closed","template":"","meta":{"_et_pb_use_builder":"","_et_pb_old_content":"","_et_gb_content_width":"","spay_email":""},"class_list":["post-144","product","type-product","status-publish","has-post-thumbnail","hentry","product_cat-livres","product_tag-autonomie","product_tag-ethique","product_tag-lien-social","product_tag-personne-handicapee","product_tag-readaptation","product_tag-reconnaissance-du-handicap","product_tag-regard"],"jetpack_sharing_enabled":true,"jetpack_likes_enabled":true,"_links":{"self":[{"href":"https:\/\/www.parthages.be\/eboutique\/wp-json\/wp\/v2\/product\/144","targetHints":{"allow":["GET"]}}],"collection":[{"href":"https:\/\/www.parthages.be\/eboutique\/wp-json\/wp\/v2\/product"}],"about":[{"href":"https:\/\/www.parthages.be\/eboutique\/wp-json\/wp\/v2\/types\/product"}],"replies":[{"embeddable":true,"href":"https:\/\/www.parthages.be\/eboutique\/wp-json\/wp\/v2\/comments?post=144"}],"wp:featuredmedia":[{"embeddable":true,"href":"https:\/\/www.parthages.be\/eboutique\/wp-json\/wp\/v2\/media\/1755"}],"wp:attachment":[{"href":"https:\/\/www.parthages.be\/eboutique\/wp-json\/wp\/v2\/media?parent=144"}],"curies":[{"name":"wp","href":"https:\/\/api.w.org\/{rel}","templated":true}]}}