{"id":1440,"date":"2021-07-28T12:34:55","date_gmt":"2021-07-28T10:34:55","guid":{"rendered":"https:\/\/www.parthages.be\/eboutique\/?post_type=product&#038;p=1440"},"modified":"2021-07-28T12:34:56","modified_gmt":"2021-07-28T10:34:56","slug":"lidentite-handicapee","status":"publish","type":"product","link":"https:\/\/www.parthages.be\/eboutique\/produit\/lidentite-handicapee\/","title":{"rendered":"L&rsquo;identit\u00e9 handicap\u00e9e"},"content":{"rendered":"<p>L&rsquo;identit\u00e9 est le r\u00e9sultat d&rsquo;un processus psycho-social. Fragile et complexe, elle est le lieu de l&rsquo;affirmation de soi et aussi du regard de l&rsquo;autre. Elle contribue\u00a0 \u00e0 l&rsquo;originalit\u00e9 de la personne, mais elle la soumet aussi aux contraintes des repr\u00e9sentations sociales. Elle est tout \u00e0 la fois individuelle et collective, tangible et symbolique, r\u00e9alit\u00e9 et illusion. Notre identit\u00e9 est intimement li\u00e9e \u00e0 notre d\u00e9veloppement psychologique, notre image corporelle et \u00e0 notre place dans la soci\u00e9t\u00e9. Lors d&rsquo;un congr\u00e8s qui s&rsquo;est tenu \u00e0 Namur, des professionnels et des chercheurs ont tent\u00e9 d&rsquo;appr\u00e9hender des aspects de l&rsquo;identit\u00e9 humaine au regard de la situation de handicap. Leurs contributions ont donn\u00e9 naissance \u00e0 ce livre.(Pr\u00e9sentation de l\u2019\u00e9diteur)<\/p>\n<p>&nbsp;<\/p>\n<p>MERCIER M.<\/p>\n<p>Presses universitaires de Namur<\/p>\n<p>2004-325p-22\u20ac<\/p>\n<p>500gr<\/p>\n<p>ISBN\u00a0: 2-87037-440-2<\/p>\n<p>Cote doc\u00a0: 9-20-MER-I<\/p>\n<span class=\"et_bloom_bottom_trigger\"><\/span>","protected":false},"excerpt":{"rendered":"<p>L&rsquo;identit\u00e9 est le r\u00e9sultat d&rsquo;un processus psycho-social. Fragile et complexe, elle est le lieu de l&rsquo;affirmation de soi et aussi du regard de l&rsquo;autre.<\/p>\n","protected":false},"featured_media":1441,"comment_status":"closed","ping_status":"closed","template":"","meta":{"_et_pb_use_builder":"","_et_pb_old_content":"","_et_gb_content_width":"","spay_email":""},"class_list":["post-1440","product","type-product","status-publish","has-post-thumbnail","hentry","product_cat-livres","product_tag-anthropologie","product_tag-deficience-physique","product_tag-developpement-psychologique","product_tag-droit","product_tag-ethique","product_tag-identite","product_tag-image-de-soi","product_tag-personne-handicapee","product_tag-psychologie-sociale","product_tag-regard","product_tag-representation","product_tag-representation-sociale","product_tag-sexualite","product_tag-societe","product_tag-traumatisme","product_tag-vie-affective"],"jetpack_sharing_enabled":true,"jetpack_likes_enabled":true,"_links":{"self":[{"href":"https:\/\/www.parthages.be\/eboutique\/wp-json\/wp\/v2\/product\/1440","targetHints":{"allow":["GET"]}}],"collection":[{"href":"https:\/\/www.parthages.be\/eboutique\/wp-json\/wp\/v2\/product"}],"about":[{"href":"https:\/\/www.parthages.be\/eboutique\/wp-json\/wp\/v2\/types\/product"}],"replies":[{"embeddable":true,"href":"https:\/\/www.parthages.be\/eboutique\/wp-json\/wp\/v2\/comments?post=1440"}],"wp:featuredmedia":[{"embeddable":true,"href":"https:\/\/www.parthages.be\/eboutique\/wp-json\/wp\/v2\/media\/1441"}],"wp:attachment":[{"href":"https:\/\/www.parthages.be\/eboutique\/wp-json\/wp\/v2\/media?parent=1440"}],"curies":[{"name":"wp","href":"https:\/\/api.w.org\/{rel}","templated":true}]}}