{"id":1457,"date":"2021-08-03T11:32:07","date_gmt":"2021-08-03T09:32:07","guid":{"rendered":"https:\/\/www.parthages.be\/eboutique\/?post_type=product&#038;p=1457"},"modified":"2021-08-03T11:32:08","modified_gmt":"2021-08-03T09:32:08","slug":"la-personnalite-de-la-theorie-a-la-recherche","status":"publish","type":"product","link":"https:\/\/www.parthages.be\/eboutique\/produit\/la-personnalite-de-la-theorie-a-la-recherche\/","title":{"rendered":"La personnalit\u00e9 de la th\u00e9orie \u00e0 la recherche"},"content":{"rendered":"<p>D\u00e9couvrez ce qui en fait l&rsquo;un des meilleurs ouvrages de sa cat\u00e9gorie<\/p>\n<p>&#8211; le premier chapitre est enti\u00e8rement consacr\u00e9 aux outils m\u00e9thodologiques ;<\/p>\n<p>&#8211; toutes les th\u00e9ories de la personnalit\u00e9 importantes sont \u00e9tudi\u00e9es ;<\/p>\n<p>&#8211; chaque th\u00e9orie est pr\u00e9sent\u00e9e en deux temps : ses bases th\u00e9oriques puis ses applications ;<\/p>\n<p>&#8211; les forces et les limites de chaque th\u00e9orie sont analys\u00e9es, les \u00e9tudiants sont ainsi amen\u00e9s \u00e0 se faire une opinion ;<\/p>\n<p>&#8211; chaque th\u00e9orie est illustr\u00e9e par un cas clinique ;<\/p>\n<p>&#8211; un cas unificateur permet de faire ressortir les diff\u00e9rences et les ressemblances entre les diverses th\u00e9ories ;<\/p>\n<p>&#8211; tout au long du texte, des encadr\u00e9s d\u00e9montrent comment la th\u00e9orie peut \u00eatre appliqu\u00e9e au quotidien ;<\/p>\n<p>&#8211; le dernier chapitre invite \u00e0 faire la synth\u00e8se des enjeux actuels en ce qui concerne les th\u00e9ories de la personnalit\u00e9.<\/p>\n<p>Ce manuel offre une approche qui favorise l&rsquo;\u00e9tude en profondeur des th\u00e9ories majeures et qui permet une introduction aux th\u00e9ories traditionnelles marquantes de m\u00eame qu&rsquo;aux th\u00e9ories contemporaines. En plus d&rsquo;int\u00e9grer les recherches les plus r\u00e9centes, il consacre un chapitre entier aux d\u00e9couvertes relatives aux bases g\u00e9n\u00e9tiques et h\u00e9r\u00e9ditaires de la personnalit\u00e9. Cet ouvrage int\u00e9ressera non seulement les professeurs et des \u00e9tudiants des 1r et 2e cycles universitaires en psychologie et les professionnels, mais aussi un plus large public concern\u00e9 par cette probl\u00e9matique. (Pr\u00e9sentation de l&rsquo;\u00e9diteur)<\/p>\n<p>PERVIN L.- JOHN O.<\/p>\n<p>De Boeck<\/p>\n<p>2005-549p.<\/p>\n<p>ISBN\u00a0: 2-8041-4681-2<\/p>\n<p>Cote doc\u00a0:9-10-PER-P<\/p>\n<p><strong><em>Uniquement \u00e0 la location<\/em><\/strong><\/p>\n<span class=\"et_bloom_bottom_trigger\"><\/span>","protected":false},"excerpt":{"rendered":"<p>Ce manuel offre une approche qui favorise l&rsquo;\u00e9tude en profondeur des th\u00e9ories majeures et qui permet une introduction aux th\u00e9ories traditionnelles marquantes de m\u00eame qu&rsquo;aux th\u00e9ories contemporaines.<\/p>\n","protected":false},"featured_media":1458,"comment_status":"closed","ping_status":"closed","template":"","meta":{"_et_pb_use_builder":"","_et_pb_old_content":"","_et_gb_content_width":"","spay_email":""},"class_list":["post-1457","product","type-product","status-publish","has-post-thumbnail","hentry","product_cat-livres","product_tag-etude-de-cas","product_tag-genetique","product_tag-heredite","product_tag-personnalite","product_tag-psychanalyse","product_tag-psychologie","product_tag-recherche","product_tag-theorie"],"jetpack_sharing_enabled":true,"jetpack_likes_enabled":true,"_links":{"self":[{"href":"https:\/\/www.parthages.be\/eboutique\/wp-json\/wp\/v2\/product\/1457","targetHints":{"allow":["GET"]}}],"collection":[{"href":"https:\/\/www.parthages.be\/eboutique\/wp-json\/wp\/v2\/product"}],"about":[{"href":"https:\/\/www.parthages.be\/eboutique\/wp-json\/wp\/v2\/types\/product"}],"replies":[{"embeddable":true,"href":"https:\/\/www.parthages.be\/eboutique\/wp-json\/wp\/v2\/comments?post=1457"}],"wp:featuredmedia":[{"embeddable":true,"href":"https:\/\/www.parthages.be\/eboutique\/wp-json\/wp\/v2\/media\/1458"}],"wp:attachment":[{"href":"https:\/\/www.parthages.be\/eboutique\/wp-json\/wp\/v2\/media?parent=1457"}],"curies":[{"name":"wp","href":"https:\/\/api.w.org\/{rel}","templated":true}]}}