{"id":1472,"date":"2021-08-09T09:40:35","date_gmt":"2021-08-09T07:40:35","guid":{"rendered":"https:\/\/www.parthages.be\/eboutique\/?post_type=product&#038;p=1472"},"modified":"2021-08-09T09:40:36","modified_gmt":"2021-08-09T07:40:36","slug":"coherences-de-lunite-de-letre-aux-harmonies-du-soin","status":"publish","type":"product","link":"https:\/\/www.parthages.be\/eboutique\/produit\/coherences-de-lunite-de-letre-aux-harmonies-du-soin\/","title":{"rendered":"Coh\u00e9rences: de l&rsquo;unit\u00e9 de l&rsquo;\u00eatre aux harmonies du soin"},"content":{"rendered":"<p>Dans ce quatri\u00e8me ouvrage, l&rsquo;auteur propose une \u00e9laboration th\u00e9orique qui s\u2019articule \u00e9troitement \u00e0 sa pratique. Elle \u00e9claire les d\u00e9marches qu\u2019il a engag\u00e9es pour mieux soigner les autistes, les polyhandicap\u00e9s et ceux qui ont souffert d\u2019abandon. Ces rep\u00e8res nous renseignent sur l\u2019\u00e9mergence de l\u2019\u00eatre humain d\u00e8s sa conception, et permettent de mieux situer les conditions du soin et de l\u2019\u00e9ducation. Ce livre nous permet d\u2019\u00e9laborer conjointement les imp\u00e9ratifs d\u2019un projet personnalis\u00e9 et les conditions indispensables d\u2019ajustement des dispositifs institutionnels.(Pr\u00e9sentation de l\u2019\u00e9diteur)<\/p>\n<p>DUREY B.<\/p>\n<p>Editions du Champ social<\/p>\n<p>2000-141p.<\/p>\n<p>ISBN\u00a0: 2-913376-06-1<\/p>\n<p>Cote doc\u00a0: 9-10-DUR-C<\/p>\n<p><strong><em>Uniquement \u00e0 la location<\/em><\/strong><\/p>\n<span class=\"et_bloom_bottom_trigger\"><\/span>","protected":false},"excerpt":{"rendered":"<p>Dans ce quatri\u00e8me ouvrage, l&rsquo;auteur propose une \u00e9laboration th\u00e9orique qui s\u2019articule \u00e9troitement \u00e0 sa pratique.<\/p>\n","protected":false},"featured_media":1473,"comment_status":"closed","ping_status":"closed","template":"","meta":{"_et_pb_use_builder":"","_et_pb_old_content":"","_et_gb_content_width":"","spay_email":""},"class_list":["post-1472","product","type-product","status-publish","has-post-thumbnail","hentry","product_cat-livres","product_tag-accompagnement","product_tag-autisme","product_tag-education","product_tag-institution","product_tag-intervention-therapeutique","product_tag-polyhandicap","product_tag-relation","product_tag-soins","product_tag-strategie","product_tag-temoignage"],"jetpack_sharing_enabled":true,"jetpack_likes_enabled":true,"_links":{"self":[{"href":"https:\/\/www.parthages.be\/eboutique\/wp-json\/wp\/v2\/product\/1472","targetHints":{"allow":["GET"]}}],"collection":[{"href":"https:\/\/www.parthages.be\/eboutique\/wp-json\/wp\/v2\/product"}],"about":[{"href":"https:\/\/www.parthages.be\/eboutique\/wp-json\/wp\/v2\/types\/product"}],"replies":[{"embeddable":true,"href":"https:\/\/www.parthages.be\/eboutique\/wp-json\/wp\/v2\/comments?post=1472"}],"wp:featuredmedia":[{"embeddable":true,"href":"https:\/\/www.parthages.be\/eboutique\/wp-json\/wp\/v2\/media\/1473"}],"wp:attachment":[{"href":"https:\/\/www.parthages.be\/eboutique\/wp-json\/wp\/v2\/media?parent=1472"}],"curies":[{"name":"wp","href":"https:\/\/api.w.org\/{rel}","templated":true}]}}