{"id":1480,"date":"2021-08-09T09:49:37","date_gmt":"2021-08-09T07:49:37","guid":{"rendered":"https:\/\/www.parthages.be\/eboutique\/?post_type=product&#038;p=1480"},"modified":"2021-08-09T09:49:38","modified_gmt":"2021-08-09T07:49:38","slug":"les-mdph-maisons-departementales-des-personnes-handicapees","status":"publish","type":"product","link":"https:\/\/www.parthages.be\/eboutique\/produit\/les-mdph-maisons-departementales-des-personnes-handicapees\/","title":{"rendered":"Les MDPH (maisons d\u00e9partementales des personnes handicap\u00e9es)"},"content":{"rendered":"<p><strong>Une organisation innovante dans le champ m\u00e9dico-social<\/strong><\/p>\n<p>Les MDPH ont \u00e9t\u00e9 cr\u00e9\u00e9es par la loi du 11 f\u00e9vrier 2005 \u00ab pour l&rsquo;\u00e9galit\u00e9 des droits et des chances, pour la participation et la citoyennet\u00e9 des personnes handicap\u00e9es \u00bb qui a r\u00e9nov\u00e9 le champ du handicap. Elles poursuivent huit missions, notamment en vue d&rsquo;une meilleure \u00e9valuation de la situation de handicap du b\u00e9n\u00e9ficiaire et de la d\u00e9livrance de droits et de prestations compensatrices.<\/p>\n<p>Les enjeux nouveaux de leur gouvernance et de leur pilotage doivent \u00eatre compris \u00e0 l&rsquo;aune des changements introduits par cette loi qui font \u00e9voluer fortement les habitudes dans le secteur : la mani\u00e8re d&rsquo;envisager le handicap (la personne n&rsquo;est plus handicap\u00e9e mais en situation de handicap, elle est reconnue comme citoyenne et pleinement responsable de sa demande de compensation), la participation des associations d&rsquo;usagers dans les instances de d\u00e9cision de la MDPH, la conception d&rsquo;un guichet unique se substituant au \u00ab parcours du combattant \u00bb des personnes pour l&rsquo;accession \u00e0 leurs droits.<\/p>\n<p>Am\u00e9liorer le bon fonctionnement des MDPH requiert avant tout d&rsquo;interroger l&rsquo;impact de ces changements sur les modalit\u00e9s de cette nouvelle gouvernance et les pratiques professionnelles. Dans cette optique, les auteurs proposent une grille de lecture de ces structures innovantes \u00e0 travers leurs diff\u00e9rentes fonctions : soci\u00e9tale (comprendre la place de la personne handicap\u00e9e dans la soci\u00e9t\u00e9 pour \u00eatre ensemble), politique (comment et avec qui organiser les modes de d\u00e9cision pour d\u00e9cider ensemble) et manag\u00e9riale (quelle organisation et quels outils pour travailler ensemble). (Pr\u00e9sentation de l\u2019\u00e9diteur)<\/p>\n<p>GRENIER C.-LABOREL B.<\/p>\n<p>Editions Er\u00e8s<\/p>\n<p>2011- 160p- 15.50\u20ac<\/p>\n<p>198gr<\/p>\n<p>ISBN\u00a0: 978-2-7492-1493-1<\/p>\n<p>Cote doc\u00a0: 8-20-GRE-M<\/p>\n<span class=\"et_bloom_bottom_trigger\"><\/span>","protected":false},"excerpt":{"rendered":"<p>Les MDPH ont \u00e9t\u00e9 cr\u00e9\u00e9es par la loi du 11 f\u00e9vrier 2005 \u00ab pour l&rsquo;\u00e9galit\u00e9 des droits et des chances, pour la participation et la citoyennet\u00e9 des personnes handicap\u00e9es \u00bb qui a r\u00e9nov\u00e9 le champ du handicap.<\/p>\n","protected":false},"featured_media":1481,"comment_status":"closed","ping_status":"closed","template":"","meta":{"_et_pb_use_builder":"","_et_pb_old_content":"","_et_gb_content_width":"","spay_email":""},"class_list":["post-1480","product","type-product","status-publish","has-post-thumbnail","hentry","product_cat-livres","product_tag-acces-au-droit","product_tag-accessibilite","product_tag-autonomie","product_tag-citoyennete","product_tag-fonctionnement","product_tag-maison-medicale","product_tag-personne-handicapee"],"jetpack_sharing_enabled":true,"jetpack_likes_enabled":true,"_links":{"self":[{"href":"https:\/\/www.parthages.be\/eboutique\/wp-json\/wp\/v2\/product\/1480","targetHints":{"allow":["GET"]}}],"collection":[{"href":"https:\/\/www.parthages.be\/eboutique\/wp-json\/wp\/v2\/product"}],"about":[{"href":"https:\/\/www.parthages.be\/eboutique\/wp-json\/wp\/v2\/types\/product"}],"replies":[{"embeddable":true,"href":"https:\/\/www.parthages.be\/eboutique\/wp-json\/wp\/v2\/comments?post=1480"}],"wp:featuredmedia":[{"embeddable":true,"href":"https:\/\/www.parthages.be\/eboutique\/wp-json\/wp\/v2\/media\/1481"}],"wp:attachment":[{"href":"https:\/\/www.parthages.be\/eboutique\/wp-json\/wp\/v2\/media?parent=1480"}],"curies":[{"name":"wp","href":"https:\/\/api.w.org\/{rel}","templated":true}]}}