{"id":1521,"date":"2021-08-09T10:30:17","date_gmt":"2021-08-09T08:30:17","guid":{"rendered":"https:\/\/www.parthages.be\/eboutique\/?post_type=product&#038;p=1521"},"modified":"2021-08-09T10:30:18","modified_gmt":"2021-08-09T08:30:18","slug":"les-associations-en-belgique-une-analyse-quantitative-et-qualitative-du-secteur-edition-2008","status":"publish","type":"product","link":"https:\/\/www.parthages.be\/eboutique\/produit\/les-associations-en-belgique-une-analyse-quantitative-et-qualitative-du-secteur-edition-2008\/","title":{"rendered":"Les associations en Belgique: Une analyse quantitative et qualitative du secteur : \u00e9dition 2008"},"content":{"rendered":"<p><strong><em>Rapport<\/em><\/strong><\/p>\n<p>Le pr\u00e9sent volume s&rsquo;inscrit directement dans la continuit\u00e9 de la pr\u00e9c\u00e9dente \u00e9tude sur les associations parue fin 2005. Il cherche \u00e0 d\u00e9crire pour un large public le secteur associatif dans son ensemble en lui apportant un double \u00e9clairage, quantitatif et qualitatif, sur base des derni\u00e8res donn\u00e9es disponibles.<\/p>\n<p>L&rsquo;approche quantitative se d\u00e9cline en trois chapitres. Le quatri\u00e8me chapitre, \u00ab\u00a0Le barom\u00e8tre du secteur associatif\u00a0\u00bb, constitue le versant qualitatif de la pr\u00e9sente \u00e9tude. Il d\u00e9crit les r\u00e9sultats d&rsquo;une enqu\u00eate men\u00e9e en 2007 aupr\u00e8s de 473 associations.<\/p>\n<p>MAREE M.- GIJSELINCKX C.- LOOSE M.<\/p>\n<p>FONDATION ROI BAUDOUIN<\/p>\n<p>2008- 80p.<\/p>\n<p>Cote doc\u00a0: 8-10-MAR-A<\/p>\n<p><strong><em>Uniquement \u00e0 la location<\/em><\/strong><\/p>\n<span class=\"et_bloom_bottom_trigger\"><\/span>","protected":false},"excerpt":{"rendered":"<p>Le pr\u00e9sent volume s&rsquo;inscrit directement dans la continuit\u00e9 de la pr\u00e9c\u00e9dente \u00e9tude sur les associations parue fin 2005. Il cherche \u00e0 d\u00e9crire pour un large public le secteur associatif dans son ensemble en lui apportant un double \u00e9clairage, quantitatif et qualitatif, sur base des derni\u00e8res donn\u00e9es disponibles.<\/p>\n","protected":false},"featured_media":1522,"comment_status":"closed","ping_status":"closed","template":"","meta":{"_et_pb_use_builder":"","_et_pb_old_content":"","_et_gb_content_width":"","spay_email":""},"class_list":["post-1521","product","type-product","status-publish","has-post-thumbnail","hentry","product_cat-livres","product_tag-analyse-qualitative","product_tag-analyse-quantitative","product_tag-association","product_tag-belgique","product_tag-economie-sociale","product_tag-emploi","product_tag-secteur-non-marchand"],"jetpack_sharing_enabled":true,"jetpack_likes_enabled":true,"_links":{"self":[{"href":"https:\/\/www.parthages.be\/eboutique\/wp-json\/wp\/v2\/product\/1521","targetHints":{"allow":["GET"]}}],"collection":[{"href":"https:\/\/www.parthages.be\/eboutique\/wp-json\/wp\/v2\/product"}],"about":[{"href":"https:\/\/www.parthages.be\/eboutique\/wp-json\/wp\/v2\/types\/product"}],"replies":[{"embeddable":true,"href":"https:\/\/www.parthages.be\/eboutique\/wp-json\/wp\/v2\/comments?post=1521"}],"wp:featuredmedia":[{"embeddable":true,"href":"https:\/\/www.parthages.be\/eboutique\/wp-json\/wp\/v2\/media\/1522"}],"wp:attachment":[{"href":"https:\/\/www.parthages.be\/eboutique\/wp-json\/wp\/v2\/media?parent=1521"}],"curies":[{"name":"wp","href":"https:\/\/api.w.org\/{rel}","templated":true}]}}