{"id":1543,"date":"2021-08-17T10:13:34","date_gmt":"2021-08-17T08:13:34","guid":{"rendered":"https:\/\/www.parthages.be\/eboutique\/?post_type=product&#038;p=1543"},"modified":"2021-08-17T10:13:34","modified_gmt":"2021-08-17T08:13:34","slug":"le-corps-vecu-chez-la-personne-agee-et-la-personne-handicapee","status":"publish","type":"product","link":"https:\/\/www.parthages.be\/eboutique\/produit\/le-corps-vecu-chez-la-personne-agee-et-la-personne-handicapee\/","title":{"rendered":"Le corps v\u00e9cu chez la personne \u00e2g\u00e9e et la personne handicap\u00e9e"},"content":{"rendered":"<p>Consacr\u00e9 \u00e0 l\u2019exp\u00e9rience du corps v\u00e9cu chez les personnes en situation de d\u00e9pendance, ainsi qu\u2019aux repr\u00e9sentations qui peuvent conduire \u00e0 l\u2019oblit\u00e9rer, cet ouvrage comporte une part non n\u00e9gligeable de t\u00e9moignages. Il s\u2019agit de stimuler la r\u00e9flexion sur la diff\u00e9rence entre l\u2019exp\u00e9rience r\u00e9elle des personnes et celle qu\u2019on leur pr\u00eate. L\u2019\u00e9tude du handicap et du vieillissement permet par ailleurs d\u2019interroger les limites de notre tol\u00e9rance, et de l\u2019exp\u00e9rience m\u00eame que nous faisons de notre propre corps : comment d\u00e9finirions-nous notre propre intimit\u00e9 ? Notre autonomie ?<\/p>\n<p>Le corps v\u00e9cu tel que nous l\u2019\u00e9prouvons n\u2019est en effet pas r\u00e9ductible \u00e0 la connaissance anatomique et physiologique que nous en donne la m\u00e9decine. Il en va de m\u00eame de l\u2019image du corps. Cette image est plus qu\u2019une repr\u00e9sentation : un mixte entre sensation et repr\u00e9sentation.\u00a0Lorsque nous parlons du corps, le risque de confusion est donc grand. Il l\u2019est davantage encore lorsque le dialogue a lieu avec un soignant et que le corps devient l\u2019objet d\u2019une plainte et d\u2019une demande.<br \/>\nOn jugera de ces difficult\u00e9s et de leurs enjeux \u00e9thiques \u00e0 travers des approches philosophiques, sociologiques, psychologiques et m\u00e9dicales. Elles donnent \u00e0 penser cette conscience incarn\u00e9e propre \u00e0 chaque individu qu\u2019est le corps v\u00e9cu. (Pr\u00e9sentation de l&rsquo;\u00e9diteur)<\/p>\n<p>ANCET P.<\/p>\n<p>Editions DUNOD<\/p>\n<p>2014 -240p. -24\u20ac<\/p>\n<p>428g<\/p>\n<p>ISBN 978-2-1007-1309-7<\/p>\n<p>Cote doc\u00a0: 7-50-ANC-L<\/p>\n<span class=\"et_bloom_bottom_trigger\"><\/span>","protected":false},"excerpt":{"rendered":"<p>Consacr\u00e9 \u00e0 l\u2019exp\u00e9rience du corps v\u00e9cu chez les personnes en situation de d\u00e9pendance, ainsi qu\u2019aux repr\u00e9sentations qui peuvent conduire \u00e0 l\u2019oblit\u00e9rer, cet ouvrage comporte une part non n\u00e9gligeable de t\u00e9moignages.<\/p>\n","protected":false},"featured_media":1544,"comment_status":"closed","ping_status":"closed","template":"","meta":{"_et_pb_use_builder":"","_et_pb_old_content":"","_et_gb_content_width":"","spay_email":""},"class_list":["post-1543","product","type-product","status-publish","has-post-thumbnail","hentry","product_cat-livres","product_tag-etique","product_tag-gerontologie","product_tag-personne-handicap","product_tag-representation-de-la-vieillesse","product_tag-representation-du-corps","product_tag-soins","product_tag-temoignage","product_tag-vieillisse"],"jetpack_sharing_enabled":true,"jetpack_likes_enabled":true,"_links":{"self":[{"href":"https:\/\/www.parthages.be\/eboutique\/wp-json\/wp\/v2\/product\/1543","targetHints":{"allow":["GET"]}}],"collection":[{"href":"https:\/\/www.parthages.be\/eboutique\/wp-json\/wp\/v2\/product"}],"about":[{"href":"https:\/\/www.parthages.be\/eboutique\/wp-json\/wp\/v2\/types\/product"}],"replies":[{"embeddable":true,"href":"https:\/\/www.parthages.be\/eboutique\/wp-json\/wp\/v2\/comments?post=1543"}],"wp:featuredmedia":[{"embeddable":true,"href":"https:\/\/www.parthages.be\/eboutique\/wp-json\/wp\/v2\/media\/1544"}],"wp:attachment":[{"href":"https:\/\/www.parthages.be\/eboutique\/wp-json\/wp\/v2\/media?parent=1543"}],"curies":[{"name":"wp","href":"https:\/\/api.w.org\/{rel}","templated":true}]}}