{"id":1560,"date":"2021-08-17T10:41:36","date_gmt":"2021-08-17T08:41:36","guid":{"rendered":"https:\/\/www.parthages.be\/eboutique\/?post_type=product&#038;p=1560"},"modified":"2021-08-17T10:41:36","modified_gmt":"2021-08-17T08:41:36","slug":"handicap-et-cinema","status":"publish","type":"product","link":"https:\/\/www.parthages.be\/eboutique\/produit\/handicap-et-cinema\/","title":{"rendered":"Handicap et cin\u00e9ma"},"content":{"rendered":"<p>Ce livre est une invitation. Une invitation tout d&rsquo;abord \u00e0 la d\u00e9couverte d&rsquo;oeuvres cin\u00e9matographiques qui mettent en sc\u00e8ne des personnages handicap\u00e9s. Ensuite, une invitation \u00e0 la compr\u00e9hension de 1 \u00e9volution de leurs repr\u00e9sentations depuis les premiers films jusqu&rsquo;\u00e0 des \u0153uvres contemporaines. Des fr\u00e8res Lumi\u00e8re \u00e0 Costa Gavras en passant par Tod Browning, Luis Bunuel et Pier Paolo Pasolini, ce voyage cin\u00e9matographique est l&rsquo;occasion pour ses lecteurs de confronter leurs repr\u00e9sentations du handicap \u00e0 celles de r\u00e9alisateurs qui ont construit et mis en sc\u00e8ne des personnages toujours singuliers. Le cin\u00e9ma de fiction permet de voir le handicap d\u2019une autre mani\u00e8re et ainsi il offre une possibilit\u00e9 de le d\u00e9couvrir \u00e0 partir de la complexit\u00e9 des personnages et des situations repr\u00e9sent\u00e9s.<\/p>\n<p>Inqui\u00e9tants, d\u00e9rangeants, ou encore pleins d&rsquo;humour et fac\u00e9tieux, les personnages handicap\u00e9s sont des figures fictionnelles construites \u00e0 partir de l&rsquo;\u00e9tranget\u00e9 et de la mani\u00e8re d&rsquo;\u00eatre dues au handicap. Le handicap se d\u00e9voile et nous interroge sur nos relations aux autres.<\/p>\n<p>Comment recevons-nous ces personnages ? Comment acceptons-nous (ou pas) de vivre avec eux dans notre imaginaire pour cr\u00e9er une r\u00e9alit\u00e9 nouvelle ?<\/p>\n<p>En parcourant un si\u00e8cle d&rsquo;images, G\u00e9rard Bonnefon \u00e9claire les conceptions et les id\u00e9es qui ont fond\u00e9 nos repr\u00e9sentations collectives et individuelles des personnes handicap\u00e9es (Pr\u00e9sentation de l\u2019\u00e9diteur)<\/p>\n<p>BONNEFON G.<\/p>\n<p>Chronique sociale<\/p>\n<p>2004-111p.-15.20\u20ac<\/p>\n<p>175gr<\/p>\n<p>ISBN\u00a0: 2-85008-560-X<\/p>\n<p>Cote doc\u00a0: 7-30-BON-H<\/p>\n<span class=\"et_bloom_bottom_trigger\"><\/span>","protected":false},"excerpt":{"rendered":"<p>Ce livre est une invitation. Une invitation tout d&rsquo;abord \u00e0 la d\u00e9couverte d&rsquo;oeuvres cin\u00e9matographiques qui mettent en sc\u00e8ne des personnages handicap\u00e9s. Ensuite, une invitation \u00e0 la compr\u00e9hension de 1 \u00e9volution de leurs repr\u00e9sentations depuis les premiers films jusqu&rsquo;\u00e0 des \u0153uvres contemporaines.<\/p>\n","protected":false},"featured_media":1561,"comment_status":"closed","ping_status":"closed","template":"","meta":{"_et_pb_use_builder":"","_et_pb_old_content":"","_et_gb_content_width":"","spay_email":""},"class_list":["post-1560","product","type-product","status-publish","has-post-thumbnail","hentry","product_cat-livres","product_tag-cinema","product_tag-culture","product_tag-droit-a-la-difference","product_tag-evolution","product_tag-perception","product_tag-personne-handicapee","product_tag-regard","product_tag-representation","product_tag-representation-sociale"],"jetpack_sharing_enabled":true,"jetpack_likes_enabled":true,"_links":{"self":[{"href":"https:\/\/www.parthages.be\/eboutique\/wp-json\/wp\/v2\/product\/1560","targetHints":{"allow":["GET"]}}],"collection":[{"href":"https:\/\/www.parthages.be\/eboutique\/wp-json\/wp\/v2\/product"}],"about":[{"href":"https:\/\/www.parthages.be\/eboutique\/wp-json\/wp\/v2\/types\/product"}],"replies":[{"embeddable":true,"href":"https:\/\/www.parthages.be\/eboutique\/wp-json\/wp\/v2\/comments?post=1560"}],"wp:featuredmedia":[{"embeddable":true,"href":"https:\/\/www.parthages.be\/eboutique\/wp-json\/wp\/v2\/media\/1561"}],"wp:attachment":[{"href":"https:\/\/www.parthages.be\/eboutique\/wp-json\/wp\/v2\/media?parent=1560"}],"curies":[{"name":"wp","href":"https:\/\/api.w.org\/{rel}","templated":true}]}}