{"id":1633,"date":"2021-08-23T09:44:53","date_gmt":"2021-08-23T07:44:53","guid":{"rendered":"https:\/\/www.parthages.be\/eboutique\/?post_type=product&#038;p=1633"},"modified":"2021-08-23T09:44:54","modified_gmt":"2021-08-23T07:44:54","slug":"handicap-et-famille-a-la-recherche-du-sens","status":"publish","type":"product","link":"https:\/\/www.parthages.be\/eboutique\/produit\/handicap-et-famille-a-la-recherche-du-sens\/","title":{"rendered":"Handicap et famille : \u00e0 la recherche du sens"},"content":{"rendered":"<p>Quel sens individuel, familial, social, donn\u00e9 au \u00ab\u00a0handicap\u00a0\u00bb? Une \u00e9tude sur la recherche du \u00ab\u00a0sens du handicap\u00a0\u00bb qui implique que le plus \u00ab\u00a0fort\u00a0\u00bb, celui qui dispose de la sant\u00e9 d\u00e9couvre et reconnaisse que le plus \u00ab\u00a0faible\u00a0\u00bb, le \u00ab\u00a0malade\u00a0\u00bb vit une exp\u00e9rience humaine et se construit un sens que seule son exp\u00e9rience de la faiblesse lui permet d&rsquo;\u00e9laborer et de communiquer. C&rsquo;est en conjuguant leurs exp\u00e9riences singuli\u00e8res que l&rsquo;un et l&rsquo;autre s&rsquo;acheminent vers la d\u00e9couverte d&rsquo;un sens plein de dignit\u00e9 de l&rsquo;humain. Le handicap est une r\u00e9alit\u00e9 sociale dynamique et complexe. Ce recueil rassemble, autour de la question des rapports actuels entre la famille et le handicap, les r\u00e9flexions de t\u00e9moins porteurs d&rsquo;un handicap et de chercheurs et intervenants sp\u00e9cialis\u00e9s en sciences humaines. (Pr\u00e9sentation de l\u2019\u00e9diteur)<\/p>\n<p>SERVAIS P.<\/p>\n<p>Academia Bruylant<\/p>\n<p>2001-110 p.<\/p>\n<p>ISBN\u00a0: 2-87209-645-0<\/p>\n<p>Cote doc\u00a0: 7-10-SER-H\/2<\/p>\n<p><strong><em>Uniquement \u00e0 la location<\/em><\/strong><\/p>\n<span class=\"et_bloom_bottom_trigger\"><\/span>","protected":false},"excerpt":{"rendered":"<p>Quel sens individuel, familial, social, donn\u00e9 au \u00ab\u00a0handicap\u00a0\u00bb? Une \u00e9tude sur la recherche du \u00ab\u00a0sens du handicap\u00a0\u00bb qui implique que le plus \u00ab\u00a0fort\u00a0\u00bb, celui qui dispose de la sant\u00e9 d\u00e9couvre et reconnaisse que le plus \u00ab\u00a0faible\u00a0\u00bb, le \u00ab\u00a0malade\u00a0\u00bb vit une exp\u00e9rience humaine et se construit un sens que seule son exp\u00e9rience de la faiblesse lui permet d&rsquo;\u00e9laborer et de communiquer.<\/p>\n","protected":false},"featured_media":1634,"comment_status":"closed","ping_status":"closed","template":"","meta":{"_et_pb_use_builder":"","_et_pb_old_content":"","_et_gb_content_width":"","spay_email":""},"class_list":["post-1633","product","type-product","status-publish","has-post-thumbnail","hentry","product_cat-livres","product_tag-accueil","product_tag-annonce-du-handicap","product_tag-attitude","product_tag-autisme","product_tag-autonomie","product_tag-deficience-intellectuelle","product_tag-dignite","product_tag-discrimination","product_tag-enfant","product_tag-ethique","product_tag-famille","product_tag-fratrie","product_tag-informatique","product_tag-integration","product_tag-intervenant","product_tag-parent","product_tag-personne-agee","product_tag-personne-handicapee","product_tag-respect","product_tag-sexualite","product_tag-societe","product_tag-temoignage","product_tag-trisomie-21","product_tag-victime"],"jetpack_sharing_enabled":true,"jetpack_likes_enabled":true,"_links":{"self":[{"href":"https:\/\/www.parthages.be\/eboutique\/wp-json\/wp\/v2\/product\/1633","targetHints":{"allow":["GET"]}}],"collection":[{"href":"https:\/\/www.parthages.be\/eboutique\/wp-json\/wp\/v2\/product"}],"about":[{"href":"https:\/\/www.parthages.be\/eboutique\/wp-json\/wp\/v2\/types\/product"}],"replies":[{"embeddable":true,"href":"https:\/\/www.parthages.be\/eboutique\/wp-json\/wp\/v2\/comments?post=1633"}],"wp:featuredmedia":[{"embeddable":true,"href":"https:\/\/www.parthages.be\/eboutique\/wp-json\/wp\/v2\/media\/1634"}],"wp:attachment":[{"href":"https:\/\/www.parthages.be\/eboutique\/wp-json\/wp\/v2\/media?parent=1633"}],"curies":[{"name":"wp","href":"https:\/\/api.w.org\/{rel}","templated":true}]}}