{"id":1636,"date":"2021-08-23T09:46:13","date_gmt":"2021-08-23T07:46:13","guid":{"rendered":"https:\/\/www.parthages.be\/eboutique\/?post_type=product&#038;p=1636"},"modified":"2021-08-23T09:46:14","modified_gmt":"2021-08-23T07:46:14","slug":"handicap-lethique-dans-les-pratiques-cliniques","status":"publish","type":"product","link":"https:\/\/www.parthages.be\/eboutique\/produit\/handicap-lethique-dans-les-pratiques-cliniques\/","title":{"rendered":"Handicap: l&rsquo;\u00e9thique dans les pratiques cliniques"},"content":{"rendered":"<p>Les pratiques cliniques aupr\u00e8s de personnes en situation de handicap\u00a0soul\u00e8vent de multiples questions fondamentales sur l\u2019origine, la vie ou la mort (avec, notamment, le diagnostic pr\u00e9natal), la procr\u00e9ation et la filiation (le droit \u00e0 la sexualit\u00e9 et \u00e0 la parentalit\u00e9 des personnes handicap\u00e9es), sur l\u2019autonomie et le respect de l\u2019alt\u00e9rit\u00e9 (probl\u00e8me de tutelle, du choix du lieu de vie). Elles impliquent de s\u2019interroger d\u2019un point de vue \u00e9thique sur l&rsquo;anormalit\u00e9, le rapport entre corps et psych\u00e9, l&rsquo;articulation entre pens\u00e9e et langage, l&rsquo;alt\u00e9rit\u00e9, la question du mal et de l&rsquo;absurde, l\u2019appartenance \u00e0 l\u2019humain, et d\u2019\u00e9tudier leurs enjeux psycho (patho) logiques, en particulier inconscients.<\/p>\n<p>Elabor\u00e9 \u00e0 la suite du deuxi\u00e8me s\u00e9minaire interuniversitaire\u00a0sur le handicap, cet ouvrage aborde la complexit\u00e9 de l\u2019intrication entre \u00e9thique et clinique dans une perspective pluridisciplinaire, et ouvre sur la diversit\u00e9 des situations et des recherches engag\u00e9es et \u00e0 entreprendre dans le champ du handicap. (Pr\u00e9sentation de l\u2019\u00e9diteur)<\/p>\n<p>SCELLES R.<\/p>\n<p>Editions Er\u00e8s<\/p>\n<p>2008-296p.-26\u20ac<\/p>\n<p>490gr<\/p>\n<p>ISBN\u00a0: 978-2-7492-0955-5<\/p>\n<p>Cote doc\u00a0:7-10-SCE-H<\/p>\n<span class=\"et_bloom_bottom_trigger\"><\/span>","protected":false},"excerpt":{"rendered":"<p>Les pratiques cliniques aupr\u00e8s de personnes en situation de handicap\u00a0soul\u00e8vent de multiples questions fondamentales sur l\u2019origine, la vie ou la mort (avec, notamment, le diagnostic pr\u00e9natal), la procr\u00e9ation et la filiation (le droit \u00e0 la sexualit\u00e9 et \u00e0 la parentalit\u00e9 des personnes handicap\u00e9es), sur l\u2019autonomie et le respect de l\u2019alt\u00e9rit\u00e9 (probl\u00e8me de tutelle, du choix du lieu de vie).<\/p>\n","protected":false},"featured_media":1637,"comment_status":"closed","ping_status":"closed","template":"","meta":{"_et_pb_use_builder":"","_et_pb_old_content":"","_et_gb_content_width":"","spay_email":""},"class_list":["post-1636","product","type-product","status-publish","has-post-thumbnail","hentry","product_cat-livres","product_tag-autisme","product_tag-autonomie","product_tag-diagnostic-prenatal","product_tag-ethique","product_tag-identite","product_tag-parentalite","product_tag-personne-handicapee","product_tag-pratique-medicale","product_tag-sexualite","product_tag-soins"],"jetpack_sharing_enabled":true,"jetpack_likes_enabled":true,"_links":{"self":[{"href":"https:\/\/www.parthages.be\/eboutique\/wp-json\/wp\/v2\/product\/1636","targetHints":{"allow":["GET"]}}],"collection":[{"href":"https:\/\/www.parthages.be\/eboutique\/wp-json\/wp\/v2\/product"}],"about":[{"href":"https:\/\/www.parthages.be\/eboutique\/wp-json\/wp\/v2\/types\/product"}],"replies":[{"embeddable":true,"href":"https:\/\/www.parthages.be\/eboutique\/wp-json\/wp\/v2\/comments?post=1636"}],"wp:featuredmedia":[{"embeddable":true,"href":"https:\/\/www.parthages.be\/eboutique\/wp-json\/wp\/v2\/media\/1637"}],"wp:attachment":[{"href":"https:\/\/www.parthages.be\/eboutique\/wp-json\/wp\/v2\/media?parent=1636"}],"curies":[{"name":"wp","href":"https:\/\/api.w.org\/{rel}","templated":true}]}}