{"id":1661,"date":"2021-09-01T12:28:16","date_gmt":"2021-09-01T10:28:16","guid":{"rendered":"https:\/\/www.parthages.be\/eboutique\/?post_type=product&#038;p=1661"},"modified":"2021-09-01T12:28:17","modified_gmt":"2021-09-01T10:28:17","slug":"les-personnes-handicapees-face-au-diagnostic-prenatal-eliminer-avant-la-naissance-ou-accompagner","status":"publish","type":"product","link":"https:\/\/www.parthages.be\/eboutique\/produit\/les-personnes-handicapees-face-au-diagnostic-prenatal-eliminer-avant-la-naissance-ou-accompagner\/","title":{"rendered":"Les personnes handicap\u00e9es face au diagnostic pr\u00e9natal : \u00e9liminer avant la naissance ou accompagner?"},"content":{"rendered":"<p>\u00c0 l&rsquo;origine de ce texte, des propos d&rsquo;hommes et de femmes touch\u00e9s par des d\u00e9ficiences physiques ou mentales : \u00a0\u00bb Mais alors, il ne va plus y avoir de handicap\u00e9s sur terre, ils n&rsquo;auront plus le droit de vivre ! \u00a0\u00bb avaient dit Paul et No\u00e9mi \u00e0 la suite d&rsquo;une \u00e9mission de t\u00e9l\u00e9vision consacr\u00e9e \u00e0 l&rsquo;interruption m\u00e9dicale de grossesse.<\/p>\n<p>Ces techniques sont-elles ressenties par les personnes handicap\u00e9es comme une invalidation de leur vie ou au contraire, devant les difficult\u00e9s occasionn\u00e9es par une d\u00e9ficience, per\u00e7ues comme un progr\u00e8s ? Telle est la question qui a engag\u00e9 les auteurs dans une \u00e9tude de plus de trois ann\u00e9es pendant lesquelles ont \u00e9t\u00e9 recueillies les analyses de tous ceux et celles qui, touch\u00e9s par un handicap moteur souhaitaient s&rsquo;exprimer sur ces questions \u00e9thiques. Bien que prioritairement concern\u00e9s, c&rsquo;est la premi\u00e8re fois qu&rsquo;ils se trouvent consult\u00e9s sur un tel sujet. Cinquante personnes ont ici livr\u00e9 leurs t\u00e9moignages auxquels se sont ajout\u00e9s ceux de parents ou de proches. Elles nous apportent des r\u00e9flexions \u00e9tonnantes, \u00e0 la fois pertinentes et \u00e9mouvantes, qui bouleversent les id\u00e9es re\u00e7ues et poussent le lecteur dans ses retranchements. Qui peut d\u00e9cider que telle vie n&rsquo;a pas de raison d&rsquo;\u00eatre ? Quel regard la soci\u00e9t\u00e9 porte-t-elle sur les personnes handicap\u00e9es ? Mettre en \u0153uvre les connaissances scientifiques pour tenter par les th\u00e9rapies g\u00e9niques, d&rsquo;\u00e9liminer les anomalies g\u00e9n\u00e9tiques, dispense-t-il la soci\u00e9t\u00e9 de se pr\u00e9occuper de la qualit\u00e9 de la vie des personnes handicap\u00e9es et de leur accompagnement au quotidien ? (Pr\u00e9sentation de l\u2019\u00e9diteur)<\/p>\n<p>&nbsp;<\/p>\n<p>MOYSE D.- DIEDERICH N.<\/p>\n<p>Editions Er\u00e8s<\/p>\n<p>2001-189p.<\/p>\n<p>ISBN\u00a0: 2-86586-926-1<\/p>\n<p>Cote doc\u00a0: 7-10-MOY-P<\/p>\n<p><strong><em>Uniquement \u00e0 la location<\/em><\/strong><\/p>\n<span class=\"et_bloom_bottom_trigger\"><\/span>","protected":false},"excerpt":{"rendered":"<p>\u00c0 l&rsquo;origine de ce texte, des propos d&rsquo;hommes et de femmes touch\u00e9s par des d\u00e9ficiences physiques ou mentales : \u00a0\u00bb Mais alors, il ne va plus y avoir de handicap\u00e9s sur terre, ils n&rsquo;auront plus le droit de vivre ! \u00a0\u00bb avaient dit Paul et No\u00e9mi \u00e0 la suite d&rsquo;une \u00e9mission de t\u00e9l\u00e9vision consacr\u00e9e \u00e0 l&rsquo;interruption m\u00e9dicale de grossesse.<\/p>\n","protected":false},"featured_media":1662,"comment_status":"closed","ping_status":"closed","template":"","meta":{"_et_pb_use_builder":"","_et_pb_old_content":"","_et_gb_content_width":"","spay_email":""},"class_list":["post-1661","product","type-product","status-publish","has-post-thumbnail","hentry","product_cat-livres","product_tag-accompagnement","product_tag-deficience-physique","product_tag-droit","product_tag-ethique","product_tag-euthanasie","product_tag-itg","product_tag-personne-handicapee","product_tag-prise-en-charge","product_tag-temoignage"],"jetpack_sharing_enabled":true,"jetpack_likes_enabled":true,"_links":{"self":[{"href":"https:\/\/www.parthages.be\/eboutique\/wp-json\/wp\/v2\/product\/1661","targetHints":{"allow":["GET"]}}],"collection":[{"href":"https:\/\/www.parthages.be\/eboutique\/wp-json\/wp\/v2\/product"}],"about":[{"href":"https:\/\/www.parthages.be\/eboutique\/wp-json\/wp\/v2\/types\/product"}],"replies":[{"embeddable":true,"href":"https:\/\/www.parthages.be\/eboutique\/wp-json\/wp\/v2\/comments?post=1661"}],"wp:featuredmedia":[{"embeddable":true,"href":"https:\/\/www.parthages.be\/eboutique\/wp-json\/wp\/v2\/media\/1662"}],"wp:attachment":[{"href":"https:\/\/www.parthages.be\/eboutique\/wp-json\/wp\/v2\/media?parent=1661"}],"curies":[{"name":"wp","href":"https:\/\/api.w.org\/{rel}","templated":true}]}}