{"id":1697,"date":"2021-09-03T10:16:48","date_gmt":"2021-09-03T08:16:48","guid":{"rendered":"https:\/\/www.parthages.be\/eboutique\/?post_type=product&#038;p=1697"},"modified":"2021-09-03T10:16:49","modified_gmt":"2021-09-03T08:16:49","slug":"handicap-lethique-dans-les-pratiques-cliniques-2","status":"publish","type":"product","link":"https:\/\/www.parthages.be\/eboutique\/produit\/handicap-lethique-dans-les-pratiques-cliniques-2\/","title":{"rendered":"Handicap : l&rsquo;\u00e9thique dans les pratiques cliniques"},"content":{"rendered":"<p>Dans ces douze conf\u00e9rences adress\u00e9es aux acteurs du travail \u00e9ducatif et social et de l&rsquo;\u00e9ducation sp\u00e9cialis\u00e9e, l&rsquo;auteur propose, \u00e0 partir d&rsquo;un ensemble de r\u00e9cits et d&rsquo;analyses de situations, une r\u00e9flexion sur les sujets essentiels \u00e0 leurs pratiques quotidiennes. Dans le domaine du handicap mental on se pr\u00e9occupe trop d&rsquo;aborder la question des dispositifs et des m\u00e9thodes sans chercher \u00e0 savoir si ces derni\u00e8res sont habit\u00e9es par une \u00e2me ou un visage. Une \u00e9thique doit en faciliter une relecture critique et permettre aux personnes d&rsquo;acqu\u00e9rir une histoire et un destin\u00a0malgr\u00e9\u00a0l&rsquo;institution. (Pr\u00e9sentation de l\u2019\u00e9diteur)<\/p>\n<p>GOMEZ J.F.<\/p>\n<p>Editions Er\u00e8s<\/p>\n<p>2005-199p.<\/p>\n<p>ISBN\u00a0: 2-10-048581-4<\/p>\n<p>Cote doc\u00a0: 7-10-GOM-H<\/p>\n<p><strong><em>Uniquement \u00e0 la location<\/em><\/strong><\/p>\n<span class=\"et_bloom_bottom_trigger\"><\/span>","protected":false},"excerpt":{"rendered":"<p>Dans ces douze conf\u00e9rences adress\u00e9es aux acteurs du travail \u00e9ducatif et social et de l&rsquo;\u00e9ducation sp\u00e9cialis\u00e9e, l&rsquo;auteur propose, \u00e0 partir d&rsquo;un ensemble de r\u00e9cits et d&rsquo;analyses de situations, une r\u00e9flexion sur les sujets essentiels \u00e0 leurs pratiques quotidiennes.<\/p>\n","protected":false},"featured_media":1698,"comment_status":"closed","ping_status":"closed","template":"","meta":{"_et_pb_use_builder":"","_et_pb_old_content":"","_et_gb_content_width":"","spay_email":""},"class_list":["post-1697","product","type-product","status-publish","has-post-thumbnail","hentry","product_cat-livres","product_tag-educateur","product_tag-ethique","product_tag-etudiant","product_tag-formation","product_tag-institution","product_tag-psychanalyse","product_tag-representation-sociale","product_tag-travail-social"],"jetpack_sharing_enabled":true,"jetpack_likes_enabled":true,"_links":{"self":[{"href":"https:\/\/www.parthages.be\/eboutique\/wp-json\/wp\/v2\/product\/1697","targetHints":{"allow":["GET"]}}],"collection":[{"href":"https:\/\/www.parthages.be\/eboutique\/wp-json\/wp\/v2\/product"}],"about":[{"href":"https:\/\/www.parthages.be\/eboutique\/wp-json\/wp\/v2\/types\/product"}],"replies":[{"embeddable":true,"href":"https:\/\/www.parthages.be\/eboutique\/wp-json\/wp\/v2\/comments?post=1697"}],"wp:featuredmedia":[{"embeddable":true,"href":"https:\/\/www.parthages.be\/eboutique\/wp-json\/wp\/v2\/media\/1698"}],"wp:attachment":[{"href":"https:\/\/www.parthages.be\/eboutique\/wp-json\/wp\/v2\/media?parent=1697"}],"curies":[{"name":"wp","href":"https:\/\/api.w.org\/{rel}","templated":true}]}}