{"id":1704,"date":"2021-09-03T11:01:47","date_gmt":"2021-09-03T09:01:47","guid":{"rendered":"https:\/\/www.parthages.be\/eboutique\/?post_type=product&#038;p=1704"},"modified":"2021-09-03T11:02:25","modified_gmt":"2021-09-03T09:02:25","slug":"des-innovations-sociales-par-et-pour-les-personnes-en-situation-de-handicap-2","status":"publish","type":"product","link":"https:\/\/www.parthages.be\/eboutique\/produit\/des-innovations-sociales-par-et-pour-les-personnes-en-situation-de-handicap-2\/","title":{"rendered":"Des innovations sociales par et pour les personnes en situation de handicap"},"content":{"rendered":"<p>Les r\u00e9seaux militants, cr\u00e9\u00e9s et port\u00e9s par des personnes en situation de handicap pour des personnes en situation de handicap, sont tr\u00e8s mal connus du grand public, tout comme des professionnels du sanitaire et du social en France. Pour la plupart, issus d&rsquo;horizons internationaux, ils ont d\u00e9velopp\u00e9 des exp\u00e9riences originales qui questionnent le projet inclusif de notre soci\u00e9t\u00e9 et apportent des \u00e9l\u00e9ments constructifs au d\u00e9bat citoyen sur l&rsquo;accompagnement des personnes en situation de handicap, bien au-del\u00e0 de nos usuels horizons de pens\u00e9e.<\/p>\n<p>Qu&rsquo;elles proviennent du Bangladesh, du Canada, des \u00c9tats-Unis, de la Grande-Bretagne, de la Hongrie, de la Su\u00e8de ou bien de la France, les innovations sociales pr\u00e9sent\u00e9es ici portent en elles de nouvelles conceptions de la sant\u00e9, du handicap ou de la maladie, soutiennent d&rsquo;autres visions de l&rsquo;autonomie ou de l&rsquo;autod\u00e9termination, donnent \u00e0 voir des pratiques et usages alternatifs, et, enfin, montrent des chemins permettant le d\u00e9veloppement de potentiels souvent insoup\u00e7onn\u00e9s. Ces innovations sociales dessinent le paysage d&rsquo;un autre \u00ab\u00a0vivre-ensemble\u00a0\u00bb et mettent en lumi\u00e8re la possibilit\u00e9 d&rsquo;une autre politique publique.<\/p>\n<p>Sociologue, Eve Gardien poursuit des recherches sur les situations de handicap depuis dix ans d\u00e9j\u00e0. Aujourd&rsquo;hui chercheure associ\u00e9e au centre Max-Weber (UMR 5283), elle s&rsquo;int\u00e9resse tout particuli\u00e8rement \u00e0 l&rsquo;\u00e9mergence des savoirs profanes en situation de handicap. (Pr\u00e9sentation de l\u2019\u00e9diteur)<\/p>\n<p>GARDIEN E.<\/p>\n<p>Editions Er\u00e8s<\/p>\n<p>2012-280p.<\/p>\n<p>ISBN\u00a0: 978-2-7492-3322-2<\/p>\n<p>Cote doc\u00a0:\u00a07-10-GAR-I<\/p>\n<span class=\"et_bloom_bottom_trigger\"><\/span>","protected":false},"excerpt":{"rendered":"<p>Les r\u00e9seaux militants, cr\u00e9\u00e9s et port\u00e9s par des personnes en situation de handicap pour des personnes en situation de handicap, sont tr\u00e8s mal connus du grand public, tout comme des professionnels du sanitaire et du social en France.<\/p>\n","protected":false},"featured_media":1705,"comment_status":"closed","ping_status":"closed","template":"","meta":{"_et_pb_use_builder":"","_et_pb_old_content":"","_et_gb_content_width":"","spay_email":""},"class_list":["post-1704","product","type-product","status-publish","has-post-thumbnail","hentry","product_cat-livres","product_tag-autodetermination","product_tag-bangladesh","product_tag-canada","product_tag-citoyennete","product_tag-concept","product_tag-evolution","product_tag-france","product_tag-grande-bretagne","product_tag-hongrie","product_tag-inclusion","product_tag-innovation","product_tag-participation-sociale","product_tag-personne-handicapee","product_tag-sante","product_tag-sociologie","product_tag-suede","product_tag-usa"],"jetpack_sharing_enabled":true,"jetpack_likes_enabled":true,"_links":{"self":[{"href":"https:\/\/www.parthages.be\/eboutique\/wp-json\/wp\/v2\/product\/1704","targetHints":{"allow":["GET"]}}],"collection":[{"href":"https:\/\/www.parthages.be\/eboutique\/wp-json\/wp\/v2\/product"}],"about":[{"href":"https:\/\/www.parthages.be\/eboutique\/wp-json\/wp\/v2\/types\/product"}],"replies":[{"embeddable":true,"href":"https:\/\/www.parthages.be\/eboutique\/wp-json\/wp\/v2\/comments?post=1704"}],"wp:featuredmedia":[{"embeddable":true,"href":"https:\/\/www.parthages.be\/eboutique\/wp-json\/wp\/v2\/media\/1705"}],"wp:attachment":[{"href":"https:\/\/www.parthages.be\/eboutique\/wp-json\/wp\/v2\/media?parent=1704"}],"curies":[{"name":"wp","href":"https:\/\/api.w.org\/{rel}","templated":true}]}}