{"id":1708,"date":"2021-09-03T11:06:26","date_gmt":"2021-09-03T09:06:26","guid":{"rendered":"https:\/\/www.parthages.be\/eboutique\/?post_type=product&#038;p=1708"},"modified":"2021-09-03T11:06:27","modified_gmt":"2021-09-03T09:06:27","slug":"le-handicap-par-ceux-qui-le-vivent","status":"publish","type":"product","link":"https:\/\/www.parthages.be\/eboutique\/produit\/le-handicap-par-ceux-qui-le-vivent\/","title":{"rendered":"Le handicap par ceux qui le vivent"},"content":{"rendered":"<p>La parole est ici exclusivement donn\u00e9e \u00e0 des femmes et des hommes en situation de handicap. Experts, au sens premier du terme, ils \u00ab \u00e9prouvent \u00bb, ils savent par exp\u00e9rience les r\u00e9sonances d\u2019une d\u00e9ficience motrice, physique, auditive, visuelle, intellectuelle ou psychique. Quelle est leur r\u00e9alit\u00e9 existentielle ? En quoi leur condition sp\u00e9cifique influe-t-elle sur leur place, leur statut et leurs r\u00f4les ? Quelles strat\u00e9gies adaptatives mettent-ils en \u0153uvre ? Quelles sont leurs mani\u00e8res sp\u00e9cifiques d\u2019habiter l\u2019espace et de vivre le temps ? Quelle image se font-ils du monde ? Comment con\u00e7oivent-ils les normes et les valeurs, l\u2019\u00e9galit\u00e9 et la libert\u00e9 ? C\u2019est autour de ces interrogations et bien d\u2019autres encore que Charles Gardou a con\u00e7u et r\u00e9alis\u00e9 ce projet \u00e9ditorial avec eux. Leurs propos pr\u00e9viennent contre la pens\u00e9e toute faite et rappellent une \u00e9vidence qui fait n\u00e9cessit\u00e9 : une part essentielle du savoir se trouve aupr\u00e8s de ceux qui vivent cette r\u00e9alit\u00e9 humaine.<\/p>\n<p>Ces pages, qui proc\u00e8dent d\u2019une anthropologie du tr\u00e8s proche, nous conduisent des nuances de la singularit\u00e9 aux couleurs de l\u2019universel : l\u2019Homme est n\u00e9 pour la libert\u00e9. C\u2019est vrai pour tous les \u00eatres humains et ceux qui vivent le handicap au quotidien n\u2019y font pas exception. Pr\u00e9sentation de l\u2019\u00e9diteur)<\/p>\n<p>GARDOU C.<\/p>\n<p>Editions Er\u00e8s<\/p>\n<p>2009-242p.-25\u20ac<\/p>\n<p>330gr<\/p>\n<p>ISBN\u00a0: 978-2-7492-1087-2<\/p>\n<p>Cote doc\u00a0: 7-10-GAR-H<\/p>\n<span class=\"et_bloom_bottom_trigger\"><\/span>","protected":false},"excerpt":{"rendered":"<p>La parole est ici exclusivement donn\u00e9e \u00e0 des femmes et des hommes en situation de handicap. Experts, au sens premier du terme, ils \u00ab \u00e9prouvent \u00bb, ils savent par exp\u00e9rience les r\u00e9sonances d\u2019une d\u00e9ficience motrice, physique, auditive, visuelle, intellectuelle ou psychique. Quelle est leur r\u00e9alit\u00e9 existentielle ?<\/p>\n","protected":false},"featured_media":1709,"comment_status":"closed","ping_status":"closed","template":"","meta":{"_et_pb_use_builder":"","_et_pb_old_content":"","_et_gb_content_width":"","spay_email":""},"class_list":["post-1708","product","type-product","status-publish","has-post-thumbnail","hentry","product_cat-livres","product_tag-anthropologie","product_tag-femme","product_tag-handicap","product_tag-homme","product_tag-identite","product_tag-image-de-soi","product_tag-image-du-corps","product_tag-integration","product_tag-sociologie","product_tag-temoignage"],"jetpack_sharing_enabled":true,"jetpack_likes_enabled":true,"_links":{"self":[{"href":"https:\/\/www.parthages.be\/eboutique\/wp-json\/wp\/v2\/product\/1708","targetHints":{"allow":["GET"]}}],"collection":[{"href":"https:\/\/www.parthages.be\/eboutique\/wp-json\/wp\/v2\/product"}],"about":[{"href":"https:\/\/www.parthages.be\/eboutique\/wp-json\/wp\/v2\/types\/product"}],"replies":[{"embeddable":true,"href":"https:\/\/www.parthages.be\/eboutique\/wp-json\/wp\/v2\/comments?post=1708"}],"wp:featuredmedia":[{"embeddable":true,"href":"https:\/\/www.parthages.be\/eboutique\/wp-json\/wp\/v2\/media\/1709"}],"wp:attachment":[{"href":"https:\/\/www.parthages.be\/eboutique\/wp-json\/wp\/v2\/media?parent=1708"}],"curies":[{"name":"wp","href":"https:\/\/api.w.org\/{rel}","templated":true}]}}