{"id":1725,"date":"2021-09-06T16:09:14","date_gmt":"2021-09-06T14:09:14","guid":{"rendered":"https:\/\/www.parthages.be\/eboutique\/?post_type=product&#038;p=1725"},"modified":"2022-02-18T10:32:03","modified_gmt":"2022-02-18T09:32:03","slug":"handicapes-laccueil-depuis-lenfance","status":"publish","type":"product","link":"https:\/\/www.parthages.be\/eboutique\/produit\/handicapes-laccueil-depuis-lenfance\/","title":{"rendered":"Handicap\u00e9s: l&rsquo;accueil depuis l&rsquo;enfance"},"content":{"rendered":"<p>T\u00e9moignages \u00e9mouvants, exemples vivants recueillis au cours d&rsquo;une large enqu\u00eate men\u00e9e avec rigueur dans les \u00e9coles, ce livre montre que l&rsquo;enfant handicap\u00e9 peut et doit b\u00e9n\u00e9ficier d&rsquo;une continuit\u00e9 \u00e9ducative, acc\u00e9der aux loisirs et, plus tard, au travail. L&rsquo;auteur d\u00e9crit, apr\u00e8s un aper\u00e7u historique, la nature et les origines de divers handicaps, la douloureuse r\u00e9v\u00e9lation du handicap et la n\u00e9cessit\u00e9 de sa prise en compte dans la famille, \u00e0 l&rsquo;\u00e9cole et dans la vie courante. (Pr\u00e9sentation de l\u2019\u00e9diteur)<\/p>\n<p>COHEN S.<\/p>\n<p>Editions L&rsquo;Harmattan<\/p>\n<p>2007-258p.-22\u20ac<\/p>\n<p>305gr<\/p>\n<p>ISBN\u00a0: 978-2-296-03798-4<\/p>\n<p>Cote doc\u00a0: 7-10-COH-H<\/p>\n<span class=\"et_bloom_bottom_trigger\"><\/span>","protected":false},"excerpt":{"rendered":"<p>T\u00e9moignages \u00e9mouvants, exemples vivants recueillis au cours d&rsquo;une large enqu\u00eate men\u00e9e avec rigueur dans les \u00e9coles, ce livre montre que l&rsquo;enfant handicap\u00e9 peut et doit b\u00e9n\u00e9ficier d&rsquo;une continuit\u00e9 \u00e9ducative, acc\u00e9der aux loisirs et, plus tard, au travail.<\/p>\n","protected":false},"featured_media":1726,"comment_status":"closed","ping_status":"closed","template":"","meta":{"_et_pb_use_builder":"","_et_pb_old_content":"","_et_gb_content_width":"","spay_email":""},"class_list":["post-1725","product","type-product","status-publish","has-post-thumbnail","hentry","product_cat-livres","product_cat-livres-jeunesse","product_tag-accueil-de-lenfant","product_tag-citoyennete","product_tag-droit","product_tag-enfant-handicape","product_tag-ethique","product_tag-france","product_tag-histoire","product_tag-jeune-adulte","product_tag-temoignage"],"jetpack_sharing_enabled":true,"jetpack_likes_enabled":true,"_links":{"self":[{"href":"https:\/\/www.parthages.be\/eboutique\/wp-json\/wp\/v2\/product\/1725","targetHints":{"allow":["GET"]}}],"collection":[{"href":"https:\/\/www.parthages.be\/eboutique\/wp-json\/wp\/v2\/product"}],"about":[{"href":"https:\/\/www.parthages.be\/eboutique\/wp-json\/wp\/v2\/types\/product"}],"replies":[{"embeddable":true,"href":"https:\/\/www.parthages.be\/eboutique\/wp-json\/wp\/v2\/comments?post=1725"}],"wp:featuredmedia":[{"embeddable":true,"href":"https:\/\/www.parthages.be\/eboutique\/wp-json\/wp\/v2\/media\/1726"}],"wp:attachment":[{"href":"https:\/\/www.parthages.be\/eboutique\/wp-json\/wp\/v2\/media?parent=1725"}],"curies":[{"name":"wp","href":"https:\/\/api.w.org\/{rel}","templated":true}]}}