{"id":1740,"date":"2021-09-06T16:33:17","date_gmt":"2021-09-06T14:33:17","guid":{"rendered":"https:\/\/www.parthages.be\/eboutique\/?post_type=product&#038;p=1740"},"modified":"2021-09-06T16:33:17","modified_gmt":"2021-09-06T14:33:17","slug":"handicap-de-la-difference-a-la-singularite","status":"publish","type":"product","link":"https:\/\/www.parthages.be\/eboutique\/produit\/handicap-de-la-difference-a-la-singularite\/","title":{"rendered":"Handicap: de la diff\u00e9rence \u00e0 la singularit\u00e9"},"content":{"rendered":"<p>Ce livre s&rsquo;adresse \u00e0 toute personne qui souhaite s&rsquo;ouvrir \u00e0 une r\u00e9flexion sur le r\u00f4le qu&rsquo;elle-m\u00eame et la soci\u00e9t\u00e9 exercent dans les situations pr\u00e9caires auxquelles de nombreuses \u00ab personnes handicap\u00e9es \u00bb sont encore confront\u00e9es \u00e0 l&rsquo;heure actuelle. De plus, dans la mesure o\u00f9 le handicap peut toucher chaque \u00eatre humain \u00e0 tout moment, les \u00e9crits r\u00e9unis dans cet ouvrage concernent tout un chacun, donc Vous et Moi au quotidien. Dans un effort de d\u00e9passement, l&rsquo;ouvrage puise dans les multiples contradictions qui nous habitent et qui \u00e9mergent face \u00e0 la d\u00e9ficience &#8211; la sienne ou celle des autres. Au fil des textes, le lecteur est ainsi invit\u00e9 \u00e0 abandonner une conception normative de l&rsquo;\u00eatre humain, qui conduit \u00e0 consid\u00e9rer la \u00ab personne handicap\u00e9e \u00bb comme une \u00ab anormalit\u00e9 \u00bb, une \u00aberreur \u00bb. Ce faisant, l&rsquo;ouvrage s&rsquo;interroge sur les implications, pratiques et id\u00e9ologiques, de cette remise en question de la \u00ab normalit\u00e9 \u00bb. Cette<\/p>\n<p>\u00ab normalit\u00e9 \u00bb m\u00eame dont nous v\u00e9hiculons et subissons l&rsquo;\u00e9loge dans nos pratiques quotidiennes et pour laquelle notre soci\u00e9t\u00e9 et son fonctionnement sont structur\u00e9s. Un DVD est joint sur ce qu\u2019implique le d\u00e9placement en fauteuil roulant par rapport \u00e0 la ville et aux autres. Sous titrage pour sourds et malentendants.<\/p>\n<p>BORIOLI J.- LAUB R.<\/p>\n<p>Editions m\u00e9decine et hygi\u00e8ne<\/p>\n<p>2007-227p.<\/p>\n<p>ISBN\u00a0: 978- 2-88049-246-5<\/p>\n<p>Cote doc\u00a0: 7-10-BOR-H<\/p>\n<p><strong><em>Uniquement \u00e0 la location<\/em><\/strong><\/p>\n<span class=\"et_bloom_bottom_trigger\"><\/span>","protected":false},"excerpt":{"rendered":"<p>Ce livre s&rsquo;adresse \u00e0 toute personne qui souhaite s&rsquo;ouvrir \u00e0 une r\u00e9flexion sur le r\u00f4le qu&rsquo;elle-m\u00eame et la soci\u00e9t\u00e9 exercent dans les situations pr\u00e9caires auxquelles de nombreuses \u00ab personnes handicap\u00e9es \u00bb sont encore confront\u00e9es \u00e0 l&rsquo;heure actuelle.<\/p>\n","protected":false},"featured_media":1741,"comment_status":"closed","ping_status":"closed","template":"","meta":{"_et_pb_use_builder":"","_et_pb_old_content":"","_et_gb_content_width":"","spay_email":""},"class_list":["post-1740","product","type-product","status-publish","has-post-thumbnail","hentry","product_cat-livres","product_tag-acceptation","product_tag-egalite-des-chances","product_tag-facteur-environnemental","product_tag-identite","product_tag-integration-sociale","product_tag-norme-sociale","product_tag-personne-handicapee","product_tag-representation-sociale","product_tag-sexualite","product_tag-vie-quotidienne"],"jetpack_sharing_enabled":true,"jetpack_likes_enabled":true,"_links":{"self":[{"href":"https:\/\/www.parthages.be\/eboutique\/wp-json\/wp\/v2\/product\/1740","targetHints":{"allow":["GET"]}}],"collection":[{"href":"https:\/\/www.parthages.be\/eboutique\/wp-json\/wp\/v2\/product"}],"about":[{"href":"https:\/\/www.parthages.be\/eboutique\/wp-json\/wp\/v2\/types\/product"}],"replies":[{"embeddable":true,"href":"https:\/\/www.parthages.be\/eboutique\/wp-json\/wp\/v2\/comments?post=1740"}],"wp:featuredmedia":[{"embeddable":true,"href":"https:\/\/www.parthages.be\/eboutique\/wp-json\/wp\/v2\/media\/1741"}],"wp:attachment":[{"href":"https:\/\/www.parthages.be\/eboutique\/wp-json\/wp\/v2\/media?parent=1740"}],"curies":[{"name":"wp","href":"https:\/\/api.w.org\/{rel}","templated":true}]}}