{"id":1774,"date":"2021-09-06T17:14:08","date_gmt":"2021-09-06T15:14:08","guid":{"rendered":"https:\/\/www.parthages.be\/eboutique\/?post_type=product&#038;p=1774"},"modified":"2021-09-07T10:26:57","modified_gmt":"2021-09-07T08:26:57","slug":"laccessibilite-des-lieux-de-travail","status":"publish","type":"product","link":"https:\/\/www.parthages.be\/eboutique\/produit\/laccessibilite-des-lieux-de-travail\/","title":{"rendered":"L&rsquo;accessibilit\u00e9 des lieux de travail"},"content":{"rendered":"<p>Suite aux r\u00e9centes r\u00e9formes en mati\u00e8re d&rsquo;accessibilit\u00e9 pour tous, dont de nombreuses composantes entreront en vigueur \u00e0 partir de 2009, ce livre r\u00e9solument pratique, est con\u00e7u pour permettre aux chefs d&rsquo;entreprises, aux directeurs d&rsquo;\u00e9tablissements, aux collectivit\u00e9s locales, aux ma\u00eetres d&rsquo;ouvrage,&#8230; de mettre en conformit\u00e9 l&rsquo;accessibilit\u00e9 des locaux et des postes de travail de l&rsquo;entreprise.<\/p>\n<p>L&rsquo;ouvrage expose \u00e0 partir des derniers textes r\u00e9glementaires, les diff\u00e9rentes solutions de mise en accessibilit\u00e9 des b\u00e2timents, existants et nouveaux, dont sont responsables les employeurs, exploitants et gestionnaires. (Pr\u00e9sentation de l\u2019\u00e9diteur)<\/p>\n<p>KOMPANY S.<\/p>\n<p>Editions du puits fleuri<\/p>\n<p>2009-318p.<\/p>\n<p>ISBN\u00a0: 978-2-86739-939-8<\/p>\n<p>Cote doc\u00a0: 6-20-KOM-A<\/p>\n<p><strong><em>Uniquement \u00e0 la location<\/em><\/strong><\/p>\n<span class=\"et_bloom_bottom_trigger\"><\/span>","protected":false},"excerpt":{"rendered":"<p>Suite aux r\u00e9centes r\u00e9formes en mati\u00e8re d&rsquo;accessibilit\u00e9 pour tous, dont de nombreuses composantes entreront en vigueur \u00e0 partir de 2009, ce livre r\u00e9solument pratique, est con\u00e7u pour permettre aux chefs d&rsquo;entreprises, aux directeurs d&rsquo;\u00e9tablissements, aux collectivit\u00e9s locales, aux ma\u00eetres d&rsquo;ouvrage,&#8230; de mettre en conformit\u00e9 l&rsquo;accessibilit\u00e9 des locaux et des postes de travail de l&rsquo;entreprise.<\/p>\n","protected":false},"featured_media":1777,"comment_status":"closed","ping_status":"closed","template":"","meta":{"_et_pb_use_builder":"","_et_pb_old_content":"","_et_gb_content_width":"","spay_email":""},"class_list":["post-1774","product","type-product","status-publish","has-post-thumbnail","hentry","product_cat-livres","product_tag-acces-au-batiment","product_tag-accessibilite","product_tag-amenagement-du-batiment","product_tag-autonomie","product_tag-emploi","product_tag-environnement","product_tag-europe","product_tag-france","product_tag-handicap","product_tag-legislation","product_tag-lieu-de-travail","product_tag-reforme"],"jetpack_sharing_enabled":true,"jetpack_likes_enabled":true,"_links":{"self":[{"href":"https:\/\/www.parthages.be\/eboutique\/wp-json\/wp\/v2\/product\/1774","targetHints":{"allow":["GET"]}}],"collection":[{"href":"https:\/\/www.parthages.be\/eboutique\/wp-json\/wp\/v2\/product"}],"about":[{"href":"https:\/\/www.parthages.be\/eboutique\/wp-json\/wp\/v2\/types\/product"}],"replies":[{"embeddable":true,"href":"https:\/\/www.parthages.be\/eboutique\/wp-json\/wp\/v2\/comments?post=1774"}],"wp:featuredmedia":[{"embeddable":true,"href":"https:\/\/www.parthages.be\/eboutique\/wp-json\/wp\/v2\/media\/1777"}],"wp:attachment":[{"href":"https:\/\/www.parthages.be\/eboutique\/wp-json\/wp\/v2\/media?parent=1774"}],"curies":[{"name":"wp","href":"https:\/\/api.w.org\/{rel}","templated":true}]}}