{"id":1797,"date":"2021-09-13T14:56:31","date_gmt":"2021-09-13T12:56:31","guid":{"rendered":"https:\/\/www.parthages.be\/eboutique\/?post_type=product&#038;p=1797"},"modified":"2021-09-13T14:56:32","modified_gmt":"2021-09-13T12:56:32","slug":"face-a-lautisme-guide-juridique-et-pratique-pour-connaitre-vos-droits","status":"publish","type":"product","link":"https:\/\/www.parthages.be\/eboutique\/produit\/face-a-lautisme-guide-juridique-et-pratique-pour-connaitre-vos-droits\/","title":{"rendered":"Face \u00e0 l&rsquo;autisme guide juridique et pratique pour connaitre vos droits"},"content":{"rendered":"<p>Si nous ne pouvons que constater que le droit dans les domaines de l&rsquo;autisme et des autres Trouble Envahissants du d\u00e9veloppement \u00e9volue, il est un fait que malgr\u00e9 ces avanc\u00e9es, les familles rencontrent toujours beaucoup de difficult\u00e9s \u00e0 conna\u00eetre leurs droits, \u00e0 les d\u00e9limiter et \u00e0 les faire valoir. Cet ouvrage a \u00e9t\u00e9 r\u00e9dig\u00e9 afin de guider les familles, et les professionnels du handicap qui les accompagnent, aborde les aspects essentiels que sont le diagnostic, la prise en charge, l&rsquo;orientation mais aussi les droits \u00e0 l&rsquo;\u00e9ducation et \u00e0 la compensation&#8230;<\/p>\n<p>Volontairement r\u00e9dig\u00e9 pour \u00eatre accessible au plus grand nombre, sous formes de fiches pratiques et synth\u00e9tiques, ce guide r\u00e9unit l&rsquo;ensemble des informations juridiques relatives \u00e0 l&rsquo;autisme et aux autres TED &#8211; Troubles Envahissants du D\u00e9veloppement &#8211; en un seul ouvrage.<\/p>\n<p>Toutes les proc\u00e9dures y sont clairement d\u00e9crites, il s&rsquo;agit d&rsquo;un v\u00e9ritable outil juridique vous donnant toutes les r\u00e9f\u00e9rences et mod\u00e8les n\u00e9cessaires dans vos d\u00e9marches administratives, juridiques, professionnelles et quotidiennes.<\/p>\n<p>Ce guide est \u00e9galement un annuaire tr\u00e8s complet de toutes les structures d&rsquo;aide, d&rsquo;accueil et d&rsquo;information susceptibles d&rsquo;aider les familles, d&rsquo;accueillir les enfants&#8230; (Pr\u00e9sentation de l\u2019\u00e9diteur)<\/p>\n<p>GREVIN A.<\/p>\n<p>Editions du puits fleuri<\/p>\n<p>2010-508p.-30\u20ac<\/p>\n<p>550gr<\/p>\n<p>ISBN\u00a0: 978-2-86-739-438-6<\/p>\n<p>Cote doc\u00a0: 6-10-GRE-F<\/p>\n<span class=\"et_bloom_bottom_trigger\"><\/span>","protected":false},"excerpt":{"rendered":"<p>Si nous ne pouvons que constater que le droit dans les domaines de l&rsquo;autisme et des autres Trouble Envahissants du d\u00e9veloppement \u00e9volue, il est un fait que malgr\u00e9 ces avanc\u00e9es, les familles rencontrent toujours beaucoup de difficult\u00e9s \u00e0 conna\u00eetre leurs droits, \u00e0 les d\u00e9limiter et \u00e0 les faire valoir.<\/p>\n","protected":false},"featured_media":1798,"comment_status":"closed","ping_status":"closed","template":"","meta":{"_et_pb_use_builder":"","_et_pb_old_content":"","_et_gb_content_width":"","spay_email":""},"class_list":["post-1797","product","type-product","status-publish","has-post-thumbnail","hentry","product_cat-livres","product_tag-autisme","product_tag-demarche-administrative","product_tag-diagnostic","product_tag-droits-de-la-personne-handicapee","product_tag-education","product_tag-france","product_tag-legislation","product_tag-prise-en-charge","product_tag-procedure","product_tag-relation-administration-usager","product_tag-trouble-du-developpement"],"jetpack_sharing_enabled":true,"jetpack_likes_enabled":true,"_links":{"self":[{"href":"https:\/\/www.parthages.be\/eboutique\/wp-json\/wp\/v2\/product\/1797","targetHints":{"allow":["GET"]}}],"collection":[{"href":"https:\/\/www.parthages.be\/eboutique\/wp-json\/wp\/v2\/product"}],"about":[{"href":"https:\/\/www.parthages.be\/eboutique\/wp-json\/wp\/v2\/types\/product"}],"replies":[{"embeddable":true,"href":"https:\/\/www.parthages.be\/eboutique\/wp-json\/wp\/v2\/comments?post=1797"}],"wp:featuredmedia":[{"embeddable":true,"href":"https:\/\/www.parthages.be\/eboutique\/wp-json\/wp\/v2\/media\/1798"}],"wp:attachment":[{"href":"https:\/\/www.parthages.be\/eboutique\/wp-json\/wp\/v2\/media?parent=1797"}],"curies":[{"name":"wp","href":"https:\/\/api.w.org\/{rel}","templated":true}]}}