{"id":1799,"date":"2021-09-13T14:57:30","date_gmt":"2021-09-13T12:57:30","guid":{"rendered":"https:\/\/www.parthages.be\/eboutique\/?post_type=product&#038;p=1799"},"modified":"2021-09-13T14:57:30","modified_gmt":"2021-09-13T12:57:30","slug":"droit-du-handicap-et-procedures-guide-juridique-et-pratique","status":"publish","type":"product","link":"https:\/\/www.parthages.be\/eboutique\/produit\/droit-du-handicap-et-procedures-guide-juridique-et-pratique\/","title":{"rendered":"Droit du handicap et proc\u00e9dures : Guide juridique et pratique\u00a0\u00bb"},"content":{"rendered":"<p>Le droit des personnes handicap\u00e9es semble de plus en plus reconnu dans ses grandes lignes tant par la soci\u00e9t\u00e9 civile que par le monde du travail.<\/p>\n<p>Mais qu&rsquo;en est-il de sa mise en pratique ? De trop nombreux t\u00e9moignages d\u00e9montrent quotidiennement la difficult\u00e9 pour les personnes handicap\u00e9es pour faire valoir leurs droits que ce soit dans la vie de tous les jours (ressources, transport, accessibilit\u00e9, scolarit\u00e9&#8230;) ou professionnelle (droit \u00e0 l&rsquo;acc\u00e8s \u00e0 l&#8217;emploi). Quant \u00e0 s&rsquo;y retrouver dans les m\u00e9andres administratifs&#8230;<\/p>\n<p>Comment obtenir une carte d&rsquo;invalidit\u00e9 ? Comment contester une d\u00e9cision de la Commission d\u00e9partementale des personnes handicap\u00e9es ?&#8230; Parents d&rsquo;enfants handicap\u00e9s, adultes handicap\u00e9s, mais aussi professionnels du handicap et du droit qui \u0153uvrent, chaque jour, au mieux vivre des personnes handicap\u00e9es, cet ouvrage vous explique et vous guide pas \u00e0 pas dans toutes les proc\u00e9dures et vous donne toutes les solutions de recours en cas de difficult\u00e9 \u00e0 faire valoir vos droits. Volontairement r\u00e9dig\u00e9 pour \u00eatre accessible au plus grand nombre, sous forme de fiches pratiques et synth\u00e9tiques, ce guide est un v\u00e9ritable outil juridique vous donnant toutes les r\u00e9f\u00e9rences et mod\u00e8les n\u00e9cessaires dans vos d\u00e9marches administratives, juridiques, professionnelles et quotidiennes.<\/p>\n<p>(Pr\u00e9sentation de l\u2019\u00e9diteur)<\/p>\n<p>GREVIN A.<\/p>\n<p>2008-216p.<\/p>\n<p>ISBN: 978-2-86-739-412-6<\/p>\n<p>Cote doc: 6-10-GRE-D<\/p>\n<p><strong><em>Uniquement \u00e0\u00a0 la location<\/em><\/strong><\/p>\n<span class=\"et_bloom_bottom_trigger\"><\/span>","protected":false},"excerpt":{"rendered":"<p>Le droit des personnes handicap\u00e9es semble de plus en plus reconnu dans ses grandes lignes tant par la soci\u00e9t\u00e9 civile que par le monde du travail.<\/p>\n","protected":false},"featured_media":1800,"comment_status":"closed","ping_status":"closed","template":"","meta":{"_et_pb_use_builder":"","_et_pb_old_content":"","_et_gb_content_width":"","spay_email":""},"class_list":["post-1799","product","type-product","status-publish","has-post-thumbnail","hentry","product_cat-livres","product_tag-demarche-administrative","product_tag-france","product_tag-legislation","product_tag-personne-handicapee","product_tag-procedure","product_tag-relation-administration-usager"],"jetpack_sharing_enabled":true,"jetpack_likes_enabled":true,"_links":{"self":[{"href":"https:\/\/www.parthages.be\/eboutique\/wp-json\/wp\/v2\/product\/1799","targetHints":{"allow":["GET"]}}],"collection":[{"href":"https:\/\/www.parthages.be\/eboutique\/wp-json\/wp\/v2\/product"}],"about":[{"href":"https:\/\/www.parthages.be\/eboutique\/wp-json\/wp\/v2\/types\/product"}],"replies":[{"embeddable":true,"href":"https:\/\/www.parthages.be\/eboutique\/wp-json\/wp\/v2\/comments?post=1799"}],"wp:featuredmedia":[{"embeddable":true,"href":"https:\/\/www.parthages.be\/eboutique\/wp-json\/wp\/v2\/media\/1800"}],"wp:attachment":[{"href":"https:\/\/www.parthages.be\/eboutique\/wp-json\/wp\/v2\/media?parent=1799"}],"curies":[{"name":"wp","href":"https:\/\/api.w.org\/{rel}","templated":true}]}}