{"id":1808,"date":"2021-09-13T15:04:12","date_gmt":"2021-09-13T13:04:12","guid":{"rendered":"https:\/\/www.parthages.be\/eboutique\/?post_type=product&#038;p=1808"},"modified":"2021-09-13T15:04:13","modified_gmt":"2021-09-13T13:04:13","slug":"les-institutions-politiques-de-la-belgique-et-de-leurope","status":"publish","type":"product","link":"https:\/\/www.parthages.be\/eboutique\/produit\/les-institutions-politiques-de-la-belgique-et-de-leurope\/","title":{"rendered":"Les institutions politiques de la Belgique et de l\u2019Europe"},"content":{"rendered":"<p>L&rsquo;auteur traite de l&rsquo;Etat, de la soci\u00e9t\u00e9 et du droit belge de 1831 (l&rsquo;Etat et l&rsquo;histoire, l&rsquo;Etat et les pouvoirs, l&rsquo;Etat et le droit), les organes sup\u00e9rieurs de l&rsquo;Etat (l&rsquo;Etat central, l&rsquo;Etat communautaire, l&rsquo;Etat r\u00e9gional 197, les relations entre l&rsquo;Etat, les communaut\u00e9s et les r\u00e9gions, les garanties offertes aux communaut\u00e9s, la protection des minorit\u00e9s), les pouvoirs locaux (les formes traditionnelles des pouvoirs locaux, les formes nouvelles de gestion des int\u00e9r\u00eats(locaux,) le budget (les principes budg\u00e9taires, la structure et l&rsquo;ex\u00e9cution du budget et son contr\u00f4le), et les institutions europ\u00e9ennes (les pr\u00e9curseurs&#8230;, le Conseil de l&rsquo;Europe, les Communaut\u00e9s Europ\u00e9ennes). (Pr\u00e9sentation de l\u2019\u00e9diteur)<\/p>\n<p>LAGASSE C.E.<\/p>\n<p>Editions Ciaco<\/p>\n<p>1990-379p.<\/p>\n<p>ISBN\u00a0: 2-87085-206-1<\/p>\n<p>Cote doc\u00a0: 5-50-LAG-I<\/p>\n<p><strong><em>Uniquement \u00e0 la location<\/em><\/strong><\/p>\n<span class=\"et_bloom_bottom_trigger\"><\/span>","protected":false},"excerpt":{"rendered":"<p>L&rsquo;auteur traite de l&rsquo;Etat, de la soci\u00e9t\u00e9 et du droit belge de 1831 (l&rsquo;Etat et l&rsquo;histoire, l&rsquo;Etat et les pouvoirs, l&rsquo;Etat et le droit), les organes sup\u00e9rieurs de l&rsquo;Etat (l&rsquo;Etat central, l&rsquo;Etat communautaire, l&rsquo;Etat r\u00e9gional 197, les relations entre l&rsquo;Etat, les communaut\u00e9s et les r\u00e9gions, les garanties offertes aux communaut\u00e9s, la protection des minorit\u00e9s),<\/p>\n","protected":false},"featured_media":1809,"comment_status":"closed","ping_status":"closed","template":"","meta":{"_et_pb_use_builder":"","_et_pb_old_content":"","_et_gb_content_width":"","spay_email":""},"class_list":["post-1808","product","type-product","status-publish","has-post-thumbnail","hentry","product_cat-livres","product_tag-belgique","product_tag-budget","product_tag-droit","product_tag-etat-federal","product_tag-europe","product_tag-histoire","product_tag-organisme","product_tag-politique","product_tag-pouvoirs-publics","product_tag-societe"],"jetpack_sharing_enabled":true,"jetpack_likes_enabled":true,"_links":{"self":[{"href":"https:\/\/www.parthages.be\/eboutique\/wp-json\/wp\/v2\/product\/1808","targetHints":{"allow":["GET"]}}],"collection":[{"href":"https:\/\/www.parthages.be\/eboutique\/wp-json\/wp\/v2\/product"}],"about":[{"href":"https:\/\/www.parthages.be\/eboutique\/wp-json\/wp\/v2\/types\/product"}],"replies":[{"embeddable":true,"href":"https:\/\/www.parthages.be\/eboutique\/wp-json\/wp\/v2\/comments?post=1808"}],"wp:featuredmedia":[{"embeddable":true,"href":"https:\/\/www.parthages.be\/eboutique\/wp-json\/wp\/v2\/media\/1809"}],"wp:attachment":[{"href":"https:\/\/www.parthages.be\/eboutique\/wp-json\/wp\/v2\/media?parent=1808"}],"curies":[{"name":"wp","href":"https:\/\/api.w.org\/{rel}","templated":true}]}}