{"id":1813,"date":"2021-09-17T08:54:16","date_gmt":"2021-09-17T06:54:16","guid":{"rendered":"https:\/\/www.parthages.be\/eboutique\/?post_type=product&#038;p=1813"},"modified":"2021-09-17T08:54:16","modified_gmt":"2021-09-17T06:54:16","slug":"traitements-medicaux-et-personnes-deficientes-intellectuelles","status":"publish","type":"product","link":"https:\/\/www.parthages.be\/eboutique\/produit\/traitements-medicaux-et-personnes-deficientes-intellectuelles\/","title":{"rendered":"Traitements m\u00e9dicaux et personnes d\u00e9ficientes intellectuelles"},"content":{"rendered":"<p>Issue de la m\u00e9decine et de l&rsquo;\u0153uvre de pionniers comme Itard et S\u00e9guin, l&rsquo;\u00e9ducation sp\u00e9cialis\u00e9e des personnes d\u00e9ficientes intellectuelles s&rsquo;est d\u00e9velopp\u00e9e au sein des disciplines psychop\u00e9dagogiques et sociales. Au cours des vingt derni\u00e8res ann\u00e9es, ce domaine a connu des d\u00e9veloppements importants dans la recherche et la mise en place de structures \u00e9ducatives adapt\u00e9es aux besoins des personnes. Parall\u00e8lement, les diff\u00e9rentes disciplines m\u00e9dicales ont r\u00e9alis\u00e9 des progr\u00e8s impressionnants dans le diagnostic et le traitement des d\u00e9ficiences. Dans la pratique quotidienne, ces deux univers ont souvent tendance \u00e0 \u00e9voluer dans une m\u00e9connaissance r\u00e9ciproque. Cette situation ne se justifie pas d&rsquo;un point de vue scientifique et elle s&rsquo;exerce au d\u00e9triment des personnes d\u00e9ficientes, enfants, adolescents ou adultes qui ont un droit fondamental \u00e0 recevoir des services qualifi\u00e9s leur permettant de d\u00e9passer leurs difficult\u00e9s et de jouir d&rsquo;une qualit\u00e9 de vie optimale. Cet ouvrage se veut une passerelle entre deux mondes qui sont appel\u00e9s \u00e0 collaborer en pla\u00e7ant la personne d\u00e9ficiente intellectuelle au centre de l&rsquo;action multidisciplinaire. Il s&rsquo;adresse aux \u00e9ducateurs et enseignants sp\u00e9cialis\u00e9s mais aussi aux m\u00e9decins, soignants, institutions, associations et familles de personnes en situation de handicap. (Pr\u00e9sentation de l\u2019\u00e9diteur)<\/p>\n<p>DESSIBOURG C-A.- LAMBERT J.L.<\/p>\n<p>Editions m\u00e9decine et hygi\u00e8ne<\/p>\n<p>2007-200p.<\/p>\n<p>ISBN\u00a0: 978-2-88049-242-7<\/p>\n<p>Cote doc\u00a0: 5-60-DES-T<\/p>\n<p><strong><em>Uniquement \u00e0 la location<\/em><\/strong><\/p>\n<span class=\"et_bloom_bottom_trigger\"><\/span>","protected":false},"excerpt":{"rendered":"<p>Issue de la m\u00e9decine et de l&rsquo;\u0153uvre de pionniers comme Itard et S\u00e9guin, l&rsquo;\u00e9ducation sp\u00e9cialis\u00e9e des personnes d\u00e9ficientes intellectuelles s&rsquo;est d\u00e9velopp\u00e9e au sein des disciplines psychop\u00e9dagogiques et sociales.<\/p>\n","protected":false},"featured_media":1814,"comment_status":"closed","ping_status":"closed","template":"","meta":{"_et_pb_use_builder":"","_et_pb_old_content":"","_et_gb_content_width":"","spay_email":""},"class_list":["post-1813","product","type-product","status-publish","has-post-thumbnail","hentry","product_cat-livres","product_tag-deficience-intellectuelle","product_tag-diagnostic","product_tag-educateur","product_tag-education","product_tag-ethique","product_tag-historique","product_tag-medecine","product_tag-psychologie","product_tag-psychopedagogie","product_tag-traitement"],"jetpack_sharing_enabled":true,"jetpack_likes_enabled":true,"_links":{"self":[{"href":"https:\/\/www.parthages.be\/eboutique\/wp-json\/wp\/v2\/product\/1813","targetHints":{"allow":["GET"]}}],"collection":[{"href":"https:\/\/www.parthages.be\/eboutique\/wp-json\/wp\/v2\/product"}],"about":[{"href":"https:\/\/www.parthages.be\/eboutique\/wp-json\/wp\/v2\/types\/product"}],"replies":[{"embeddable":true,"href":"https:\/\/www.parthages.be\/eboutique\/wp-json\/wp\/v2\/comments?post=1813"}],"wp:featuredmedia":[{"embeddable":true,"href":"https:\/\/www.parthages.be\/eboutique\/wp-json\/wp\/v2\/media\/1814"}],"wp:attachment":[{"href":"https:\/\/www.parthages.be\/eboutique\/wp-json\/wp\/v2\/media?parent=1813"}],"curies":[{"name":"wp","href":"https:\/\/api.w.org\/{rel}","templated":true}]}}