{"id":1877,"date":"2021-09-17T09:46:58","date_gmt":"2021-09-17T07:46:58","guid":{"rendered":"https:\/\/www.parthages.be\/eboutique\/?post_type=product&#038;p=1877"},"modified":"2021-09-17T09:46:59","modified_gmt":"2021-09-17T07:46:59","slug":"la-vie-en-mas-quel-accompagnement","status":"publish","type":"product","link":"https:\/\/www.parthages.be\/eboutique\/produit\/la-vie-en-mas-quel-accompagnement\/","title":{"rendered":"La vie en MAS : quel accompagnement ?"},"content":{"rendered":"<p>\u00ab L\u2019exp\u00e9rience des MAS, vieille de quarante ans, nous offre aujourd\u2019hui suffisamment de recul pour en mesurer quelques effets. Si la reconnaissance des personnes les plus gravement handicap\u00e9es a fait d\u2019incontestables progr\u00e8s dans l\u2019acceptation de leur existence et de leur pr\u00e9sence dans notre soci\u00e9t\u00e9, elle reste toutefois fragile, y compris dans le champ sanitaire et m\u00e9dico-social.<\/p>\n<p>Le livre de Fran\u00e7oise Vergne et G\u00e9rard Medici vient \u00e0 point nomm\u00e9. Il sera d\u2019un grand int\u00e9r\u00eat pour les professionnels engag\u00e9s dans cette aventure toujours renouvel\u00e9e d\u2019\u00eatre au plus pr\u00e8s des personnes aujourd\u2019hui accueillies dans ces \u00e9tablissements.<\/p>\n<p>S\u2019appuyant sur leurs longues exp\u00e9riences professionnelles dans une MAS, elle psychologue, lui psychomotricien, viennent t\u00e9moigner d\u2019un possible travail de soins aupr\u00e8s de ces personnes qui questionnent en permanence le sens de leur accompagnement.<\/p>\n<p>\u00c0 l\u2019aide de nombreuses vignettes cliniques, ils montrent que leur souffrance psychique n\u2019est pas une fatalit\u00e9, qu\u2019un acharnement th\u00e9rapeutique, dans le sens de ne pas l\u00e2cher cette position pour ne pas les l\u00e2cher dans leurs invivables d\u00e9tresses corporelles et mentales, est tenable. \u00bb Philippe Chavaroche(Pr\u00e9sentation de l&rsquo;\u00e9diteur)<\/p>\n<p>VERGNE F.- MEDICI G.<\/p>\n<p>Editions Er\u00e8s<\/p>\n<p>2016-176p.- 13\u20ac<\/p>\n<p>127gr<\/p>\n<p>ISBN: 978-2-7492-5194-3<\/p>\n<p>Cote doc: 5-10-VER-V<\/p>\n<span class=\"et_bloom_bottom_trigger\"><\/span>","protected":false},"excerpt":{"rendered":"<p>\u00ab L\u2019exp\u00e9rience des MAS, vieille de quarante ans, nous offre aujourd\u2019hui suffisamment de recul pour en mesurer quelques effets.<\/p>\n","protected":false},"featured_media":1878,"comment_status":"closed","ping_status":"closed","template":"","meta":{"_et_pb_use_builder":"","_et_pb_old_content":"","_et_gb_content_width":"","spay_email":""},"class_list":["post-1877","product","type-product","status-publish","has-post-thumbnail","hentry","product_cat-livres","product_tag-accueil","product_tag-handicap-mental","product_tag-mediation","product_tag-personne-handicapee","product_tag-prise-en-charge","product_tag-psychomotricite","product_tag-psychotherapie","product_tag-reconnaissance-du-handicap","product_tag-soins","product_tag-vie-quotidienne"],"jetpack_sharing_enabled":true,"jetpack_likes_enabled":true,"_links":{"self":[{"href":"https:\/\/www.parthages.be\/eboutique\/wp-json\/wp\/v2\/product\/1877","targetHints":{"allow":["GET"]}}],"collection":[{"href":"https:\/\/www.parthages.be\/eboutique\/wp-json\/wp\/v2\/product"}],"about":[{"href":"https:\/\/www.parthages.be\/eboutique\/wp-json\/wp\/v2\/types\/product"}],"replies":[{"embeddable":true,"href":"https:\/\/www.parthages.be\/eboutique\/wp-json\/wp\/v2\/comments?post=1877"}],"wp:featuredmedia":[{"embeddable":true,"href":"https:\/\/www.parthages.be\/eboutique\/wp-json\/wp\/v2\/media\/1878"}],"wp:attachment":[{"href":"https:\/\/www.parthages.be\/eboutique\/wp-json\/wp\/v2\/media?parent=1877"}],"curies":[{"name":"wp","href":"https:\/\/api.w.org\/{rel}","templated":true}]}}