{"id":1896,"date":"2021-09-17T10:12:19","date_gmt":"2021-09-17T08:12:19","guid":{"rendered":"https:\/\/www.parthages.be\/eboutique\/?post_type=product&#038;p=1896"},"modified":"2021-09-20T10:24:57","modified_gmt":"2021-09-20T08:24:57","slug":"la-qualite-de-vie-des-personnes-presentant-un-handicap-volume-1","status":"publish","type":"product","link":"https:\/\/www.parthages.be\/eboutique\/produit\/la-qualite-de-vie-des-personnes-presentant-un-handicap-volume-1\/","title":{"rendered":"La qualit\u00e9 de vie des personnes pr\u00e9sentant un handicap \u2013 Propositions"},"content":{"rendered":"<p>Propositions<\/p>\n<p>La pr\u00e9sente recherche-action vise \u00e0 proposer des orientations g\u00e9n\u00e9rales et des actions sp\u00e9cifiques \u00e0 entreprendre dans le domaine des services pour les personnes handicap\u00e9es relevant du Minist\u00e8re des Affaires sociales de la Communaut\u00e9 fran\u00e7aise en vue de leur assurer une qualit\u00e9 de vie au sein de la soci\u00e9t\u00e9. Apr\u00e8s avoir pr\u00e9cis\u00e9 les options fondamentales qui doivent guider les services pour personnes handicap\u00e9es et assurer \u00e0 ces derni\u00e8res des services de qualit\u00e9, personnalis\u00e9s, int\u00e9gr\u00e9s et coordonn\u00e9s, les auteurs font des propositions particuli\u00e8res qui concernent les enfants et adolescents handicap\u00e9s, le soutien au travail et enfin le soutien au logement\u00a0 et \u00e0 la vie sociale.<\/p>\n<p>MAGEROTTE G.<\/p>\n<p>RAPPORT &#8211; UNIVERSITE DE MONS-HAINAUT<\/p>\n<p>1991 -55p.<\/p>\n<p>Cote doc: 5-20-MAG-Q1<\/p>\n<p><strong><em>Uniquement \u00e0 la location<\/em><\/strong><\/p>\n<span class=\"et_bloom_bottom_trigger\"><\/span>","protected":false},"excerpt":{"rendered":"<p>La pr\u00e9sente recherche-action vise \u00e0 proposer des orientations g\u00e9n\u00e9rales et des actions sp\u00e9cifiques \u00e0 entreprendre dans le domaine des services pour les personnes handicap\u00e9es<\/p>\n","protected":false},"featured_media":1897,"comment_status":"closed","ping_status":"closed","template":"","meta":{"_et_pb_use_builder":"","_et_pb_old_content":"","_et_gb_content_width":"","spay_email":""},"class_list":["post-1896","product","type-product","status-publish","has-post-thumbnail","hentry","product_cat-livres","product_tag-adolescent","product_tag-adulte","product_tag-aide-precoce","product_tag-autisme","product_tag-communaute-francaise","product_tag-deficience-intellectuelle","product_tag-deficience-multiple","product_tag-deficience-sensorielle","product_tag-emploi","product_tag-enfant","product_tag-evaluation","product_tag-formation-du-personnel","product_tag-integration","product_tag-logement","product_tag-participation","product_tag-personne-handicapee","product_tag-province-du-hainaut","product_tag-qualite","product_tag-qualite-de-vie","product_tag-recherche","product_tag-recherche-action","product_tag-service","product_tag-service-daccompagnement","product_tag-service-daide"],"jetpack_sharing_enabled":true,"jetpack_likes_enabled":true,"_links":{"self":[{"href":"https:\/\/www.parthages.be\/eboutique\/wp-json\/wp\/v2\/product\/1896","targetHints":{"allow":["GET"]}}],"collection":[{"href":"https:\/\/www.parthages.be\/eboutique\/wp-json\/wp\/v2\/product"}],"about":[{"href":"https:\/\/www.parthages.be\/eboutique\/wp-json\/wp\/v2\/types\/product"}],"replies":[{"embeddable":true,"href":"https:\/\/www.parthages.be\/eboutique\/wp-json\/wp\/v2\/comments?post=1896"}],"wp:featuredmedia":[{"embeddable":true,"href":"https:\/\/www.parthages.be\/eboutique\/wp-json\/wp\/v2\/media\/1897"}],"wp:attachment":[{"href":"https:\/\/www.parthages.be\/eboutique\/wp-json\/wp\/v2\/media?parent=1896"}],"curies":[{"name":"wp","href":"https:\/\/api.w.org\/{rel}","templated":true}]}}