{"id":1925,"date":"2021-09-20T10:42:54","date_gmt":"2021-09-20T08:42:54","guid":{"rendered":"https:\/\/www.parthages.be\/eboutique\/?post_type=product&#038;p=1925"},"modified":"2022-03-23T17:20:02","modified_gmt":"2022-03-23T16:20:02","slug":"handicap-et-maltraitance","status":"publish","type":"product","link":"https:\/\/www.parthages.be\/eboutique\/produit\/handicap-et-maltraitance\/","title":{"rendered":"Handicap et maltraitance"},"content":{"rendered":"<p><strong><em>Brochure<\/em><\/strong><\/p>\n<p>Les professionnels des services d\u2019aide aux enfants handicap\u00e9s sont souvent d\u00e9sempar\u00e9s quand une situation de maltraitance est d\u00e9voil\u00e9e. Face au handicap, chacun r\u00e9agit avec sa personnalit\u00e9, son histoire, ses points forts et ses faiblesses personnelles, risquant un jour d\u2019\u00eatre entra\u00een\u00e9 dans une relation o\u00f9 il peut perdre ses rep\u00e8res et devenir maltraitant.<\/p>\n<p>En effet, la pr\u00e9sence d\u2019un handicap rend enfants, familles et professionnels tr\u00e8s vuln\u00e9rables. L\u2019objectif est ici de fournir des rep\u00e8res cliniques et th\u00e9oriques pour aborder ce champ vaste et complexe o\u00f9 les vuln\u00e9rabilit\u00e9s de chacun s\u2019entrem\u00ealent, pr\u00e9venir les situations d\u2019abus, les rep\u00e9rer lorsqu\u2019elles sont install\u00e9es et rechercher des solutions respectueuses de l\u2019enfant et de sa diff\u00e9rence (Pr\u00e9sentation de l\u2019\u00e9diteur)<\/p>\n<p>CLEREBAUT N.- PONCELET V.- VAN CUTSEM V.<\/p>\n<p>Minist\u00e8re de la communaut\u00e9 fran\u00e7aise YAKAPA<\/p>\n<p>34p.<\/p>\n<p>Cote doc\u00a0: 4-90-CLE-H<\/p>\n<p><strong><em>Uniquement \u00e0 la location<\/em><\/strong><\/p>\n<span class=\"et_bloom_bottom_trigger\"><\/span>","protected":false},"excerpt":{"rendered":"<p>Brochure Les professionnels des services d\u2019aide aux enfants handicap\u00e9s sont souvent d\u00e9sempar\u00e9s quand une situation de maltraitance est d\u00e9voil\u00e9e. Face au handicap, chacun r\u00e9agit avec sa personnalit\u00e9, son histoire, ses points forts et ses faiblesses personnelles, risquant un jour d\u2019\u00eatre entra\u00een\u00e9 dans une relation o\u00f9 il peut perdre ses rep\u00e8res et devenir maltraitant. En effet, [&hellip;]<\/p>\n","protected":false},"featured_media":1926,"comment_status":"closed","ping_status":"closed","template":"","meta":{"_et_pb_use_builder":"","_et_pb_old_content":"","_et_gb_content_width":"","spay_email":""},"class_list":["post-1925","product","type-product","status-publish","has-post-thumbnail","hentry","product_cat-livres","product_tag-enfant","product_tag-famille","product_tag-handicap","product_tag-intervenant","product_tag-maltraitance","product_tag-milieu-de-travail","product_tag-milieu-institutionnel","product_tag-parent-handicape","product_tag-prevention"],"jetpack_sharing_enabled":true,"jetpack_likes_enabled":true,"_links":{"self":[{"href":"https:\/\/www.parthages.be\/eboutique\/wp-json\/wp\/v2\/product\/1925","targetHints":{"allow":["GET"]}}],"collection":[{"href":"https:\/\/www.parthages.be\/eboutique\/wp-json\/wp\/v2\/product"}],"about":[{"href":"https:\/\/www.parthages.be\/eboutique\/wp-json\/wp\/v2\/types\/product"}],"replies":[{"embeddable":true,"href":"https:\/\/www.parthages.be\/eboutique\/wp-json\/wp\/v2\/comments?post=1925"}],"wp:featuredmedia":[{"embeddable":true,"href":"https:\/\/www.parthages.be\/eboutique\/wp-json\/wp\/v2\/media\/1926"}],"wp:attachment":[{"href":"https:\/\/www.parthages.be\/eboutique\/wp-json\/wp\/v2\/media?parent=1925"}],"curies":[{"name":"wp","href":"https:\/\/api.w.org\/{rel}","templated":true}]}}