{"id":1941,"date":"2021-09-20T11:07:40","date_gmt":"2021-09-20T09:07:40","guid":{"rendered":"https:\/\/www.parthages.be\/eboutique\/?post_type=product&#038;p=1941"},"modified":"2021-09-20T11:07:41","modified_gmt":"2021-09-20T09:07:41","slug":"mieux-communiquer-a-lecrit-valorisez-vos-textes-professionnels","status":"publish","type":"product","link":"https:\/\/www.parthages.be\/eboutique\/produit\/mieux-communiquer-a-lecrit-valorisez-vos-textes-professionnels\/","title":{"rendered":"Mieux communiquer \u00e0 l&rsquo;\u00e9crit: valorisez vos textes professionnels"},"content":{"rendered":"<p>Pourquoi, \u00e0 comp\u00e9tences \u00e9gales, certains individus semblent-ils mieux r\u00e9ussir leur parcours professionnel que d&rsquo;autres ? Une question de caract\u00e8re, de comp\u00e9tences ? Pas seulement. La diff\u00e9rence se joue parfois sur leur aptitude \u00e0 convaincre leurs interlocuteurs de leurs savoir-faire. Si ce n&rsquo;est \u00e0 l&rsquo;oral, c&rsquo;est \u00e0 travers leur fa\u00e7on de communiquer \u00e0 l&rsquo;\u00e9crit que transparaissent leur personnalit\u00e9, leurs capacit\u00e9s et leur habilet\u00e9 professionnelles. Qu&rsquo;il s&rsquo;agisse d&rsquo;un plan d&rsquo;affaires, d&rsquo;un rapport d&rsquo;activit\u00e9, d&rsquo;une argumentation commerciale&#8230;, vous devez communiquer et faire partager \u00e0 vos lecteurs votre dynamisme, votre connaissance parfaite du sujet, votre ma\u00eetrise du probl\u00e8me et des solutions. Et ce, gr\u00e2ce \u00e0 des textes sans fautes d&rsquo;orthographe ni de grammaire, clairs, bien structur\u00e9s, des titres accrocheurs, un vocabulaire ad\u00e9quat, une argumentation bien b\u00e2tie. Alors que le temps lui est compt\u00e9, votre interlocuteur sera ainsi motiv\u00e9 \u00e0 poursuivre sa lecture et appr\u00e9ciera votre travail car, en vous valorisant indirectement, vous avez su valoriser votre entreprise. \u00c9maill\u00e9 de conseils et d&rsquo;exemples concrets, cet ouvrage pr\u00e9cise : une m\u00e9thodologie et une philosophie de la communication \u00e9crite professionnelle, \u00e0 suivre quel que soit le contexte ; des bases de r\u00e9flexion pour am\u00e9liorer ses documents et ainsi se d\u00e9marquer ; des outils et des astuces \u00e0 utiliser facilement et imm\u00e9diatement pour am\u00e9liorer tant le fond que la forme de vos textes professionnels. Chefs d&rsquo;entreprise, cadres, commerciaux, ing\u00e9nieurs, \u00e9tudiants&#8230;, chacun, en fonction de la situation, saura d\u00e9sormais prouver ses comp\u00e9tences gr\u00e2ce \u00e0 la qualit\u00e9 de son discours \u00e9crit. (Pr\u00e9sentation de l\u2019\u00e9diteur)<\/p>\n<p>MASSOL P.<\/p>\n<p>Vuibert<\/p>\n<p>2007-255p.<\/p>\n<p>ISBN\u00a0: 978-2-7117-8701-2<\/p>\n<p>Cote doc\u00a0: 4-80-MAS-M<\/p>\n<p><strong><em>Uniquement \u00e0 la location<\/em><\/strong><\/p>\n<span class=\"et_bloom_bottom_trigger\"><\/span>","protected":false},"excerpt":{"rendered":"<p>Pourquoi, \u00e0 comp\u00e9tences \u00e9gales, certains individus semblent-ils mieux r\u00e9ussir leur parcours professionnel que d&rsquo;autres ?<\/p>\n","protected":false},"featured_media":1942,"comment_status":"closed","ping_status":"closed","template":"","meta":{"_et_pb_use_builder":"","_et_pb_old_content":"","_et_gb_content_width":"","spay_email":""},"class_list":["post-1941","product","type-product","status-publish","has-post-thumbnail","hentry","product_cat-livres","product_tag-communication","product_tag-ecriture","product_tag-langage-verbal","product_tag-methodologie","product_tag-philosophie","product_tag-valorisation"],"jetpack_sharing_enabled":true,"jetpack_likes_enabled":true,"_links":{"self":[{"href":"https:\/\/www.parthages.be\/eboutique\/wp-json\/wp\/v2\/product\/1941","targetHints":{"allow":["GET"]}}],"collection":[{"href":"https:\/\/www.parthages.be\/eboutique\/wp-json\/wp\/v2\/product"}],"about":[{"href":"https:\/\/www.parthages.be\/eboutique\/wp-json\/wp\/v2\/types\/product"}],"replies":[{"embeddable":true,"href":"https:\/\/www.parthages.be\/eboutique\/wp-json\/wp\/v2\/comments?post=1941"}],"wp:featuredmedia":[{"embeddable":true,"href":"https:\/\/www.parthages.be\/eboutique\/wp-json\/wp\/v2\/media\/1942"}],"wp:attachment":[{"href":"https:\/\/www.parthages.be\/eboutique\/wp-json\/wp\/v2\/media?parent=1941"}],"curies":[{"name":"wp","href":"https:\/\/api.w.org\/{rel}","templated":true}]}}