{"id":1974,"date":"2021-09-20T11:34:48","date_gmt":"2021-09-20T09:34:48","guid":{"rendered":"https:\/\/www.parthages.be\/eboutique\/?post_type=product&#038;p=1974"},"modified":"2021-09-20T11:34:49","modified_gmt":"2021-09-20T09:34:49","slug":"art-et-handicap","status":"publish","type":"product","link":"https:\/\/www.parthages.be\/eboutique\/produit\/art-et-handicap\/","title":{"rendered":"Art et handicap"},"content":{"rendered":"<p>Cet ouvrage relie de mani\u00e8re originale l\u2019art et le handicap \u00e0 travers deux grands axes : les repr\u00e9sentations sociales et iconographiques des handicaps dans l\u2019art d\u2019une part, l\u2019art des personnes handicap\u00e9es d\u2019autre part. L\u2019art repr\u00e9sentant des personnes handicap\u00e9es permet de comprendre comment, \u00e0 diff\u00e9rentes \u00e9poques, la civilisation europ\u00e9enne a consid\u00e9r\u00e9 le handicap. Dans la premi\u00e8re partie du livre, anthropologues, psychanalystes, historiens de l\u2019art et psychologues apportent leur point de vue sur les repr\u00e9sentations et la conception du handicap v\u00e9hicul\u00e9es dans et par les \u0153uvres d\u2019art. Plusieurs questions y sont abord\u00e9es, comme le nanisme dans l\u2019Antiquit\u00e9 et dans l\u2019Espagne du Si\u00e8cle d\u2019or, les corps extr\u00eames dans l\u2019art contemporain entre animal, divin et humain, l\u2019infirmit\u00e9 mise en sc\u00e8ne par les peintres et les sculpteurs ainsi que la perception du handicap sous l\u2019angle de la psychologie (repr\u00e9sentations sociales) et de l\u2019histoire de l\u2019art (repr\u00e9sentations iconographiques). La seconde partie du volume est consacr\u00e9e aux ateliers cr\u00e9atifs et aux productions artistiques des personnes handicap\u00e9es mentales, malades mentales et marginales. Plusieurs aspects y sont d\u00e9velopp\u00e9s : le cadre th\u00e9orique qui d\u00e9finit et situe ces arts \u00e0 la marge (art brut, art populaire ou Outsider art), l\u2019\u00e9volution de la conception de la cr\u00e9ation marginale, le d\u00e9veloppement des ateliers CR\u00c9Ativit\u00e9 Handicap Mental, l\u2019histoire de Judith Scott et le th\u00e8me de la cr\u00e9ation th\u00e9\u00e2trale. Ce livre veut \u00eatre un outil de r\u00e9flexion dans le champ de la cr\u00e9ation artistique et de la repr\u00e9sentation sociale et iconographique des handicaps pour le chercheur, le praticien ou le grand public. (Pr\u00e9sentation de l\u2019\u00e9diteur)<\/p>\n<p>BARROZZINI J.-. BAZIER G.- DAMIEN M.- MERCIER M.- VANDEN BEMDEN Y.<\/p>\n<p>Presses universitaires de Namur<\/p>\n<p>2008-160p.-20\u20ac<\/p>\n<p>300gr<\/p>\n<p>ISBN: 978-2-87037-544-0<\/p>\n<p>Cote doc: 4-70-BAR-A<\/p>\n<span class=\"et_bloom_bottom_trigger\"><\/span>","protected":false},"excerpt":{"rendered":"<p>Cet ouvrage relie de mani\u00e8re originale l\u2019art et le handicap \u00e0 travers deux grands axes : les repr\u00e9sentations sociales et iconographiques des handicaps dans l\u2019art d\u2019une part, l\u2019art des personnes handicap\u00e9es d\u2019autre part.<\/p>\n","protected":false},"featured_media":1975,"comment_status":"closed","ping_status":"closed","template":"","meta":{"_et_pb_use_builder":"","_et_pb_old_content":"","_et_gb_content_width":"","spay_email":""},"class_list":["post-1974","product","type-product","status-publish","has-post-thumbnail","hentry","product_cat-livres","product_tag-art","product_tag-creativite","product_tag-handicap-mental","product_tag-histoire","product_tag-historique","product_tag-nanisme","product_tag-personne-handicapee","product_tag-representation-du-handicap","product_tag-representation-sociale"],"jetpack_sharing_enabled":true,"jetpack_likes_enabled":true,"_links":{"self":[{"href":"https:\/\/www.parthages.be\/eboutique\/wp-json\/wp\/v2\/product\/1974","targetHints":{"allow":["GET"]}}],"collection":[{"href":"https:\/\/www.parthages.be\/eboutique\/wp-json\/wp\/v2\/product"}],"about":[{"href":"https:\/\/www.parthages.be\/eboutique\/wp-json\/wp\/v2\/types\/product"}],"replies":[{"embeddable":true,"href":"https:\/\/www.parthages.be\/eboutique\/wp-json\/wp\/v2\/comments?post=1974"}],"wp:featuredmedia":[{"embeddable":true,"href":"https:\/\/www.parthages.be\/eboutique\/wp-json\/wp\/v2\/media\/1975"}],"wp:attachment":[{"href":"https:\/\/www.parthages.be\/eboutique\/wp-json\/wp\/v2\/media?parent=1974"}],"curies":[{"name":"wp","href":"https:\/\/api.w.org\/{rel}","templated":true}]}}