{"id":1982,"date":"2021-09-20T11:42:46","date_gmt":"2021-09-20T09:42:46","guid":{"rendered":"https:\/\/www.parthages.be\/eboutique\/?post_type=product&#038;p=1982"},"modified":"2021-09-20T11:42:47","modified_gmt":"2021-09-20T09:42:47","slug":"de-lautonomie-a-la-reduction-des-dependances","status":"publish","type":"product","link":"https:\/\/www.parthages.be\/eboutique\/produit\/de-lautonomie-a-la-reduction-des-dependances\/","title":{"rendered":"De l&rsquo;autonomie \u00e0 la r\u00e9duction des d\u00e9pendances"},"content":{"rendered":"<p>Vous \u00eates parent, intervenant, enseignant, orthop\u00e9dagogue, \u00e9ducateur sp\u00e9cialis\u00e9, gestionnaire et la finalit\u00e9 de votre intervention est l&rsquo;autonomie ? Vous trouvez ce concept flou ? Vous avez du mal \u00e0 d\u00e9terminer des buts clairs et r\u00e9alistes ? Vous demeurez convaincu du bien-fond\u00e9 de cette finalit\u00e9 ? Vous croyez que l&rsquo;autonomie et l&rsquo;int\u00e9gration sociale sont li\u00e9es ? Si vous avez r\u00e9pondu oui \u00e0 toutes ces questions, ce livre est pour vous. Il vous permettra de mieux identifier la nature de l&rsquo;autonomie, d&rsquo;y trouver ses multiples dimensions et enfin d&rsquo;y puiser des indices clairs pour soutenir une intervention qui favorise le d\u00e9veloppement de l&rsquo;autonomie de la personne qui pr\u00e9sente des incapacit\u00e9s intellectuelles. Vous \u00eates parent, intervenant, enseignant, orthop\u00e9dagogue, \u00e9ducateur sp\u00e9cialis\u00e9, gestionnaire et vous intervenez aupr\u00e8s de personnes qui ne pr\u00e9sentent pas des incapacit\u00e9s intellectuelles ? Vous vous pr\u00e9occupez cependant du d\u00e9veloppement de l&rsquo;autonomie ? Vous \u00eates soucieux d&rsquo;assister autrui dans le d\u00e9veloppement de son autonomie ? Si vous avez r\u00e9pondu oui \u00e0 toutes ces questions, ce livre est \u00e9galement pour vous. En relevant les d\u00e9fis que soul\u00e8vent l&rsquo;int\u00e9gration et l&rsquo;\u00e9ducation des personnes qui pr\u00e9sentent des incapacit\u00e9s intellectuelles, c&rsquo;est l&rsquo;accessibilit\u00e9 g\u00e9n\u00e9ralis\u00e9e \u00e0 une \u00e9ducation de qualit\u00e9 qui est directement touch\u00e9e. En effet, a clarification des concepts et les principes g\u00e9n\u00e9raux d&rsquo;\u00e9laboration d&rsquo;un programme d&rsquo;intervention sont autant d&rsquo;\u00e9l\u00e9ments pouvant servir avantageusement quiconque assiste un \u00eatre humain dans son d\u00e9veloppement.<\/p>\n<p>(Pr\u00e9sentation de l\u2019\u00e9diteur)<\/p>\n<p>ROCQUE S.- LANGEVIN J.- DROUIN C.- FAILLE J.<\/p>\n<p>Editions Nouvelles<\/p>\n<p>1999-106p.<\/p>\n<p>ISBN\u00a0: 2-921696-50-9<\/p>\n<p>Cote doc\u00a0: 4-50-ROC-A<\/p>\n<p><strong><em>Uniquement \u00e0 la location<\/em><\/strong><\/p>\n<span class=\"et_bloom_bottom_trigger\"><\/span>","protected":false},"excerpt":{"rendered":"<p>Vous \u00eates parent, intervenant, enseignant, orthop\u00e9dagogue, \u00e9ducateur sp\u00e9cialis\u00e9, gestionnaire et la finalit\u00e9 de votre intervention est l&rsquo;autonomie ?<\/p>\n","protected":false},"featured_media":1983,"comment_status":"closed","ping_status":"closed","template":"","meta":{"_et_pb_use_builder":"","_et_pb_old_content":"","_et_gb_content_width":"","spay_email":""},"class_list":["post-1982","product","type-product","status-publish","has-post-thumbnail","hentry","product_cat-livres","product_tag-autonomie","product_tag-canada","product_tag-deficience-intellectuelle","product_tag-integration","product_tag-intervention","product_tag-personne-handicapee","product_tag-programme","product_tag-reduction-de-dependance"],"jetpack_sharing_enabled":true,"jetpack_likes_enabled":true,"_links":{"self":[{"href":"https:\/\/www.parthages.be\/eboutique\/wp-json\/wp\/v2\/product\/1982","targetHints":{"allow":["GET"]}}],"collection":[{"href":"https:\/\/www.parthages.be\/eboutique\/wp-json\/wp\/v2\/product"}],"about":[{"href":"https:\/\/www.parthages.be\/eboutique\/wp-json\/wp\/v2\/types\/product"}],"replies":[{"embeddable":true,"href":"https:\/\/www.parthages.be\/eboutique\/wp-json\/wp\/v2\/comments?post=1982"}],"wp:featuredmedia":[{"embeddable":true,"href":"https:\/\/www.parthages.be\/eboutique\/wp-json\/wp\/v2\/media\/1983"}],"wp:attachment":[{"href":"https:\/\/www.parthages.be\/eboutique\/wp-json\/wp\/v2\/media?parent=1982"}],"curies":[{"name":"wp","href":"https:\/\/api.w.org\/{rel}","templated":true}]}}