{"id":200,"date":"2012-09-24T11:37:53","date_gmt":"2012-09-24T09:37:53","guid":{"rendered":"https:\/\/www.parthages.be\/wordpress\/produit\/apprendre-a-vivre-aux-frontieres-des-cultures-sourdes-et-entendantes\/"},"modified":"2023-05-09T08:38:45","modified_gmt":"2023-05-09T06:38:45","slug":"apprendre-a-vivre-aux-frontieres-des-cultures-sourdes-et-entendantes","status":"publish","type":"product","link":"https:\/\/www.parthages.be\/eboutique\/produit\/apprendre-a-vivre-aux-frontieres-des-cultures-sourdes-et-entendantes\/","title":{"rendered":"Apprendre \u00e0 vivre aux fronti\u00e8res des cultures sourdes et entendantes"},"content":{"rendered":"<p>Dans des soci\u00e9t\u00e9s et un monde pr\u00e9occup\u00e9s de productivit\u00e9, de consommation, d\u2019\u00e9conomie, de politique, il n\u2019est pas toujours facile d\u2019aborder la question culturelle, non pas tant celle de la culture artistique ou de biens culturels offerts \u00e0 la consommation, mais celle de la culture des modes de vie diff\u00e9rents, du partage de valeurs et de rep\u00e8res symboliques, de la qualit\u00e9 de vie citoyenne.<\/p>\n<p>Il peut \u00eatre \u00e9tonnant pour beaucoup encore d\u2019aborder le monde des sourds en tant que porteur d\u2019une culture sourde. Il y a une culture sourde, autod\u00e9finie en grande partie par un mouvement interne d\u2019affirmation identitaire, avec l\u2019appui tout de m\u00eame de diff\u00e9rents acteurs sociaux du monde entendant, dont des linguistes, des chercheurs en sciences sociales, divers acteurs politiques. Et il y a aussi une culture entendante, marqu\u00e9e par la ma\u00eetrise de l\u2019oralit\u00e9 et de l\u2019\u00e9crit, fond\u00e9e en plus sur une normalit\u00e9 clinique institu\u00e9e (poss\u00e9der l\u2019audition) qui devient une dimension allant de soi de la normalit\u00e9 linguistique pour la grande majorit\u00e9 entendante. Par ailleurs, c\u2019est en r\u00e9f\u00e9rence \u00e0 une culture sourde, dans sa diff\u00e9rence m\u00eame, que se r\u00e9v\u00e8lent plus pleinement les caract\u00e9ristiques de cette culture entendante.<\/p>\n<p>C\u2019est cette dynamique des rapports entre cultures qui constitue la trame de cet ouvrage, la position d\u2019enfants entendants issus de parents sourds constituant un t\u00e9moignage particuli\u00e8rement pertinent, leur d\u00e9veloppement comme personne provenant radicalement de cette dynamique. (Pr\u00e9sentation de l\u2019\u00e9diteur)<\/p>\n<p>BLAIS M.- RHEAUME J.<\/p>\n<p>Presses de l&rsquo;universit\u00e9 de Laval, Chronique sociale<\/p>\n<p>2009- 160 p.<\/p>\n<p>ISBN: 978-2-7637-8922-4<\/p>\n<p>Cote doc:4-30-CAR-A<\/p>\n<p><strong><em>Uniquement \u00e0 la location<\/em><\/strong><\/p>\n<span class=\"et_bloom_bottom_trigger\"><\/span>","protected":false},"excerpt":{"rendered":"<p>Dans des soci\u00e9t\u00e9s et un monde pr\u00e9occup\u00e9s de productivit\u00e9, de consommation, d\u2019\u00e9conomie, de politique, il n\u2019est pas toujours facile d\u2019aborder la question culturelle, non pas tant celle de la culture artistique ou de biens culturels offerts \u00e0 la consommation, mais celle de la culture des modes de vie diff\u00e9rents, du partage de valeurs et de [&hellip;]<\/p>\n","protected":false},"featured_media":199,"comment_status":"open","ping_status":"closed","template":"","meta":{"_et_pb_use_builder":"","_et_pb_old_content":"","_et_gb_content_width":"","spay_email":""},"class_list":["post-200","product","type-product","status-publish","has-post-thumbnail","hentry","product_cat-livres","product_tag-affirmation-de-soi","product_tag-culture","product_tag-enfance","product_tag-parent","product_tag-qualite-de-vie","product_tag-quebec","product_tag-societe","product_tag-surdite","product_tag-temoignage"],"jetpack_sharing_enabled":true,"jetpack_likes_enabled":true,"_links":{"self":[{"href":"https:\/\/www.parthages.be\/eboutique\/wp-json\/wp\/v2\/product\/200","targetHints":{"allow":["GET"]}}],"collection":[{"href":"https:\/\/www.parthages.be\/eboutique\/wp-json\/wp\/v2\/product"}],"about":[{"href":"https:\/\/www.parthages.be\/eboutique\/wp-json\/wp\/v2\/types\/product"}],"replies":[{"embeddable":true,"href":"https:\/\/www.parthages.be\/eboutique\/wp-json\/wp\/v2\/comments?post=200"}],"wp:featuredmedia":[{"embeddable":true,"href":"https:\/\/www.parthages.be\/eboutique\/wp-json\/wp\/v2\/media\/199"}],"wp:attachment":[{"href":"https:\/\/www.parthages.be\/eboutique\/wp-json\/wp\/v2\/media?parent=200"}],"curies":[{"name":"wp","href":"https:\/\/api.w.org\/{rel}","templated":true}]}}