{"id":2013,"date":"2021-10-05T10:12:48","date_gmt":"2021-10-05T08:12:48","guid":{"rendered":"https:\/\/www.parthages.be\/eboutique\/?post_type=product&#038;p=2013"},"modified":"2021-10-05T10:12:48","modified_gmt":"2021-10-05T08:12:48","slug":"itineraires-dinsertion","status":"publish","type":"product","link":"https:\/\/www.parthages.be\/eboutique\/produit\/itineraires-dinsertion\/","title":{"rendered":"Itin\u00e9raires d&rsquo;insertion"},"content":{"rendered":"<p><strong>De la maladie mentale au travail ordinaire<\/strong><\/p>\n<p>Cette \u00ab\u00a0enqu\u00eate-rencontre\u00a0\u00bb croise les exp\u00e9riences et les histoires de r\u00e9insertion. Histoires de ceux qui apr\u00e8s les s\u00e9jours en h\u00f4pital psychiatrique et de longues ann\u00e9es d&rsquo;inactivit\u00e9, ont retrouv\u00e9 ce qu&rsquo;ils appellent un \u00ab\u00a0travail ordinaire\u00a0\u00bb. Histoires de professionnels dont le m\u00e9tier consiste \u00e0 soutenir, \u00e0 accompagner. Mais aussi \u00e0 guetter, \u00e0 anticiper les mouvements de la soci\u00e9t\u00e9, pour trouver des r\u00e9ponses plus ad\u00e9quates. Tout va se nouer autour d&rsquo;un lieu o\u00f9 l&rsquo;on verra vivre les uns et les autres : Messidor, un groupe d&rsquo;entreprises de travail prot\u00e9g\u00e9 implant\u00e9 dans la r\u00e9gion Rh\u00f4ne-Alpes qui, avec les ann\u00e9es d&rsquo;exp\u00e9rience, a construit une m\u00e9thode d&rsquo;accompagnement exigeante. Au restaurant, dans une entreprise de bureautique ou dans une \u00e9quipe de nettoyage, ceux qui se remettent en route, apprennent au c\u00f4t\u00e9 de professionnels \u00e0 retrouver avec les gestes d&rsquo;un m\u00e9tier, de la rapidit\u00e9, de l&rsquo;endurance, de l&rsquo;initiative. Il s&rsquo;agit de passer de la d\u00e9pendance \u00e0 la volont\u00e9 de prendre sa vie en main. Les int\u00e9ress\u00e9s ont d\u00e9cid\u00e9 eux-m\u00eames de mettre en relief ce qui avait \u00e9t\u00e9 important dans ces longues ann\u00e9es d&rsquo;existence marqu\u00e9e par la maladie. Tous ont trouv\u00e9 la mani\u00e8re de s&rsquo;arr\u00eater sur les questions importantes avec leur r\u00e9ponse originale : la maladie mentale que l&rsquo;on va assumer ou chasser de sa m\u00e9moire, le statut de travailleur handicap\u00e9 per\u00e7u par les uns comme un avantage et par d&rsquo;autres comme une entrave, l&rsquo;\u00e9quilibre toujours instable entre salaire et allocations. Leurs efforts pour \u00ab\u00a0s&rsquo;en sortir\u00a0\u00bb, leurs difficult\u00e9s et leurs espoirs, doivent toucher un large public et soutenir la r\u00e9flexion de ceux qui sont engag\u00e9s dans une pratique sociale. (Pr\u00e9sentation de l\u2019\u00e9diteur)<\/p>\n<p>DEBARD M.<\/p>\n<p>Chronique sociale<\/p>\n<p>2001-154p-14.50\u20ac<\/p>\n<p>245gr<\/p>\n<p>ISBN: 2-85008-411-5<\/p>\n<p>Cote doc: 4-60-DEB-I<\/p>\n<span class=\"et_bloom_bottom_trigger\"><\/span>","protected":false},"excerpt":{"rendered":"<p>Cette \u00ab\u00a0enqu\u00eate-rencontre\u00a0\u00bb croise les exp\u00e9riences et les histoires de r\u00e9insertion. Histoires de ceux qui apr\u00e8s les s\u00e9jours en h\u00f4pital psychiatrique et de longues ann\u00e9es d&rsquo;inactivit\u00e9, ont retrouv\u00e9 ce qu&rsquo;ils appellent un \u00ab\u00a0travail ordinaire\u00a0\u00bb.<\/p>\n","protected":false},"featured_media":2014,"comment_status":"closed","ping_status":"closed","template":"","meta":{"_et_pb_use_builder":"","_et_pb_old_content":"","_et_gb_content_width":"","spay_email":""},"class_list":["post-2013","product","type-product","status-publish","has-post-thumbnail","hentry","product_cat-livres","product_tag-accompagnement","product_tag-emploi","product_tag-entreprise-de-travail-adapte","product_tag-equipe-de-travail","product_tag-france","product_tag-integration","product_tag-methodologie","product_tag-psychopathologie","product_tag-vecu"],"jetpack_sharing_enabled":true,"jetpack_likes_enabled":true,"_links":{"self":[{"href":"https:\/\/www.parthages.be\/eboutique\/wp-json\/wp\/v2\/product\/2013","targetHints":{"allow":["GET"]}}],"collection":[{"href":"https:\/\/www.parthages.be\/eboutique\/wp-json\/wp\/v2\/product"}],"about":[{"href":"https:\/\/www.parthages.be\/eboutique\/wp-json\/wp\/v2\/types\/product"}],"replies":[{"embeddable":true,"href":"https:\/\/www.parthages.be\/eboutique\/wp-json\/wp\/v2\/comments?post=2013"}],"wp:featuredmedia":[{"embeddable":true,"href":"https:\/\/www.parthages.be\/eboutique\/wp-json\/wp\/v2\/media\/2014"}],"wp:attachment":[{"href":"https:\/\/www.parthages.be\/eboutique\/wp-json\/wp\/v2\/media?parent=2013"}],"curies":[{"name":"wp","href":"https:\/\/api.w.org\/{rel}","templated":true}]}}