{"id":2019,"date":"2021-10-05T10:16:03","date_gmt":"2021-10-05T08:16:03","guid":{"rendered":"https:\/\/www.parthages.be\/eboutique\/?post_type=product&#038;p=2019"},"modified":"2021-10-05T10:16:04","modified_gmt":"2021-10-05T08:16:04","slug":"resultats-dune-action-menee-aupres-de-1-086-jeunes-handicapes-en-vue-de-faciliter-leur-insertion-professionnelle-en-milieu-ordinaire-de-travail","status":"publish","type":"product","link":"https:\/\/www.parthages.be\/eboutique\/produit\/resultats-dune-action-menee-aupres-de-1-086-jeunes-handicapes-en-vue-de-faciliter-leur-insertion-professionnelle-en-milieu-ordinaire-de-travail\/","title":{"rendered":"R\u00e9sultats d&rsquo;une action men\u00e9e aupr\u00e8s de 1.086 jeunes handicap\u00e9s en vue de faciliter leur insertion professionnelle en milieu ordinaire de travail"},"content":{"rendered":"<p><strong>(Programme op\u00e9rationnel cofinanc\u00e9 par le Fonds social Europ\u00e9en)<\/strong><\/p>\n<p><strong><em>Rapport<\/em><\/strong><\/p>\n<p>1086 jeunes handicap\u00e9s mentaux ou physiques ont b\u00e9n\u00e9fici\u00e9 des dispositions arr\u00eat\u00e9es par la\u00a0 CCE dans le cadre Communautaire d&rsquo;appui 1990-1993 pour l&rsquo;intervention du Fonds social Europ\u00e9en en vue de\u00a0\u00bb favoriser l&rsquo;insertion professionnelle des jeunes\u00a0\u00bb en France. Le b\u00e9n\u00e9fice de ces actions s&rsquo;est av\u00e9r\u00e9 extr\u00eamement positif \u00e0 l&rsquo;\u00e9chelle individuelle pour les jeunes handicap\u00e9s et cela gr\u00e2ce \u00e0 la participation financi\u00e8re du Fonds social Europ\u00e9en.\u00a0 De nouveaux objectifs et types d&rsquo;actions vont \u00eatre mis sur pied au niveau des centres de formation op\u00e9rateurs, au niveau des entreprises dans leur relation avec les centres de formation, au niveau de la perception de l&rsquo;insertion en milieu ordinaire.<\/p>\n<p>BELIN B.- MARQUES N.- LECHAUX P.- GODOMEN T.<\/p>\n<p>COMITE NATIONAL DE COORDINATION DE L&rsquo;ACTION EN FAVEUR DES PERSONNES HANDICAPEES<\/p>\n<p>1997- 126p.<\/p>\n<p>Cote doc: 4-60-CNC-R<\/p>\n<p><strong><em>Uniquement \u00e0 la location<\/em><\/strong><\/p>\n<span class=\"et_bloom_bottom_trigger\"><\/span>","protected":false},"excerpt":{"rendered":"<p>1086 jeunes handicap\u00e9s mentaux ou physiques ont b\u00e9n\u00e9fici\u00e9 des dispositions arr\u00eat\u00e9es par la\u00a0 CCE dans le cadre Communautaire d&rsquo;appui 1990-1993 pour l&rsquo;intervention du Fonds social Europ\u00e9en en vue de\u00a0\u00bb favoriser l&rsquo;insertion professionnelle des jeunes\u00a0\u00bb en France.<\/p>\n","protected":false},"featured_media":2020,"comment_status":"closed","ping_status":"closed","template":"","meta":{"_et_pb_use_builder":"","_et_pb_old_content":"","_et_gb_content_width":"","spay_email":""},"class_list":["post-2019","product","type-product","status-publish","has-post-thumbnail","hentry","product_cat-livres","product_tag-accompagnement","product_tag-emploi","product_tag-enquete","product_tag-evaluation","product_tag-financement","product_tag-formation","product_tag-france","product_tag-integration-professionnelle","product_tag-integration-sociale","product_tag-jeune","product_tag-marche-du-travail","product_tag-orientation-professionnelle","product_tag-participation","product_tag-personne-handicapee","product_tag-qualite","product_tag-strategie","product_tag-travail","product_tag-union-europeenne"],"jetpack_sharing_enabled":true,"jetpack_likes_enabled":true,"_links":{"self":[{"href":"https:\/\/www.parthages.be\/eboutique\/wp-json\/wp\/v2\/product\/2019","targetHints":{"allow":["GET"]}}],"collection":[{"href":"https:\/\/www.parthages.be\/eboutique\/wp-json\/wp\/v2\/product"}],"about":[{"href":"https:\/\/www.parthages.be\/eboutique\/wp-json\/wp\/v2\/types\/product"}],"replies":[{"embeddable":true,"href":"https:\/\/www.parthages.be\/eboutique\/wp-json\/wp\/v2\/comments?post=2019"}],"wp:featuredmedia":[{"embeddable":true,"href":"https:\/\/www.parthages.be\/eboutique\/wp-json\/wp\/v2\/media\/2020"}],"wp:attachment":[{"href":"https:\/\/www.parthages.be\/eboutique\/wp-json\/wp\/v2\/media?parent=2019"}],"curies":[{"name":"wp","href":"https:\/\/api.w.org\/{rel}","templated":true}]}}