{"id":2039,"date":"2021-10-05T10:27:45","date_gmt":"2021-10-05T08:27:45","guid":{"rendered":"https:\/\/www.parthages.be\/eboutique\/?post_type=product&#038;p=2039"},"modified":"2021-10-05T10:27:45","modified_gmt":"2021-10-05T08:27:45","slug":"entreprises-nord-europeennes-et-adaptation-au-travail","status":"publish","type":"product","link":"https:\/\/www.parthages.be\/eboutique\/produit\/entreprises-nord-europeennes-et-adaptation-au-travail\/","title":{"rendered":"Entreprises Nord-Europ\u00e9ennes et adaptation au travail"},"content":{"rendered":"<p>La r\u00e9alisation europ\u00e9enne assurera un meilleur emploi des ressources et une meilleure efficacit\u00e9 des activit\u00e9s \u00e9conomiques. Dans chacun des pays membres, les entreprises s&rsquo;y pr\u00e9parent. Il importe que les travailleurs handicap\u00e9s soient pr\u00e9sents \u00e0 cette \u00e9volution et y trouvent une nouvelle chance d&rsquo;\u00eatre des acteurs \u00e9conomiques \u00e0 part enti\u00e8re. Les recommandations europ\u00e9ennes soulignent que \u00ab\u00a0le travail en commun avec les personnes valides constitue le reclassement le plus efficace\u00a0\u00bb. Vaste d\u00e9fi lanc\u00e9 aux entreprises qui, dans des environnements \u00e9conomiques, sociaux, culturels et r\u00e8glementaires diff\u00e9rents, s&rsquo;adaptent aux nouvelles conditions de l&rsquo;activit\u00e9 productrice et du travail. A l&rsquo;\u00e9chelle europ\u00e9enne, de nouvelles r\u00e9gions naturelles, de nouvelles coop\u00e9rations se dessinent. Le Nord-Pas-de-Calais renforce ses liens avec ses voisins de Grande-Bretagne, du Benelux et aussi d&rsquo;Allemagne. Les trois journ\u00e9es d&rsquo;\u00e9tude organis\u00e9es \u00e9voquent ces probl\u00e8mes.<\/p>\n<p>BACHELOT B.,<\/p>\n<p>Editions GIRPEH NORD PAS-DE-CALAIS<\/p>\n<p>1989 -203p.<\/p>\n<p>Cote doc: 4-60-GIR-E<\/p>\n<p><strong><em>Uniquement \u00e0 la location<\/em><\/strong><\/p>\n<p>&nbsp;<\/p>\n<span class=\"et_bloom_bottom_trigger\"><\/span>","protected":false},"excerpt":{"rendered":"<p>La r\u00e9alisation europ\u00e9enne assurera un meilleur emploi des ressources et une meilleure efficacit\u00e9 des activit\u00e9s \u00e9conomiques.<\/p>\n","protected":false},"featured_media":2040,"comment_status":"closed","ping_status":"closed","template":"","meta":{"_et_pb_use_builder":"","_et_pb_old_content":"","_et_gb_content_width":"","spay_email":""},"class_list":["post-2039","product","type-product","status-publish","has-post-thumbnail","hentry","product_cat-livres","product_tag-congres","product_tag-emploi","product_tag-integration-professionnelle","product_tag-personne-handicapee","product_tag-politique-europeenne","product_tag-travail"],"jetpack_sharing_enabled":true,"jetpack_likes_enabled":true,"_links":{"self":[{"href":"https:\/\/www.parthages.be\/eboutique\/wp-json\/wp\/v2\/product\/2039","targetHints":{"allow":["GET"]}}],"collection":[{"href":"https:\/\/www.parthages.be\/eboutique\/wp-json\/wp\/v2\/product"}],"about":[{"href":"https:\/\/www.parthages.be\/eboutique\/wp-json\/wp\/v2\/types\/product"}],"replies":[{"embeddable":true,"href":"https:\/\/www.parthages.be\/eboutique\/wp-json\/wp\/v2\/comments?post=2039"}],"wp:featuredmedia":[{"embeddable":true,"href":"https:\/\/www.parthages.be\/eboutique\/wp-json\/wp\/v2\/media\/2040"}],"wp:attachment":[{"href":"https:\/\/www.parthages.be\/eboutique\/wp-json\/wp\/v2\/media?parent=2039"}],"curies":[{"name":"wp","href":"https:\/\/api.w.org\/{rel}","templated":true}]}}