{"id":2045,"date":"2021-10-05T10:31:18","date_gmt":"2021-10-05T08:31:18","guid":{"rendered":"https:\/\/www.parthages.be\/eboutique\/?post_type=product&#038;p=2045"},"modified":"2021-10-05T10:31:18","modified_gmt":"2021-10-05T08:31:18","slug":"linsertion-professionnelle-des-travailleurs-handicapes","status":"publish","type":"product","link":"https:\/\/www.parthages.be\/eboutique\/produit\/linsertion-professionnelle-des-travailleurs-handicapes\/","title":{"rendered":"L\u2019Insertion professionnelle des travailleurs handicap\u00e9s"},"content":{"rendered":"<p>Cet ouvrage collectif souhaite faire le point sur 20 ans d&rsquo;actions publiques concernant l&rsquo;insertion professionnelle des travailleurs handicap\u00e9s. Ce sont les multiples aspects de l&rsquo;option fran\u00e7aise de discrimination positive qui seront examin\u00e9s, notamment: le milieu prot\u00e9g\u00e9, la formation professionnelle, le placement, les opinions des employeurs sans oublier les personnes handicap\u00e9es elles-m\u00eames. Au-del\u00e0 des diverses modalit\u00e9s traduisant cette option de discrimination positive, c&rsquo;est la validit\u00e9 de cette option qui est interrog\u00e9e avec, en arri\u00e8re fond, une interrogation portant sur la construction de l&rsquo;\u00e9galit\u00e9 pour les personnes exclues ou en difficult\u00e9, notamment \u00e0 propos d&rsquo;un organisme cr\u00e9\u00e9 en 1987, l&rsquo;Agefiph, ayant pour vocation de Mieux assurer\u00a0 l&rsquo;insertion de ce public sp\u00e9cifique.<\/p>\n<p>Cet ouvrage pr\u00e9sente des donn\u00e9es chiffr\u00e9es ainsi que des r\u00e9flexions plus conceptuelles. Il allie aspects r\u00e9trospectifs et donn\u00e9es actualis\u00e9es. Il sera donc de ce fait un ouvrage de r\u00e9f\u00e9rence pour les ann\u00e9es qui viennent.<\/p>\n<p>BLANC A.<\/p>\n<p>Editions PUG<\/p>\n<p>2009 -312p. -415g -21,70 \u20ac<\/p>\n<p>ISBN: 978-2-7061-1551-6<\/p>\n<p>Cote doc: 4-60-BLA-I<\/p>\n<span class=\"et_bloom_bottom_trigger\"><\/span>","protected":false},"excerpt":{"rendered":"<p>Cet ouvrage collectif souhaite faire le point sur 20 ans d&rsquo;actions publiques concernant l&rsquo;insertion professionnelle des travailleurs handicap\u00e9s.<\/p>\n","protected":false},"featured_media":2046,"comment_status":"closed","ping_status":"closed","template":"","meta":{"_et_pb_use_builder":"","_et_pb_old_content":"","_et_gb_content_width":"","spay_email":""},"class_list":["post-2045","product","type-product","status-publish","has-post-thumbnail","hentry","product_cat-livres","product_tag-formation-professionnelle","product_tag-france","product_tag-insertion-professionnelle","product_tag-legislation","product_tag-personne-handicapee","product_tag-statistique","product_tag-travailleur-social"],"jetpack_sharing_enabled":true,"jetpack_likes_enabled":true,"_links":{"self":[{"href":"https:\/\/www.parthages.be\/eboutique\/wp-json\/wp\/v2\/product\/2045","targetHints":{"allow":["GET"]}}],"collection":[{"href":"https:\/\/www.parthages.be\/eboutique\/wp-json\/wp\/v2\/product"}],"about":[{"href":"https:\/\/www.parthages.be\/eboutique\/wp-json\/wp\/v2\/types\/product"}],"replies":[{"embeddable":true,"href":"https:\/\/www.parthages.be\/eboutique\/wp-json\/wp\/v2\/comments?post=2045"}],"wp:featuredmedia":[{"embeddable":true,"href":"https:\/\/www.parthages.be\/eboutique\/wp-json\/wp\/v2\/media\/2046"}],"wp:attachment":[{"href":"https:\/\/www.parthages.be\/eboutique\/wp-json\/wp\/v2\/media?parent=2045"}],"curies":[{"name":"wp","href":"https:\/\/api.w.org\/{rel}","templated":true}]}}