{"id":2047,"date":"2021-10-05T10:32:20","date_gmt":"2021-10-05T08:32:20","guid":{"rendered":"https:\/\/www.parthages.be\/eboutique\/?post_type=product&#038;p=2047"},"modified":"2021-10-05T10:32:20","modified_gmt":"2021-10-05T08:32:20","slug":"responsabiliser-les-employeurs","status":"publish","type":"product","link":"https:\/\/www.parthages.be\/eboutique\/produit\/responsabiliser-les-employeurs\/","title":{"rendered":"Responsabiliser les employeurs ?"},"content":{"rendered":"<p>Opportunit\u00e9 et faisabilit\u00e9 en Belgique d&rsquo;un dispositif pour l&#8217;emploi des personnes handicap\u00e9es en entreprises priv\u00e9es<\/p>\n<p>Augmenter significativement les emplois en milieu ordinaire occup\u00e9s par des personnes handicap\u00e9es, et dans des postes de travail en relation avec leurs comp\u00e9tences et capacit\u00e9s, tel est le principal objectif du m\u00e9canisme de responsabilisation g\u00e9n\u00e9ralis\u00e9e des employeurs dont l&rsquo;\u00e9tude a tent\u00e9 de cerner l&rsquo;opportunit\u00e9 et la faisabilit\u00e9 en Belgique. Ce dispositif est parfois d\u00e9nomm\u00e9 \u00a0\u00bb obligation d&#8217;emploi avec contribution compensatoire alimentant un fonds sp\u00e9cial servant \u00e0 stimuler l&#8217;emploi des personnes handicap\u00e9es \u00a0\u00bb ; m\u00eame si, comme nous le verrons plus loin, il ne s\u2019agit pas d&rsquo;une obligation d&#8217;emploi au sens strict.<\/p>\n<p>BINAME J.P. &amp; MERCIER M.<\/p>\n<p>Rapport de recherche\u00a0: Minist\u00e8re des affaires sociales et de la sant\u00e9 de la r\u00e9gion wallonne<\/p>\n<p>2004 -350p.<\/p>\n<p>Cote doc: 4-60-BIN-R<\/p>\n<p><strong><em>Uniquement \u00e0 la location<\/em><\/strong><\/p>\n<span class=\"et_bloom_bottom_trigger\"><\/span>","protected":false},"excerpt":{"rendered":"<p>Opportunit\u00e9 et faisabilit\u00e9 en Belgique d&rsquo;un dispositif pour l&#8217;emploi des personnes handicap\u00e9es en entreprises priv\u00e9es<\/p>\n","protected":false},"featured_media":2048,"comment_status":"closed","ping_status":"closed","template":"","meta":{"_et_pb_use_builder":"","_et_pb_old_content":"","_et_gb_content_width":"","spay_email":""},"class_list":["post-2047","product","type-product","status-publish","has-post-thumbnail","hentry","product_cat-livres","product_tag-belgique","product_tag-chomage","product_tag-discrimination","product_tag-emploi","product_tag-employeur","product_tag-entreprise","product_tag-insertion-professionnelle","product_tag-personne-handicapee","product_tag-politique-de-lemploi","product_tag-recherche","product_tag-strategie"],"jetpack_sharing_enabled":true,"jetpack_likes_enabled":true,"_links":{"self":[{"href":"https:\/\/www.parthages.be\/eboutique\/wp-json\/wp\/v2\/product\/2047","targetHints":{"allow":["GET"]}}],"collection":[{"href":"https:\/\/www.parthages.be\/eboutique\/wp-json\/wp\/v2\/product"}],"about":[{"href":"https:\/\/www.parthages.be\/eboutique\/wp-json\/wp\/v2\/types\/product"}],"replies":[{"embeddable":true,"href":"https:\/\/www.parthages.be\/eboutique\/wp-json\/wp\/v2\/comments?post=2047"}],"wp:featuredmedia":[{"embeddable":true,"href":"https:\/\/www.parthages.be\/eboutique\/wp-json\/wp\/v2\/media\/2048"}],"wp:attachment":[{"href":"https:\/\/www.parthages.be\/eboutique\/wp-json\/wp\/v2\/media?parent=2047"}],"curies":[{"name":"wp","href":"https:\/\/api.w.org\/{rel}","templated":true}]}}