{"id":2051,"date":"2021-10-05T10:34:41","date_gmt":"2021-10-05T08:34:41","guid":{"rendered":"https:\/\/www.parthages.be\/eboutique\/?post_type=product&#038;p=2051"},"modified":"2021-10-05T10:34:41","modified_gmt":"2021-10-05T08:34:41","slug":"la-personne-mentalement-handicapee-et-la-societe-quels-moyens-pour-favoriser-son-integration","status":"publish","type":"product","link":"https:\/\/www.parthages.be\/eboutique\/produit\/la-personne-mentalement-handicapee-et-la-societe-quels-moyens-pour-favoriser-son-integration\/","title":{"rendered":"La personne mentalement handicap\u00e9e et la soci\u00e9t\u00e9 : quels moyens pour favoriser son int\u00e9gration ?"},"content":{"rendered":"<p>Au cours des journ\u00e9es romandes de l&rsquo;ASA, gr\u00e2ce \u00e0 l&rsquo;apport de conf\u00e9renciers sp\u00e9cialistes, chacun a tent\u00e9 d&rsquo;approfondir les questions telles que : pour la Suisse romande, \u00ab\u00a0qu&rsquo;avons-nous mis \u00e0 disposition des personnes handicap\u00e9es pour leur permettre de rejoindre les valides\u00a0\u00bb, \u00ab\u00a0o\u00f9 en sommes-nous dans la r\u00e9alit\u00e9\u00a0\u00bb, \u00ab\u00a0quels sont\u00a0 encore les projets \u00e0 mettre en place\u00a0\u00bb. Egalement, les exp\u00e9riences pratiques, les recherches r\u00e9alis\u00e9es dans divers cantons par des \u00e9quipes de praticiens, dans une 20taine d&rsquo;ateliers.<\/p>\n<p>Ces travaux touchent les domaines suivants : d\u00e9pistage pr\u00e9coce, pr\u00e9scolaris\u00e9 et scolarit\u00e9, formation professionnelle, habitat, vie sociale&#8230;<\/p>\n<p>BEUCHER A., GUINCHARD J.M., MAGEROTTE G., VANEY L., SALBREUX R., REICHENBACH S.<\/p>\n<p>Editions ASAH (Association suisse d&rsquo;aide aux handicap\u00e9s mentaux)<\/p>\n<p>1992 -144p.<\/p>\n<p>Cote doc: 4-60-ASA-P<\/p>\n<p><strong><em>Uniquement \u00e0 la location<\/em><\/strong><\/p>\n<p>&nbsp;<\/p>\n<span class=\"et_bloom_bottom_trigger\"><\/span>","protected":false},"excerpt":{"rendered":"<p>Au cours des journ\u00e9es romandes de l&rsquo;ASA, gr\u00e2ce \u00e0 l&rsquo;apport de conf\u00e9renciers sp\u00e9cialistes, chacun a tent\u00e9 d&rsquo;approfondir les questions telles que : pour la Suisse romande, \u00ab\u00a0qu&rsquo;avons-nous mis \u00e0 disposition des personnes handicap\u00e9es pour leur permettre de rejoindre les valides\u00a0\u00bb, \u00ab\u00a0o\u00f9 en sommes-nous dans la r\u00e9alit\u00e9\u00a0\u00bb, \u00ab\u00a0quels sont\u00a0 encore les projets \u00e0 mettre en place\u00a0\u00bb.<\/p>\n","protected":false},"featured_media":2052,"comment_status":"closed","ping_status":"closed","template":"","meta":{"_et_pb_use_builder":"","_et_pb_old_content":"","_et_gb_content_width":"","spay_email":""},"class_list":["post-2051","product","type-product","status-publish","has-post-thumbnail","hentry","product_cat-livres","product_tag-congres","product_tag-deficience-intellectuelle","product_tag-integration-professionnelle","product_tag-integration-scolaire","product_tag-integration-sociale","product_tag-personne-handicapee","product_tag-societe","product_tag-suisse"],"jetpack_sharing_enabled":true,"jetpack_likes_enabled":true,"_links":{"self":[{"href":"https:\/\/www.parthages.be\/eboutique\/wp-json\/wp\/v2\/product\/2051","targetHints":{"allow":["GET"]}}],"collection":[{"href":"https:\/\/www.parthages.be\/eboutique\/wp-json\/wp\/v2\/product"}],"about":[{"href":"https:\/\/www.parthages.be\/eboutique\/wp-json\/wp\/v2\/types\/product"}],"replies":[{"embeddable":true,"href":"https:\/\/www.parthages.be\/eboutique\/wp-json\/wp\/v2\/comments?post=2051"}],"wp:featuredmedia":[{"embeddable":true,"href":"https:\/\/www.parthages.be\/eboutique\/wp-json\/wp\/v2\/media\/2052"}],"wp:attachment":[{"href":"https:\/\/www.parthages.be\/eboutique\/wp-json\/wp\/v2\/media?parent=2051"}],"curies":[{"name":"wp","href":"https:\/\/api.w.org\/{rel}","templated":true}]}}