{"id":210,"date":"2012-09-24T11:37:53","date_gmt":"2012-09-24T09:37:53","guid":{"rendered":"https:\/\/www.parthages.be\/wordpress\/produit\/actions-pour-la-sante-et-la-recherche-medicale-en-faveur-des-personnes-vulnerables-et-des-pays-emergents-vie-forum-des-jeunes\/"},"modified":"2022-03-23T17:07:35","modified_gmt":"2022-03-23T16:07:35","slug":"actions-pour-la-sante-et-la-recherche-medicale-en-faveur-des-personnes-vulnerables-et-des-pays-emergents-vie-forum-des-jeunes","status":"publish","type":"product","link":"https:\/\/www.parthages.be\/eboutique\/produit\/actions-pour-la-sante-et-la-recherche-medicale-en-faveur-des-personnes-vulnerables-et-des-pays-emergents-vie-forum-des-jeunes\/","title":{"rendered":"Actions pour la sant\u00e9 et la recherche m\u00e9dicale en faveur des personnes vuln\u00e9rables et des pays \u00e9mergents : VIe Forum des jeunes"},"content":{"rendered":"<p>Depuis quinze ans, le droit de la sant\u00e9 est \u00e0 l\u2019honneur dans une rencontre annuelle d\u2019enseignants et de professionnels du droit de la sant\u00e9 : \u00ab Les s\u00e9minaires d\u2019actualit\u00e9 \u00bb qui s\u2019inscrivent dans le programme de l\u2019\u00c9cole europ\u00e9enne d\u2019\u00e9t\u00e9 de droit de la sant\u00e9 et \u00e9thique bio m\u00e9dicale soutenu dans le cadre du Campus d\u2019\u00e9t\u00e9 par le minist\u00e8re de l\u2019Enseignement sup\u00e9rieur et de la Recherche. Cet ouvrage est le recueil des textes de la session de 2011. Plusieurs auteurs ont trait\u00e9 de la vuln\u00e9rabilit\u00e9, notamment en fin de vie, et plus largement de l\u2019acc\u00e8s aux soins et \u00e0 la recherche des populations vuln\u00e9rables : enfants, personnes \u00e2g\u00e9es, malades mentaux.<\/p>\n<p>Un panel de conf\u00e9renciers internationaux, venus des pays du Sud, a pr\u00e9sent\u00e9 un panorama de l\u2019organisation des soins et de la recherche dans les pays \u00e9mergents en soulignant le r\u00f4le de la culture et de la m\u00e9decine traditionnelle. Les partenaires anglophones de notre r\u00e9seau ont particip\u00e9 \u00e0 la session acad\u00e9mique sur le th\u00e8me du droit et de la bio\u00e9thique en g\u00e9n\u00e9tique avec des contributions sur les biobanques, les droits des patients, la confidentialit\u00e9 et la vie priv\u00e9e. Enfin, comme chaque ann\u00e9e, un ensemble de travaux de jeunes chercheurs ont \u00e9t\u00e9 s\u00e9lectionn\u00e9s \u00e0 partir des pr\u00e9sentations qui ont \u00e9t\u00e9 faites au Forum.<\/p>\n<p>La collection des s\u00e9minaires et des ouvrages de l\u2019\u00c9cole europ\u00e9enne d\u2019\u00e9t\u00e9 est d\u00e9sormais accessible au format \u00e9lectronique via la Biblio th\u00e8que num\u00e9rique de droit de la sant\u00e9 et d\u2019\u00e9thique m\u00e9dicale (BNDS, <a href=\"http:\/\/www.bnds.fr\">www.bnds.fr<\/a>). (Pr\u00e9sentation de l\u2019\u00e9diteur)<\/p>\n<p>DUGUET A-M.<\/p>\n<p>Les \u00e9tudes hospitali\u00e8res \u00e9ditions<\/p>\n<p>2012-376p.-42\u20ac<\/p>\n<p>600gr<\/p>\n<p>ISBN\u00a0: 978-2-84874-378-3<\/p>\n<p>Cote doc\u00a0: 7-10-DUG-A<\/p>\n<span class=\"et_bloom_bottom_trigger\"><\/span>","protected":false},"excerpt":{"rendered":"<p>Depuis quinze ans, le droit de la sant\u00e9 est \u00e0 l\u2019honneur dans une rencontre annuelle d\u2019enseignants et de professionnels du droit de la sant\u00e9 : \u00ab Les s\u00e9minaires d\u2019actualit\u00e9 \u00bb qui s\u2019inscrivent dans le programme de l\u2019\u00c9cole europ\u00e9enne d\u2019\u00e9t\u00e9 de droit de la sant\u00e9 et \u00e9thique bio m\u00e9dicale soutenu dans le cadre du Campus d\u2019\u00e9t\u00e9 par le minist\u00e8re de l\u2019Enseignement sup\u00e9rieur et de la Recherche.<\/p>\n","protected":false},"featured_media":1721,"comment_status":"open","ping_status":"closed","template":"","meta":{"_et_pb_use_builder":"","_et_pb_old_content":"","_et_gb_content_width":"","spay_email":""},"class_list":["post-210","product","type-product","status-publish","has-post-thumbnail","hentry","product_cat-livres","product_tag-acces-aux-soins","product_tag-bioethique","product_tag-confidentialite","product_tag-deficience-intellectuelle","product_tag-droit-a-la-sante","product_tag-droit-de-la-sante","product_tag-droits-du-patient","product_tag-enfant","product_tag-organisation","product_tag-personne-agee"],"jetpack_sharing_enabled":true,"jetpack_likes_enabled":true,"_links":{"self":[{"href":"https:\/\/www.parthages.be\/eboutique\/wp-json\/wp\/v2\/product\/210","targetHints":{"allow":["GET"]}}],"collection":[{"href":"https:\/\/www.parthages.be\/eboutique\/wp-json\/wp\/v2\/product"}],"about":[{"href":"https:\/\/www.parthages.be\/eboutique\/wp-json\/wp\/v2\/types\/product"}],"replies":[{"embeddable":true,"href":"https:\/\/www.parthages.be\/eboutique\/wp-json\/wp\/v2\/comments?post=210"}],"wp:featuredmedia":[{"embeddable":true,"href":"https:\/\/www.parthages.be\/eboutique\/wp-json\/wp\/v2\/media\/1721"}],"wp:attachment":[{"href":"https:\/\/www.parthages.be\/eboutique\/wp-json\/wp\/v2\/media?parent=210"}],"curies":[{"name":"wp","href":"https:\/\/api.w.org\/{rel}","templated":true}]}}