{"id":214,"date":"2012-09-24T11:37:53","date_gmt":"2012-09-24T09:37:53","guid":{"rendered":"https:\/\/www.parthages.be\/wordpress\/produit\/la-territorialisation-des-politiques-de-sante\/"},"modified":"2021-09-06T16:18:54","modified_gmt":"2021-09-06T14:18:54","slug":"la-territorialisation-des-politiques-de-sante","status":"publish","type":"product","link":"https:\/\/www.parthages.be\/eboutique\/produit\/la-territorialisation-des-politiques-de-sante\/","title":{"rendered":"La territorialisation des politiques de sant\u00e9"},"content":{"rendered":"<p>La territorialisation des politiques de sant\u00e9 est une approche d\u2019une politique publique qui d\u00e9termine un territoire pour l\u2019analyse des besoins de sant\u00e9 et de l\u2019offre sanitaire et un lieu de pouvoir dot\u00e9 d\u2019une certaine autonomie.<\/p>\n<p>Le projet de recherche sur ce th\u00e8me s\u2019inscrit dans un projet plus large lanc\u00e9 en 2010 portant sur la territorialisation des politiques publiques en Europe, qui lui-m\u00eame s\u2019inscrit dans la th\u00e9matique prioritaire r\u00e9gionale \u00ab Europe des r\u00e9gions, Europe des r\u00e9seaux \u00bb. Soutenu par le conseil r\u00e9gional d\u2019Aquitaine et pr\u00e9sent\u00e9 par la Maison des Sciences de l\u2019Homme d\u2019Aquitaine, ce travail collectif est port\u00e9 par le Centre d\u2019\u00e9tude et de recherche sur le droit administratif et la r\u00e9forme de l\u2019\u00c9tat (CERDARE) de l\u2019universit\u00e9 Montesquieu-Bordeaux IV et associe plusieurs centres de recherche bordelais qui ont vocation \u00e0 travailler ensemble dans une perspective transnationale et comparatiste. Il s\u2019agit de r\u00e9fl\u00e9chir sur les transformations de l\u2019action publique en Europe, et la territorialisation des politiques de sant\u00e9 est une des approches sectorielles d\u00e9clin\u00e9es dans ce projet.<\/p>\n<p>Relativement r\u00e9cente, cette mani\u00e8re de concevoir la politique de sant\u00e9 a d\u00e9j\u00e0 fait l\u2019objet de nombreuses \u00e9tudes, et le premier d\u00e9fi de la r\u00e9flexion est de s\u2019inscrire dans une d\u00e9marche originale, comparatiste : l\u2019analyse porte sur les transformations juridiques des cadres territoriaux de l\u2019action sanitaire en France, mais aussi dans d\u2019autres \u00c9tats membres de l\u2019Union europ\u00e9enne (Angleterre et Espagne).<\/p>\n<p>La journ\u00e9e d\u2019\u00e9tude a donn\u00e9 l\u2019occasion \u00e0 des universitaires et des acteurs de sant\u00e9 d\u2019alimenter la r\u00e9flexion doctrinale sur la territorialisation et le territoire pertinent \u00e0 la lumi\u00e8re des sp\u00e9cificit\u00e9s des contextes politiques et administratifs, nationaux et locaux dans lesquels s\u2019inscrit ce mouvement.(Pr\u00e9sentation de l\u2019\u00e9diteur)<\/p>\n<p>CASTAING C.<\/p>\n<p>Les \u00e9tudes hospitali\u00e8res \u00e9ditions<\/p>\n<p>2012-200p.-42\u20ac<\/p>\n<p>330gr<\/p>\n<p>ISBN\u00a0: 978-2-84874-369-1<\/p>\n<p>Cote doc\u00a0: 7-10-CAS-T<\/p>\n<span class=\"et_bloom_bottom_trigger\"><\/span>","protected":false},"excerpt":{"rendered":"<p>La territorialisation des politiques de sant\u00e9 est une approche d\u2019une politique publique qui d\u00e9termine un territoire pour l\u2019analyse des besoins de sant\u00e9 et de l\u2019offre sanitaire et un lieu de pouvoir dot\u00e9 d\u2019une certaine autonomie.<\/p>\n","protected":false},"featured_media":1735,"comment_status":"open","ping_status":"closed","template":"","meta":{"_et_pb_use_builder":"","_et_pb_old_content":"","_et_gb_content_width":"","spay_email":""},"class_list":["post-214","product","type-product","status-publish","has-post-thumbnail","hentry","product_cat-livres","product_tag-analyse","product_tag-politique-de-sante","product_tag-reflexion","product_tag-sante-publique","product_tag-union-europeenne"],"jetpack_sharing_enabled":true,"jetpack_likes_enabled":true,"_links":{"self":[{"href":"https:\/\/www.parthages.be\/eboutique\/wp-json\/wp\/v2\/product\/214","targetHints":{"allow":["GET"]}}],"collection":[{"href":"https:\/\/www.parthages.be\/eboutique\/wp-json\/wp\/v2\/product"}],"about":[{"href":"https:\/\/www.parthages.be\/eboutique\/wp-json\/wp\/v2\/types\/product"}],"replies":[{"embeddable":true,"href":"https:\/\/www.parthages.be\/eboutique\/wp-json\/wp\/v2\/comments?post=214"}],"wp:featuredmedia":[{"embeddable":true,"href":"https:\/\/www.parthages.be\/eboutique\/wp-json\/wp\/v2\/media\/1735"}],"wp:attachment":[{"href":"https:\/\/www.parthages.be\/eboutique\/wp-json\/wp\/v2\/media?parent=214"}],"curies":[{"name":"wp","href":"https:\/\/api.w.org\/{rel}","templated":true}]}}