{"id":2154,"date":"2021-11-15T15:24:22","date_gmt":"2021-11-15T14:24:22","guid":{"rendered":"https:\/\/www.parthages.be\/eboutique\/?post_type=product&#038;p=2154"},"modified":"2021-11-15T15:24:23","modified_gmt":"2021-11-15T14:24:23","slug":"le-travail-deducateur-specialise-ethique-et-pratique","status":"publish","type":"product","link":"https:\/\/www.parthages.be\/eboutique\/produit\/le-travail-deducateur-specialise-ethique-et-pratique\/","title":{"rendered":"Le travail d&rsquo;\u00e9ducateur sp\u00e9cialis\u00e9 : \u00e9thique et pratique"},"content":{"rendered":"<p>L\u2019\u00e9ducation sp\u00e9cialis\u00e9e semble en panne. Plac\u00e9s aux avant-postes de la crise sociale, les \u00e9ducateurs sont souvent d\u00e9boussol\u00e9s. Consommateurs parfois passifs d\u2019une culture \u00e9clat\u00e9e, ex\u00e9cutants de politiques sociales de plus en plus disparates,<br \/>\nils s\u2019interrogent sur le sens de leurs actes et se demandent de quelle fa\u00e7on accomplir au mieux leur mission.<br \/>\nDans un tel contexte de crise, Joseph Rouzel pr\u00f4ne un retour \u00e0 la source vive du m\u00e9tier : la clinique de la relation \u00e9ducative. Il affirme que les \u00e9ducateurs ont d\u00e9velopp\u00e9 aupr\u00e8s des exclus du syst\u00e8me un savoir-faire in\u00e9galable et qu\u2019\u00e0 c\u00f4toyer chaque jour la souffrance et le mal de vivre, ils ont acquis un savoir sur l\u2019humain qu\u2019il est temps de mettre en forme et de faire conna\u00eetre. (Pr\u00e9sentation de l\u2019\u00e9diteur)<\/p>\n<p>ROUZEL J.<\/p>\n<p>Dunod<\/p>\n<p>2000-201p.<\/p>\n<p>ISBN\u00a0: 2-10-005191-1<\/p>\n<p>Cote doc: 4-50-ROU-T<\/p>\n<p><strong><em>Uniquement \u00e0 la location<\/em><\/strong><\/p>\n<span class=\"et_bloom_bottom_trigger\"><\/span>","protected":false},"excerpt":{"rendered":"<p>L\u2019\u00e9ducation sp\u00e9cialis\u00e9e semble en panne. Plac\u00e9s aux avant-postes de la crise sociale, les \u00e9ducateurs sont souvent d\u00e9boussol\u00e9s.<\/p>\n","protected":false},"featured_media":2155,"comment_status":"closed","ping_status":"closed","template":"","meta":{"_et_pb_use_builder":"","_et_pb_old_content":"","_et_gb_content_width":"","spay_email":""},"class_list":["post-2154","product","type-product","status-publish","has-post-thumbnail","hentry","product_cat-livres","product_tag-accompagnement","product_tag-action-sociale","product_tag-aide","product_tag-crise-sociale","product_tag-ecoute","product_tag-educateur","product_tag-ethique","product_tag-formateur","product_tag-france","product_tag-personne-handicapee","product_tag-pratique","product_tag-psychanalyse","product_tag-role","product_tag-savoir","product_tag-sens","product_tag-souffrance","product_tag-travailleur-social"],"jetpack_sharing_enabled":true,"jetpack_likes_enabled":true,"_links":{"self":[{"href":"https:\/\/www.parthages.be\/eboutique\/wp-json\/wp\/v2\/product\/2154","targetHints":{"allow":["GET"]}}],"collection":[{"href":"https:\/\/www.parthages.be\/eboutique\/wp-json\/wp\/v2\/product"}],"about":[{"href":"https:\/\/www.parthages.be\/eboutique\/wp-json\/wp\/v2\/types\/product"}],"replies":[{"embeddable":true,"href":"https:\/\/www.parthages.be\/eboutique\/wp-json\/wp\/v2\/comments?post=2154"}],"wp:featuredmedia":[{"embeddable":true,"href":"https:\/\/www.parthages.be\/eboutique\/wp-json\/wp\/v2\/media\/2155"}],"wp:attachment":[{"href":"https:\/\/www.parthages.be\/eboutique\/wp-json\/wp\/v2\/media?parent=2154"}],"curies":[{"name":"wp","href":"https:\/\/api.w.org\/{rel}","templated":true}]}}