{"id":2164,"date":"2021-11-16T08:02:48","date_gmt":"2021-11-16T07:02:48","guid":{"rendered":"https:\/\/www.parthages.be\/eboutique\/?post_type=product&#038;p=2164"},"modified":"2021-11-16T08:03:11","modified_gmt":"2021-11-16T07:03:11","slug":"instruments-devaluation-pour-soutenir-laction-educative","status":"publish","type":"product","link":"https:\/\/www.parthages.be\/eboutique\/produit\/instruments-devaluation-pour-soutenir-laction-educative\/","title":{"rendered":"Instruments d&rsquo;\u00e9valuation pour soutenir l&rsquo;action \u00e9ducative"},"content":{"rendered":"<p>Le champ de l\u2019\u00e9ducation sp\u00e9cialis\u00e9e dispose d\u2019un ensemble d\u2019instruments permettant l\u2019\u00e9valuation dans l\u2019action \u00e9ducative. Ces instruments servent \u00e0 d\u00e9terminer la pertinence d\u2019une intervention, \u00e0 observer le d\u00e9roulement en mesurer les effets.<\/p>\n<p>L\u2019objectif de cet ouvrage est d\u2019offrir aux \u00e9ducateurs sp\u00e9cialis\u00e9s une s\u00e9lection d\u2019instruments d\u2019\u00e9valuation reconnus pour leur utilit\u00e9, leur fiabilit\u00e9 et leur accessibilit\u00e9. Ces instruments, tous en langue fran\u00e7aise, sont regroup\u00e9s en diff\u00e9rents domaines ayant trait au fonctionnement des personnes ou des institutions. (Pr\u00e9sentation de l\u2019\u00e9diteur)<\/p>\n<p>PIERART G.- CAPPELLI M.- TORNAY J.<\/p>\n<p>Edition SZH\/SPC<\/p>\n<p>2005-103p<\/p>\n<p>ISBN: 3-908262-59-3<\/p>\n<p>Cote doc\u00a0:\u00a04-50-PIE-I<\/p>\n<p><strong><em>Uniquement \u00e0 la location<\/em><\/strong><\/p>\n<span class=\"et_bloom_bottom_trigger\"><\/span>","protected":false},"excerpt":{"rendered":"<p>Le champ de l\u2019\u00e9ducation sp\u00e9cialis\u00e9e dispose d\u2019un ensemble d\u2019instruments permettant l\u2019\u00e9valuation dans l\u2019action \u00e9ducative.<\/p>\n","protected":false},"featured_media":2165,"comment_status":"closed","ping_status":"closed","template":"","meta":{"_et_pb_use_builder":"","_et_pb_old_content":"","_et_gb_content_width":"","spay_email":""},"class_list":["post-2164","product","type-product","status-publish","has-post-thumbnail","hentry","product_cat-livres","product_tag-autisme","product_tag-communication","product_tag-deficience-intellectuelle","product_tag-developpement-psychomoteur","product_tag-diagnostic","product_tag-educateur","product_tag-enseignant","product_tag-institution","product_tag-outil-devaluation","product_tag-parent","product_tag-qualite-de-vie","product_tag-suisse","product_tag-trisomie-21","product_tag-trouble-de-lapprentissage","product_tag-trouble-de-lattention"],"jetpack_sharing_enabled":true,"jetpack_likes_enabled":true,"_links":{"self":[{"href":"https:\/\/www.parthages.be\/eboutique\/wp-json\/wp\/v2\/product\/2164","targetHints":{"allow":["GET"]}}],"collection":[{"href":"https:\/\/www.parthages.be\/eboutique\/wp-json\/wp\/v2\/product"}],"about":[{"href":"https:\/\/www.parthages.be\/eboutique\/wp-json\/wp\/v2\/types\/product"}],"replies":[{"embeddable":true,"href":"https:\/\/www.parthages.be\/eboutique\/wp-json\/wp\/v2\/comments?post=2164"}],"wp:featuredmedia":[{"embeddable":true,"href":"https:\/\/www.parthages.be\/eboutique\/wp-json\/wp\/v2\/media\/2165"}],"wp:attachment":[{"href":"https:\/\/www.parthages.be\/eboutique\/wp-json\/wp\/v2\/media?parent=2164"}],"curies":[{"name":"wp","href":"https:\/\/api.w.org\/{rel}","templated":true}]}}