{"id":2172,"date":"2021-11-16T08:06:34","date_gmt":"2021-11-16T07:06:34","guid":{"rendered":"https:\/\/www.parthages.be\/eboutique\/?post_type=product&#038;p=2172"},"modified":"2022-03-23T17:30:33","modified_gmt":"2022-03-23T16:30:33","slug":"livre-blanc-accueil-de-lenfant-malade-chronique-ou-handicape-a-lecole","status":"publish","type":"product","link":"https:\/\/www.parthages.be\/eboutique\/produit\/livre-blanc-accueil-de-lenfant-malade-chronique-ou-handicape-a-lecole\/","title":{"rendered":"Livre blanc : accueil de l&rsquo;enfant malade chronique ou handicap\u00e9 \u00e0 l&rsquo;\u00e9cole"},"content":{"rendered":"<p>L&rsquo;\u00e9cole doit remplir, le mieux possible, sa mission d&rsquo;\u00e9ducation et d&rsquo;accueil de tous les enfants et en particulier des enfants en difficult\u00e9s; donc, \u00e9galement de ceux atteints de troubles de sant\u00e9. Ces enfants m\u00e9ritent, de part les difficult\u00e9s inh\u00e9rentes \u00e0 leur pathologie ou leur handicap, une approche personnalis\u00e9e et diff\u00e9renci\u00e9e. Les auteurs plaident pour qu&rsquo;un projet d&rsquo;accueil individualis\u00e9 (PAI) soit mis au point, chaque fois que la famille en fait la demande aupr\u00e8s du pouvoir organisateur.<\/p>\n<p>Maladies chroniques: allergie et asthme, arthrite chronique juv\u00e9nile, cancer, cardiopathie cong\u00e9nitale, \u00e9pilepsie, insuffisance r\u00e9nale, intol\u00e9rance au gluten, maladie de Crohn, mucoviscidose, ost\u00e9ogen\u00e8se imparfaite, infection VIH et SIDA&#8230;<\/p>\n<p>Handicaps: IMC, trisomie 21, handicaps visuels&#8230;..<\/p>\n<p>LIGUE DES DROITS DE L&rsquo;ENFANT<\/p>\n<p>COMMUNAUTE FRANCAISE DE BELGIQUE<\/p>\n<p>2004-112p.<\/p>\n<p>Cote doc\u00a0: 4-50-LDE-L<\/p>\n<p><strong><em>Uniquement \u00e0 la location<\/em><\/strong><\/p>\n<span class=\"et_bloom_bottom_trigger\"><\/span>","protected":false},"excerpt":{"rendered":"<p>L&rsquo;\u00e9cole doit remplir, le mieux possible, sa mission d&rsquo;\u00e9ducation et d&rsquo;accueil de tous les enfants et en particulier des enfants en difficult\u00e9s; donc, \u00e9galement de ceux atteints de troubles de sant\u00e9.<\/p>\n","protected":false},"featured_media":2173,"comment_status":"closed","ping_status":"closed","template":"","meta":{"_et_pb_use_builder":"","_et_pb_old_content":"","_et_gb_content_width":"","spay_email":""},"class_list":["post-2172","product","type-product","status-publish","has-post-thumbnail","hentry","product_cat-livres","product_tag-accueil","product_tag-ecole","product_tag-enfant-handicape","product_tag-handicap","product_tag-integration-scolaire","product_tag-maladie","product_tag-milieu-ordinaire","product_tag-mort","product_tag-outil-dinformation"],"jetpack_sharing_enabled":true,"jetpack_likes_enabled":true,"_links":{"self":[{"href":"https:\/\/www.parthages.be\/eboutique\/wp-json\/wp\/v2\/product\/2172","targetHints":{"allow":["GET"]}}],"collection":[{"href":"https:\/\/www.parthages.be\/eboutique\/wp-json\/wp\/v2\/product"}],"about":[{"href":"https:\/\/www.parthages.be\/eboutique\/wp-json\/wp\/v2\/types\/product"}],"replies":[{"embeddable":true,"href":"https:\/\/www.parthages.be\/eboutique\/wp-json\/wp\/v2\/comments?post=2172"}],"wp:featuredmedia":[{"embeddable":true,"href":"https:\/\/www.parthages.be\/eboutique\/wp-json\/wp\/v2\/media\/2173"}],"wp:attachment":[{"href":"https:\/\/www.parthages.be\/eboutique\/wp-json\/wp\/v2\/media?parent=2172"}],"curies":[{"name":"wp","href":"https:\/\/api.w.org\/{rel}","templated":true}]}}